{"id":10470,"date":"2024-06-13T10:57:11","date_gmt":"2024-06-13T08:57:11","guid":{"rendered":"https:\/\/sviluppo.ferrari-associati.com\/wp\/compartiment-elevateur-double-avec-preparation-supplementaire\/"},"modified":"2026-01-02T19:10:57","modified_gmt":"2026-01-02T17:10:57","slug":"compartiment-elevateur-double-avec-preparation-supplementaire","status":"publish","type":"page","link":"https:\/\/ferrari-associati.com\/fr\/projets-executes\/compartiment-elevateur-double-avec-preparation-supplementaire\/","title":{"rendered":"Cage d&rsquo;Ascenseur Duplex avec Pr\u00e9disposition Suppl\u00e9mentaire"},"content":{"rendered":"<p><div class=\"fusion-fullwidth fullwidth-box fusion-builder-row-1 fusion-flex-container has-mask-background moving-background nonhundred-percent-fullwidth hundred-percent-height hundred-percent-height-center-content non-hundred-percent-height-scrolling\" style=\"--awb-border-radius-top-left:0px;--awb-border-radius-top-right:0px;--awb-border-radius-bottom-right:0px;--awb-border-radius-bottom-left:0px;--awb-padding-top:0px;--awb-padding-bottom:0px;--awb-padding-top-medium:80px;--awb-padding-bottom-medium:80px;--awb-padding-top-small:30px;--awb-padding-bottom-small:30px;--awb-background-color:var(--awb-color7);--awb-flex-wrap:wrap;\" ><div class=\"fusion-builder-row fusion-row fusion-flex-align-items-center fusion-flex-align-content-center fusion-flex-content-wrap\" style=\"max-width:1320.8px;margin-left: calc(-4% \/ 2 );margin-right: calc(-4% \/ 2 );\"><div class=\"fusion-layout-column fusion_builder_column fusion-builder-column-0 fusion_builder_column_1_1 1_1 fusion-flex-column\" style=\"--awb-bg-size:cover;--awb-width-large:100%;--awb-margin-top-large:25px;--awb-spacing-right-large:1.92%;--awb-margin-bottom-large:25px;--awb-spacing-left-large:1.92%;--awb-width-medium:100%;--awb-order-medium:0;--awb-spacing-right-medium:1.92%;--awb-spacing-left-medium:1.92%;--awb-width-small:100%;--awb-order-small:0;--awb-spacing-right-small:1.92%;--awb-spacing-left-small:1.92%;\"><div class=\"fusion-column-wrapper fusion-column-has-shadow fusion-flex-justify-content-flex-start fusion-content-layout-column\"><div class=\"fusion-title title fusion-title-1 fusion-sep-none fusion-title-center fusion-title-text fusion-title-size-one\" style=\"--awb-text-color:var(--awb-color1);--awb-margin-bottom-small:24px;--awb-font-size:55px;\"><h1 class=\"fusion-title-heading title-heading-center fusion-responsive-typography-calculated\" style=\"font-family:&#039;Trebuchet MS&#039;, Helvetica, sans-serif;font-style:normal;font-weight:400;margin:0;font-size:1em;text-transform:uppercase;--fontSize:55;line-height:var(--awb-typography1-line-height);text-shadow:2px 2px 4px rgba(0,0,0,0.5);\">Cage d&rsquo;Ascenseur Duplex avec Pr\u00e9disposition Suppl\u00e9mentaire<\/h1><\/div><div class=\"fusion-title title fusion-title-2 fusion-sep-none fusion-title-center fusion-title-text fusion-title-size-two\" style=\"--awb-text-color:var(--awb-color1);--awb-margin-bottom:72px;--awb-margin-bottom-small:24px;--awb-font-size:40px;\"><h2 class=\"fusion-title-heading title-heading-center fusion-responsive-typography-calculated\" style=\"font-family:&#039;Trebuchet MS&#039;, Helvetica, sans-serif;font-style:normal;font-weight:400;margin:0;font-size:1em;text-transform:uppercase;--fontSize:40;line-height:1.26;text-shadow:2px 2px 4px rgba(0,0,0,0.5);\">Project Classic en ex\u00e9cution sp\u00e9ciale<\/h2><\/div><\/div><\/div><\/div><\/div><div class=\"fusion-fullwidth fullwidth-box fusion-builder-row-2 fusion-flex-container has-pattern-background has-mask-background nonhundred-percent-fullwidth non-hundred-percent-height-scrolling\" style=\"--awb-border-radius-top-left:0px;--awb-border-radius-top-right:0px;--awb-border-radius-bottom-right:0px;--awb-border-radius-bottom-left:0px;--awb-padding-top:3%;--awb-flex-wrap:wrap;\" ><div class=\"fusion-builder-row fusion-row fusion-flex-align-items-center fusion-flex-content-wrap\" style=\"max-width:1320.8px;margin-left: calc(-4% \/ 2 );margin-right: calc(-4% \/ 2 );\"><div class=\"fusion-layout-column fusion_builder_column fusion-builder-column-1 fusion_builder_column_1_1 1_1 fusion-flex-column\" style=\"--awb-bg-size:cover;--awb-width-large:100%;--awb-margin-top-large:25px;--awb-spacing-right-large:1.92%;--awb-margin-bottom-large:25px;--awb-spacing-left-large:1.92%;--awb-width-medium:100%;--awb-order-medium:0;--awb-spacing-right-medium:1.92%;--awb-spacing-left-medium:1.92%;--awb-width-small:100%;--awb-order-small:0;--awb-spacing-right-small:1.92%;--awb-spacing-left-small:1.92%;\"><div class=\"fusion-column-wrapper fusion-column-has-shadow fusion-flex-justify-content-flex-start fusion-content-layout-column\"><div class=\"fusion-title title fusion-title-3 fusion-sep-none fusion-title-center fusion-title-text fusion-title-size-three\"><h3 class=\"fusion-title-heading title-heading-center fusion-responsive-typography-calculated\" style=\"font-family:&#039;Trebuchet MS&#039;, Helvetica, sans-serif;font-style:normal;font-weight:400;margin:0;text-transform:uppercase;--fontSize:28;line-height:1.32;\"><b>Cage d&rsquo;Ascenseur Duplex avec Pr\u00e9disposition Suppl\u00e9mentaire<\/b><\/h3><\/div><div class=\"fusion-text fusion-text-1\" style=\"--awb-content-alignment:center;\"><p>\u200dLocalisation <strong>:<\/strong> Castelnuovo Del Garda (VR)<strong>Statut :<\/strong> Achev\u00e9<strong>Produit :<\/strong> Project Classic en ex\u00e9cution sp\u00e9ciale<\/p>\n<\/div><div class=\"fusion-text fusion-text-2\" style=\"--awb-content-alignment:center;--awb-margin-top:10px;\"><p>A proximit\u00e9 du lac de Garde, \u00e0 quelques kilom\u00e8tres de V\u00e9rone, nous avons r\u00e9alis\u00e9 une double cage d&rsquo;ascenseur d&rsquo;une capacit\u00e9 de charge \u00e9lev\u00e9e de 1600 kg &#8211; 21 personnes chacune dans un centre commercial situ\u00e9 dans une zone touristique tr\u00e8s fr\u00e9quent\u00e9e, en pr\u00e9voyant l&rsquo;insertion d&rsquo;un troisi\u00e8me ascenseur d&rsquo;une capacit\u00e9 de charge de 1600 kg &#8211; 21 personnes. La structure a \u00e9t\u00e9 int\u00e9gr\u00e9e \u00e0 un b\u00e2timent en construction, ce qui a n\u00e9cessit\u00e9 la v\u00e9rification et l&rsquo;\u00e9change de donn\u00e9es et de mod\u00e8les 3D avec les concepteurs. Elle a \u00e9t\u00e9 rev\u00eatue en partie de verre ext\u00e9rieur fix\u00e9 par points et en partie de verre encadr\u00e9, reproduisant les syst\u00e8mes \u00e9prouv\u00e9s de nos structures Project Classic et Project Vision. En outre, des profils de main courante ont \u00e9t\u00e9 int\u00e9gr\u00e9s pour assurer la s\u00e9curit\u00e9 dans la zone des grandes fen\u00eatres, qui pourraient \u00eatre remplac\u00e9es ult\u00e9rieurement pour permettre l&rsquo;installation du troisi\u00e8me ascenseur. Le r\u00e9sultat final est une structure fonctionnelle et s\u00fbre, conforme aux directives pour les centres commerciaux, avec d&rsquo;excellentes finitions et parfaitement int\u00e9gr\u00e9e \u00e0 l&rsquo;architecture du centre commercial, pr\u00eate \u00e0 r\u00e9pondre aux besoins d&rsquo;une zone touristique \u00e0 haute densit\u00e9.<br \/>La possibilit\u00e9 d&rsquo;un troisi\u00e8me ascenseur garantit une plus grande flexibilit\u00e9 et une adaptabilit\u00e9 future.<\/p>\n<\/div><\/div><\/div><div class=\"fusion-layout-column fusion_builder_column fusion-builder-column-2 fusion_builder_column_1_1 1_1 fusion-flex-column\" style=\"--awb-bg-size:cover;--awb-width-large:100%;--awb-margin-top-large:25px;--awb-spacing-right-large:1.92%;--awb-margin-bottom-large:25px;--awb-spacing-left-large:1.92%;--awb-width-medium:100%;--awb-order-medium:0;--awb-spacing-right-medium:1.92%;--awb-spacing-left-medium:1.92%;--awb-width-small:100%;--awb-order-small:0;--awb-spacing-right-small:1.92%;--awb-spacing-left-small:1.92%;\"><div class=\"fusion-column-wrapper fusion-column-has-shadow fusion-flex-justify-content-flex-start fusion-content-layout-column\"><div class=\"fusion-image-element \" style=\"--awb-caption-title-font-family:var(--h2_typography-font-family);--awb-caption-title-font-weight:var(--h2_typography-font-weight);--awb-caption-title-font-style:var(--h2_typography-font-style);--awb-caption-title-size:var(--h2_typography-font-size);--awb-caption-title-transform:var(--h2_typography-text-transform);--awb-caption-title-line-height:var(--h2_typography-line-height);--awb-caption-title-letter-spacing:var(--h2_typography-letter-spacing);\"><span class=\" fusion-imageframe imageframe-none imageframe-1 hover-type-none\"><img decoding=\"async\" width=\"2362\" height=\"1636\" title=\"Rendering &#8211; Ecodem Castelnuovo del Garda Ferrari e Associati\" src=\"https:\/\/ferrari-associati.com\/wp-content\/uploads\/2024\/06\/01-Rendering.jpg\" data-orig-src=\"https:\/\/ferrari-associati.com\/wp-content\/uploads\/2024\/06\/01-Rendering.jpg\" alt class=\"lazyload img-responsive wp-image-7037\" srcset=\"data:image\/svg+xml,%3Csvg%20xmlns%3D%27http%3A%2F%2Fwww.w3.org%2F2000%2Fsvg%27%20width%3D%272362%27%20height%3D%271636%27%20viewBox%3D%270%200%202362%201636%27%3E%3Crect%20width%3D%272362%27%20height%3D%271636%27%20fill-opacity%3D%220%22%2F%3E%3C%2Fsvg%3E\" data-srcset=\"https:\/\/ferrari-associati.com\/wp-content\/uploads\/2024\/06\/01-Rendering-200x139.jpg 200w, https:\/\/ferrari-associati.com\/wp-content\/uploads\/2024\/06\/01-Rendering-400x277.jpg 400w, https:\/\/ferrari-associati.com\/wp-content\/uploads\/2024\/06\/01-Rendering-600x416.jpg 600w, https:\/\/ferrari-associati.com\/wp-content\/uploads\/2024\/06\/01-Rendering-800x554.jpg 800w, https:\/\/ferrari-associati.com\/wp-content\/uploads\/2024\/06\/01-Rendering-1200x831.jpg 1200w, https:\/\/ferrari-associati.com\/wp-content\/uploads\/2024\/06\/01-Rendering.jpg 2362w\" data-sizes=\"auto\" data-orig-sizes=\"(max-width: 1024px) 100vw, (max-width: 640px) 100vw, 2362px\" \/><\/span><\/div><\/div><\/div><div class=\"fusion-layout-column fusion_builder_column fusion-builder-column-3 fusion_builder_column_1_2 1_2 fusion-flex-column\" style=\"--awb-bg-size:cover;--awb-width-large:50%;--awb-margin-top-large:25px;--awb-spacing-right-large:3.84%;--awb-margin-bottom-large:25px;--awb-spacing-left-large:3.84%;--awb-width-medium:100%;--awb-order-medium:0;--awb-spacing-right-medium:1.92%;--awb-spacing-left-medium:1.92%;--awb-width-small:100%;--awb-order-small:0;--awb-spacing-right-small:1.92%;--awb-spacing-left-small:1.92%;\"><div class=\"fusion-column-wrapper fusion-column-has-shadow fusion-flex-justify-content-flex-start fusion-content-layout-column\"><div class=\"fusion-image-element \" style=\"--awb-caption-title-font-family:var(--h2_typography-font-family);--awb-caption-title-font-weight:var(--h2_typography-font-weight);--awb-caption-title-font-style:var(--h2_typography-font-style);--awb-caption-title-size:var(--h2_typography-font-size);--awb-caption-title-transform:var(--h2_typography-text-transform);--awb-caption-title-line-height:var(--h2_typography-line-height);--awb-caption-title-letter-spacing:var(--h2_typography-letter-spacing);\"><span class=\" fusion-imageframe imageframe-none imageframe-2 hover-type-none\"><img decoding=\"async\" width=\"2362\" height=\"1670\" title=\"01 Tecnici1\" src=\"https:\/\/ferrari-associati.com\/wp-content\/uploads\/2024\/06\/01-Tecnici1-3.jpg\" data-orig-src=\"https:\/\/ferrari-associati.com\/wp-content\/uploads\/2024\/06\/01-Tecnici1-3.jpg\" alt class=\"lazyload img-responsive wp-image-7042\" srcset=\"data:image\/svg+xml,%3Csvg%20xmlns%3D%27http%3A%2F%2Fwww.w3.org%2F2000%2Fsvg%27%20width%3D%272362%27%20height%3D%271670%27%20viewBox%3D%270%200%202362%201670%27%3E%3Crect%20width%3D%272362%27%20height%3D%271670%27%20fill-opacity%3D%220%22%2F%3E%3C%2Fsvg%3E\" data-srcset=\"https:\/\/ferrari-associati.com\/wp-content\/uploads\/2024\/06\/01-Tecnici1-3-200x141.jpg 200w, https:\/\/ferrari-associati.com\/wp-content\/uploads\/2024\/06\/01-Tecnici1-3-400x283.jpg 400w, https:\/\/ferrari-associati.com\/wp-content\/uploads\/2024\/06\/01-Tecnici1-3-600x424.jpg 600w, https:\/\/ferrari-associati.com\/wp-content\/uploads\/2024\/06\/01-Tecnici1-3-800x566.jpg 800w, https:\/\/ferrari-associati.com\/wp-content\/uploads\/2024\/06\/01-Tecnici1-3-1200x848.jpg 1200w, https:\/\/ferrari-associati.com\/wp-content\/uploads\/2024\/06\/01-Tecnici1-3.jpg 2362w\" data-sizes=\"auto\" data-orig-sizes=\"(max-width: 1024px) 100vw, (max-width: 640px) 100vw, 600px\" \/><\/span><\/div><\/div><\/div><div class=\"fusion-layout-column fusion_builder_column fusion-builder-column-4 fusion_builder_column_1_2 1_2 fusion-flex-column\" style=\"--awb-bg-size:cover;--awb-width-large:50%;--awb-margin-top-large:25px;--awb-spacing-right-large:3.84%;--awb-margin-bottom-large:25px;--awb-spacing-left-large:3.84%;--awb-width-medium:100%;--awb-order-medium:0;--awb-spacing-right-medium:1.92%;--awb-spacing-left-medium:1.92%;--awb-width-small:100%;--awb-order-small:0;--awb-spacing-right-small:1.92%;--awb-spacing-left-small:1.92%;\"><div class=\"fusion-column-wrapper fusion-column-has-shadow fusion-flex-justify-content-flex-start fusion-content-layout-column\"><div class=\"fusion-image-element \" style=\"--awb-caption-title-font-family:var(--h2_typography-font-family);--awb-caption-title-font-weight:var(--h2_typography-font-weight);--awb-caption-title-font-style:var(--h2_typography-font-style);--awb-caption-title-size:var(--h2_typography-font-size);--awb-caption-title-transform:var(--h2_typography-text-transform);--awb-caption-title-line-height:var(--h2_typography-line-height);--awb-caption-title-letter-spacing:var(--h2_typography-letter-spacing);\"><span class=\" fusion-imageframe imageframe-none imageframe-3 hover-type-none\"><img decoding=\"async\" width=\"2362\" height=\"1671\" title=\"01 Tecnici3\" src=\"https:\/\/ferrari-associati.com\/wp-content\/uploads\/2024\/06\/01-Tecnici3-3.jpg\" data-orig-src=\"https:\/\/ferrari-associati.com\/wp-content\/uploads\/2024\/06\/01-Tecnici3-3.jpg\" alt class=\"lazyload img-responsive wp-image-7047\" srcset=\"data:image\/svg+xml,%3Csvg%20xmlns%3D%27http%3A%2F%2Fwww.w3.org%2F2000%2Fsvg%27%20width%3D%272362%27%20height%3D%271671%27%20viewBox%3D%270%200%202362%201671%27%3E%3Crect%20width%3D%272362%27%20height%3D%271671%27%20fill-opacity%3D%220%22%2F%3E%3C%2Fsvg%3E\" data-srcset=\"https:\/\/ferrari-associati.com\/wp-content\/uploads\/2024\/06\/01-Tecnici3-3-200x141.jpg 200w, https:\/\/ferrari-associati.com\/wp-content\/uploads\/2024\/06\/01-Tecnici3-3-400x283.jpg 400w, https:\/\/ferrari-associati.com\/wp-content\/uploads\/2024\/06\/01-Tecnici3-3-600x424.jpg 600w, https:\/\/ferrari-associati.com\/wp-content\/uploads\/2024\/06\/01-Tecnici3-3-800x566.jpg 800w, https:\/\/ferrari-associati.com\/wp-content\/uploads\/2024\/06\/01-Tecnici3-3-1200x849.jpg 1200w, https:\/\/ferrari-associati.com\/wp-content\/uploads\/2024\/06\/01-Tecnici3-3.jpg 2362w\" data-sizes=\"auto\" data-orig-sizes=\"(max-width: 1024px) 100vw, (max-width: 640px) 100vw, 600px\" \/><\/span><\/div><\/div><\/div><div class=\"fusion-layout-column fusion_builder_column fusion-builder-column-5 fusion_builder_column_1_1 1_1 fusion-flex-column\" style=\"--awb-bg-size:cover;--awb-width-large:100%;--awb-margin-top-large:25px;--awb-spacing-right-large:1.92%;--awb-margin-bottom-large:25px;--awb-spacing-left-large:1.92%;--awb-width-medium:100%;--awb-order-medium:0;--awb-spacing-right-medium:1.92%;--awb-spacing-left-medium:1.92%;--awb-width-small:100%;--awb-order-small:0;--awb-spacing-right-small:1.92%;--awb-spacing-left-small:1.92%;\"><div class=\"fusion-column-wrapper fusion-column-has-shadow fusion-flex-justify-content-flex-start fusion-content-layout-column\"><div class=\"fusion-image-element \" style=\"--awb-caption-title-font-family:var(--h2_typography-font-family);--awb-caption-title-font-weight:var(--h2_typography-font-weight);--awb-caption-title-font-style:var(--h2_typography-font-style);--awb-caption-title-size:var(--h2_typography-font-size);--awb-caption-title-transform:var(--h2_typography-text-transform);--awb-caption-title-line-height:var(--h2_typography-line-height);--awb-caption-title-letter-spacing:var(--h2_typography-letter-spacing);\"><span class=\" fusion-imageframe imageframe-none imageframe-4 hover-type-none\"><img decoding=\"async\" width=\"3319\" height=\"413\" title=\"00 Vano Duplex\" src=\"https:\/\/ferrari-associati.com\/wp-content\/uploads\/2024\/06\/00-Vano-Duplex.png\" data-orig-src=\"https:\/\/ferrari-associati.com\/wp-content\/uploads\/2024\/06\/00-Vano-Duplex.png\" alt class=\"lazyload img-responsive wp-image-7032\" srcset=\"data:image\/svg+xml,%3Csvg%20xmlns%3D%27http%3A%2F%2Fwww.w3.org%2F2000%2Fsvg%27%20width%3D%273319%27%20height%3D%27413%27%20viewBox%3D%270%200%203319%20413%27%3E%3Crect%20width%3D%273319%27%20height%3D%27413%27%20fill-opacity%3D%220%22%2F%3E%3C%2Fsvg%3E\" data-srcset=\"https:\/\/ferrari-associati.com\/wp-content\/uploads\/2024\/06\/00-Vano-Duplex-200x25.png 200w, https:\/\/ferrari-associati.com\/wp-content\/uploads\/2024\/06\/00-Vano-Duplex-400x50.png 400w, https:\/\/ferrari-associati.com\/wp-content\/uploads\/2024\/06\/00-Vano-Duplex-600x75.png 600w, https:\/\/ferrari-associati.com\/wp-content\/uploads\/2024\/06\/00-Vano-Duplex-800x100.png 800w, https:\/\/ferrari-associati.com\/wp-content\/uploads\/2024\/06\/00-Vano-Duplex-1200x149.png 1200w, https:\/\/ferrari-associati.com\/wp-content\/uploads\/2024\/06\/00-Vano-Duplex.png 3319w\" data-sizes=\"auto\" data-orig-sizes=\"(max-width: 1024px) 100vw, (max-width: 640px) 100vw, 3319px\" \/><\/span><\/div><\/div><\/div><div class=\"fusion-layout-column fusion_builder_column fusion-builder-column-6 fusion_builder_column_1_1 1_1 fusion-flex-column\" style=\"--awb-bg-size:cover;--awb-width-large:100%;--awb-margin-top-large:25px;--awb-spacing-right-large:1.92%;--awb-margin-bottom-large:25px;--awb-spacing-left-large:1.92%;--awb-width-medium:100%;--awb-order-medium:0;--awb-spacing-right-medium:1.92%;--awb-spacing-left-medium:1.92%;--awb-width-small:100%;--awb-order-small:0;--awb-spacing-right-small:1.92%;--awb-spacing-left-small:1.92%;\"><div class=\"fusion-column-wrapper fusion-column-has-shadow fusion-flex-justify-content-flex-start fusion-content-layout-column\"><div class=\"accordian fusion-accordian\" style=\"--awb-border-size:1px;--awb-icon-size:16px;--awb-content-font-size:var(--awb-typography4-font-size);--awb-icon-alignment:left;--awb-hover-color:var(--awb-color2);--awb-border-color:var(--awb-color3);--awb-background-color:var(--awb-color1);--awb-divider-color:var(--awb-color3);--awb-divider-hover-color:var(--awb-color3);--awb-icon-color:var(--awb-color1);--awb-title-color:var(--awb-color8);--awb-content-color:var(--awb-custom_color_1);--awb-icon-box-color:var(--awb-color8);--awb-toggle-hover-accent-color:rgba(79,146,168,0.99);--awb-title-font-family:&#039;Trebuchet MS&#039;, Helvetica, sans-serif;--awb-title-font-weight:var(--awb-typography1);--awb-title-font-style:normal;--awb-title-font-size:16px;--awb-title-line-height:1.34;--awb-content-font-family:&#039;Trebuchet MS&#039;, Helvetica, sans-serif;--awb-content-font-style:normal;--awb-content-font-weight:400;\"><div class=\"panel-group fusion-toggle-icon-boxed\" id=\"accordion-10470-1\"><div class=\"fusion-panel panel-default panel-d7807feff51bbfa7c fusion-toggle-no-divider fusion-toggle-boxed-mode\"><div class=\"panel-heading\"><h4 class=\"panel-title toggle\" id=\"toggle_d7807feff51bbfa7c\"><a aria-expanded=\"false\" aria-controls=\"d7807feff51bbfa7c\" role=\"button\" data-toggle=\"collapse\" data-parent=\"#accordion-10470-1\" data-target=\"#d7807feff51bbfa7c\" href=\"#d7807feff51bbfa7c\"><span class=\"fusion-toggle-icon-wrapper\" aria-hidden=\"true\"><i class=\"fa-fusion-box active-icon awb-icon-minus\" aria-hidden=\"true\"><\/i><i class=\"fa-fusion-box inactive-icon awb-icon-plus\" aria-hidden=\"true\"><\/i><\/span><span class=\"fusion-toggle-heading\">Planification et collaboration<\/span><\/a><\/h4><\/div><div id=\"d7807feff51bbfa7c\" class=\"panel-collapse collapse \" aria-labelledby=\"toggle_d7807feff51bbfa7c\"><div class=\"panel-body toggle-content fusion-clearfix\">\n<p>La phase initiale du projet a \u00e9t\u00e9 marqu\u00e9e par une \u00e9troite collaboration avec les concepteurs du b\u00e2timent, qui est encore en construction. Cette synergie a n\u00e9cessit\u00e9 la v\u00e9rification et l&rsquo;\u00e9change de donn\u00e9es et de mod\u00e8les 3D afin de garantir que chaque composant s&rsquo;int\u00e8gre parfaitement \u00e0 la conception globale du b\u00e2timent. Une planification d\u00e9taill\u00e9e a permis d&rsquo;identifier et de r\u00e9soudre \u00e0 temps les probl\u00e8mes structurels ou de compatibilit\u00e9.<\/p>\n<\/div><\/div><\/div><div class=\"fusion-panel panel-default panel-fda6b105e9984fd72 fusion-toggle-no-divider fusion-toggle-boxed-mode\"><div class=\"panel-heading\"><h4 class=\"panel-title toggle\" id=\"toggle_fda6b105e9984fd72\"><a aria-expanded=\"false\" aria-controls=\"fda6b105e9984fd72\" role=\"button\" data-toggle=\"collapse\" data-parent=\"#accordion-10470-1\" data-target=\"#fda6b105e9984fd72\" href=\"#fda6b105e9984fd72\"><span class=\"fusion-toggle-icon-wrapper\" aria-hidden=\"true\"><i class=\"fa-fusion-box active-icon awb-icon-minus\" aria-hidden=\"true\"><\/i><i class=\"fa-fusion-box inactive-icon awb-icon-plus\" aria-hidden=\"true\"><\/i><\/span><span class=\"fusion-toggle-heading\">Mise en \u0153uvre structurelle<\/span><\/a><\/h4><\/div><div id=\"fda6b105e9984fd72\" class=\"panel-collapse collapse \" aria-labelledby=\"toggle_fda6b105e9984fd72\"><div class=\"panel-body toggle-content fusion-clearfix\">\n<p>La structure a \u00e9t\u00e9 construite en utilisant une combinaison de verre ext\u00e9rieur fix\u00e9 par points et de verre encadr\u00e9, reproduisant les syst\u00e8mes largement \u00e9prouv\u00e9s de nos structures Project Classic et Project Vision. Cette solution a permis d&rsquo;assurer \u00e0 la fois une esth\u00e9tique moderne et une robustesse structurelle. L&rsquo;utilisation du verre a \u00e9galement permis de maintenir une transparence et une luminosit\u00e9 optimales, caract\u00e9ristiques fondamentales pour une int\u00e9gration harmonieuse avec l&rsquo;architecture du centre commercial.<\/p>\n<\/div><\/div><\/div><div class=\"fusion-panel panel-default panel-5edc0c3ad159817a2 fusion-toggle-no-divider fusion-toggle-boxed-mode\"><div class=\"panel-heading\"><h4 class=\"panel-title toggle\" id=\"toggle_5edc0c3ad159817a2\"><a aria-expanded=\"false\" aria-controls=\"5edc0c3ad159817a2\" role=\"button\" data-toggle=\"collapse\" data-parent=\"#accordion-10470-1\" data-target=\"#5edc0c3ad159817a2\" href=\"#5edc0c3ad159817a2\"><span class=\"fusion-toggle-icon-wrapper\" aria-hidden=\"true\"><i class=\"fa-fusion-box active-icon awb-icon-minus\" aria-hidden=\"true\"><\/i><i class=\"fa-fusion-box inactive-icon awb-icon-plus\" aria-hidden=\"true\"><\/i><\/span><span class=\"fusion-toggle-heading\">S\u00e9curit\u00e9 et flexibilit\u00e9<\/span><\/a><\/h4><\/div><div id=\"5edc0c3ad159817a2\" class=\"panel-collapse collapse \" aria-labelledby=\"toggle_5edc0c3ad159817a2\"><div class=\"panel-body toggle-content fusion-clearfix\">\n<p>Pour assurer la s\u00e9curit\u00e9 des utilisateurs, des profils de main courante ont \u00e9t\u00e9 int\u00e9gr\u00e9s dans les zones dot\u00e9es de grandes fen\u00eatres. Ces mains courantes ont non seulement fourni la protection n\u00e9cessaire, mais elles ont \u00e9galement \u00e9t\u00e9 con\u00e7ues pour \u00eatre facilement rempla\u00e7ables si l&rsquo;on d\u00e9cidait d&rsquo;installer le troisi\u00e8me ascenseur. La possibilit\u00e9 d&rsquo;un troisi\u00e8me ascenseur, avec la m\u00eame charge nominale de 1600 kg et 21 personnes, a \u00e9t\u00e9 pr\u00e9vue d\u00e8s le d\u00e9part pour r\u00e9pondre aux besoins futurs d&rsquo;augmentation du nombre de visiteurs.<\/p>\n<\/div><\/div><\/div><div class=\"fusion-panel panel-default panel-0262bfaffa6675d57 fusion-toggle-no-divider fusion-toggle-boxed-mode\"><div class=\"panel-heading\"><h4 class=\"panel-title toggle\" id=\"toggle_0262bfaffa6675d57\"><a aria-expanded=\"false\" aria-controls=\"0262bfaffa6675d57\" role=\"button\" data-toggle=\"collapse\" data-parent=\"#accordion-10470-1\" data-target=\"#0262bfaffa6675d57\" href=\"#0262bfaffa6675d57\"><span class=\"fusion-toggle-icon-wrapper\" aria-hidden=\"true\"><i class=\"fa-fusion-box active-icon awb-icon-minus\" aria-hidden=\"true\"><\/i><i class=\"fa-fusion-box inactive-icon awb-icon-plus\" aria-hidden=\"true\"><\/i><\/span><span class=\"fusion-toggle-heading\">R\u00e9sultat final<\/span><\/a><\/h4><\/div><div id=\"0262bfaffa6675d57\" class=\"panel-collapse collapse \" aria-labelledby=\"toggle_0262bfaffa6675d57\"><div class=\"panel-body toggle-content fusion-clearfix\">\n<p>Le r\u00e9sultat final est une structure fonctionnelle et s\u00fbre qui respecte pleinement les directives relatives aux centres commerciaux. L&rsquo;excellence des finitions et l&rsquo;int\u00e9gration parfaite \u00e0 l&rsquo;architecture du centre commercial ont permis d&rsquo;obtenir un impact esth\u00e9tique coh\u00e9rent avec l&rsquo;environnement. La possibilit\u00e9 d&rsquo;un troisi\u00e8me ascenseur a constitu\u00e9 une valeur ajout\u00e9e, offrant une plus grande flexibilit\u00e9 et une meilleure adaptabilit\u00e9 \u00e0 l&rsquo;avenir.<\/p>\n<\/div><\/div><\/div><div class=\"fusion-panel panel-default panel-e5ee099e3a44ebfc8 fusion-toggle-no-divider fusion-toggle-boxed-mode\"><div class=\"panel-heading\"><h4 class=\"panel-title toggle\" id=\"toggle_e5ee099e3a44ebfc8\"><a aria-expanded=\"false\" aria-controls=\"e5ee099e3a44ebfc8\" role=\"button\" data-toggle=\"collapse\" data-parent=\"#accordion-10470-1\" data-target=\"#e5ee099e3a44ebfc8\" href=\"#e5ee099e3a44ebfc8\"><span class=\"fusion-toggle-icon-wrapper\" aria-hidden=\"true\"><i class=\"fa-fusion-box active-icon awb-icon-minus\" aria-hidden=\"true\"><\/i><i class=\"fa-fusion-box inactive-icon awb-icon-plus\" aria-hidden=\"true\"><\/i><\/span><span class=\"fusion-toggle-heading\">Conclusion<\/span><\/a><\/h4><\/div><div id=\"e5ee099e3a44ebfc8\" class=\"panel-collapse collapse \" aria-labelledby=\"toggle_e5ee099e3a44ebfc8\"><div class=\"panel-body toggle-content fusion-clearfix\">\n<p>Ce projet a non seulement r\u00e9pondu aux besoins actuels, mais il a \u00e9galement \u00e9t\u00e9 con\u00e7u dans une optique d&rsquo;\u00e9volutivit\u00e9 future, illustrant la mani\u00e8re dont l&rsquo;ing\u00e9nierie moderne peut anticiper et r\u00e9pondre aux diff\u00e9rentes exigences op\u00e9rationnelles et structurelles. La r\u00e9alisation de cette double cage d&rsquo;ascenseur de grande capacit\u00e9 a d\u00e9montr\u00e9 l&rsquo;efficacit\u00e9 de la planification collaborative et l&rsquo;importance d&rsquo;une conception flexible et s\u00fbre pour les infrastructures de grande envergure.<\/p>\n<\/div><\/div><\/div><\/div><\/div><\/div><\/div><\/div><\/div><div class=\"fusion-fullwidth fullwidth-box fusion-builder-row-3 fusion-flex-container has-pattern-background has-mask-background nonhundred-percent-fullwidth non-hundred-percent-height-scrolling\" style=\"--awb-border-radius-top-left:0px;--awb-border-radius-top-right:0px;--awb-border-radius-bottom-right:0px;--awb-border-radius-bottom-left:0px;--awb-background-color:var(--awb-color8);--awb-flex-wrap:wrap;\" ><div class=\"fusion-builder-row fusion-row fusion-flex-align-items-flex-start fusion-flex-content-wrap\" style=\"max-width:1320.8px;margin-left: calc(-4% \/ 2 );margin-right: calc(-4% \/ 2 );\"><div class=\"fusion-layout-column fusion_builder_column fusion-builder-column-7 fusion_builder_column_1_1 1_1 fusion-flex-column\" style=\"--awb-bg-size:cover;--awb-width-large:100%;--awb-margin-top-large:25px;--awb-spacing-right-large:1.92%;--awb-margin-bottom-large:25px;--awb-spacing-left-large:1.92%;--awb-width-medium:100%;--awb-order-medium:0;--awb-spacing-right-medium:1.92%;--awb-spacing-left-medium:1.92%;--awb-width-small:100%;--awb-order-small:0;--awb-spacing-right-small:1.92%;--awb-spacing-left-small:1.92%;\"><div class=\"fusion-column-wrapper fusion-column-has-shadow fusion-flex-justify-content-flex-start fusion-content-layout-column\"><div class=\"fusion-image-element \" style=\"--awb-caption-title-font-family:var(--h2_typography-font-family);--awb-caption-title-font-weight:var(--h2_typography-font-weight);--awb-caption-title-font-style:var(--h2_typography-font-style);--awb-caption-title-size:var(--h2_typography-font-size);--awb-caption-title-transform:var(--h2_typography-text-transform);--awb-caption-title-line-height:var(--h2_typography-line-height);--awb-caption-title-letter-spacing:var(--h2_typography-letter-spacing);\"><span class=\" fusion-imageframe imageframe-none imageframe-5 hover-type-none\"><img decoding=\"async\" width=\"2560\" height=\"1920\" title=\"Immagine 11-06-24 &#8211; 15.06\" src=\"https:\/\/ferrari-associati.com\/wp-content\/uploads\/2024\/06\/Immagine-11-06-24-15.06-scaled.jpg\" data-orig-src=\"https:\/\/ferrari-associati.com\/wp-content\/uploads\/2024\/06\/Immagine-11-06-24-15.06-scaled.jpg\" alt class=\"lazyload img-responsive wp-image-6618\" srcset=\"data:image\/svg+xml,%3Csvg%20xmlns%3D%27http%3A%2F%2Fwww.w3.org%2F2000%2Fsvg%27%20width%3D%272560%27%20height%3D%271920%27%20viewBox%3D%270%200%202560%201920%27%3E%3Crect%20width%3D%272560%27%20height%3D%271920%27%20fill-opacity%3D%220%22%2F%3E%3C%2Fsvg%3E\" data-srcset=\"https:\/\/ferrari-associati.com\/wp-content\/uploads\/2024\/06\/Immagine-11-06-24-15.06-200x150.jpg 200w, https:\/\/ferrari-associati.com\/wp-content\/uploads\/2024\/06\/Immagine-11-06-24-15.06-400x300.jpg 400w, https:\/\/ferrari-associati.com\/wp-content\/uploads\/2024\/06\/Immagine-11-06-24-15.06-600x450.jpg 600w, https:\/\/ferrari-associati.com\/wp-content\/uploads\/2024\/06\/Immagine-11-06-24-15.06-800x600.jpg 800w, https:\/\/ferrari-associati.com\/wp-content\/uploads\/2024\/06\/Immagine-11-06-24-15.06-1200x900.jpg 1200w, https:\/\/ferrari-associati.com\/wp-content\/uploads\/2024\/06\/Immagine-11-06-24-15.06-scaled.jpg 2560w\" data-sizes=\"auto\" data-orig-sizes=\"(max-width: 1024px) 100vw, (max-width: 640px) 100vw, 2560px\" \/><\/span><\/div><\/div><\/div><div class=\"fusion-layout-column fusion_builder_column fusion-builder-column-8 fusion_builder_column_1_1 1_1 fusion-flex-column\" style=\"--awb-bg-size:cover;--awb-width-large:100%;--awb-margin-top-large:25px;--awb-spacing-right-large:1.92%;--awb-margin-bottom-large:25px;--awb-spacing-left-large:1.92%;--awb-width-medium:100%;--awb-order-medium:0;--awb-spacing-right-medium:1.92%;--awb-spacing-left-medium:1.92%;--awb-width-small:100%;--awb-order-small:0;--awb-spacing-right-small:1.92%;--awb-spacing-left-small:1.92%;\"><div class=\"fusion-column-wrapper fusion-column-has-shadow fusion-flex-justify-content-flex-start fusion-content-layout-column\"><div class=\"fusion-image-element \" style=\"text-align:center;--awb-caption-title-font-family:var(--h2_typography-font-family);--awb-caption-title-font-weight:var(--h2_typography-font-weight);--awb-caption-title-font-style:var(--h2_typography-font-style);--awb-caption-title-size:var(--h2_typography-font-size);--awb-caption-title-transform:var(--h2_typography-text-transform);--awb-caption-title-line-height:var(--h2_typography-line-height);--awb-caption-title-letter-spacing:var(--h2_typography-letter-spacing);\"><span class=\" fusion-imageframe imageframe-none imageframe-6 hover-type-none\"><img decoding=\"async\" width=\"1920\" height=\"2560\" title=\"Immagine 11-06-24 &#8211; 15.06 (1)\" src=\"https:\/\/ferrari-associati.com\/wp-content\/uploads\/2024\/06\/Immagine-11-06-24-15.06-1-scaled.jpg\" data-orig-src=\"https:\/\/ferrari-associati.com\/wp-content\/uploads\/2024\/06\/Immagine-11-06-24-15.06-1-scaled.jpg\" alt class=\"lazyload img-responsive wp-image-7733\" srcset=\"data:image\/svg+xml,%3Csvg%20xmlns%3D%27http%3A%2F%2Fwww.w3.org%2F2000%2Fsvg%27%20width%3D%271920%27%20height%3D%272560%27%20viewBox%3D%270%200%201920%202560%27%3E%3Crect%20width%3D%271920%27%20height%3D%272560%27%20fill-opacity%3D%220%22%2F%3E%3C%2Fsvg%3E\" data-srcset=\"https:\/\/ferrari-associati.com\/wp-content\/uploads\/2024\/06\/Immagine-11-06-24-15.06-1-200x267.jpg 200w, https:\/\/ferrari-associati.com\/wp-content\/uploads\/2024\/06\/Immagine-11-06-24-15.06-1-400x533.jpg 400w, https:\/\/ferrari-associati.com\/wp-content\/uploads\/2024\/06\/Immagine-11-06-24-15.06-1-600x800.jpg 600w, https:\/\/ferrari-associati.com\/wp-content\/uploads\/2024\/06\/Immagine-11-06-24-15.06-1-800x1067.jpg 800w, https:\/\/ferrari-associati.com\/wp-content\/uploads\/2024\/06\/Immagine-11-06-24-15.06-1-1200x1600.jpg 1200w, https:\/\/ferrari-associati.com\/wp-content\/uploads\/2024\/06\/Immagine-11-06-24-15.06-1-scaled.jpg 1920w\" data-sizes=\"auto\" data-orig-sizes=\"(max-width: 1024px) 100vw, (max-width: 640px) 100vw, 1920px\" \/><\/span><\/div><\/div><\/div><\/div><\/div><div class=\"fusion-fullwidth fullwidth-box fusion-builder-row-4 fusion-flex-container has-pattern-background has-mask-background nonhundred-percent-fullwidth non-hundred-percent-height-scrolling\" style=\"--awb-border-radius-top-left:0px;--awb-border-radius-top-right:0px;--awb-border-radius-bottom-right:0px;--awb-border-radius-bottom-left:0px;--awb-flex-wrap:wrap;\" ><div class=\"fusion-builder-row fusion-row fusion-flex-align-items-flex-start fusion-flex-content-wrap\" style=\"max-width:1320.8px;margin-left: calc(-4% \/ 2 );margin-right: calc(-4% \/ 2 );\"><div class=\"fusion-layout-column fusion_builder_column fusion-builder-column-9 fusion_builder_column_1_1 1_1 fusion-flex-column\" style=\"--awb-bg-size:cover;--awb-width-large:100%;--awb-margin-top-large:25px;--awb-spacing-right-large:1.92%;--awb-margin-bottom-large:25px;--awb-spacing-left-large:1.92%;--awb-width-medium:100%;--awb-order-medium:0;--awb-spacing-right-medium:1.92%;--awb-spacing-left-medium:1.92%;--awb-width-small:100%;--awb-order-small:0;--awb-spacing-right-small:1.92%;--awb-spacing-left-small:1.92%;\"><div class=\"fusion-column-wrapper fusion-column-has-shadow fusion-flex-justify-content-flex-start fusion-content-layout-column\"><div class=\"fusion-image-element \" style=\"--awb-caption-title-font-family:var(--h2_typography-font-family);--awb-caption-title-font-weight:var(--h2_typography-font-weight);--awb-caption-title-font-style:var(--h2_typography-font-style);--awb-caption-title-size:var(--h2_typography-font-size);--awb-caption-title-transform:var(--h2_typography-text-transform);--awb-caption-title-line-height:var(--h2_typography-line-height);--awb-caption-title-letter-spacing:var(--h2_typography-letter-spacing);\"><span class=\" fusion-imageframe imageframe-none imageframe-7 hover-type-none\"><img decoding=\"async\" width=\"2560\" height=\"1920\" title=\"Immagine 11-06-24 &#8211; 15.06 (3)\" src=\"https:\/\/ferrari-associati.com\/wp-content\/uploads\/2024\/06\/Immagine-11-06-24-15.06-3-scaled.jpg\" data-orig-src=\"https:\/\/ferrari-associati.com\/wp-content\/uploads\/2024\/06\/Immagine-11-06-24-15.06-3-scaled.jpg\" alt class=\"lazyload img-responsive wp-image-6607\" srcset=\"data:image\/svg+xml,%3Csvg%20xmlns%3D%27http%3A%2F%2Fwww.w3.org%2F2000%2Fsvg%27%20width%3D%272560%27%20height%3D%271920%27%20viewBox%3D%270%200%202560%201920%27%3E%3Crect%20width%3D%272560%27%20height%3D%271920%27%20fill-opacity%3D%220%22%2F%3E%3C%2Fsvg%3E\" data-srcset=\"https:\/\/ferrari-associati.com\/wp-content\/uploads\/2024\/06\/Immagine-11-06-24-15.06-3-200x150.jpg 200w, https:\/\/ferrari-associati.com\/wp-content\/uploads\/2024\/06\/Immagine-11-06-24-15.06-3-400x300.jpg 400w, https:\/\/ferrari-associati.com\/wp-content\/uploads\/2024\/06\/Immagine-11-06-24-15.06-3-600x450.jpg 600w, https:\/\/ferrari-associati.com\/wp-content\/uploads\/2024\/06\/Immagine-11-06-24-15.06-3-800x600.jpg 800w, https:\/\/ferrari-associati.com\/wp-content\/uploads\/2024\/06\/Immagine-11-06-24-15.06-3-1200x900.jpg 1200w, https:\/\/ferrari-associati.com\/wp-content\/uploads\/2024\/06\/Immagine-11-06-24-15.06-3-scaled.jpg 2560w\" data-sizes=\"auto\" data-orig-sizes=\"(max-width: 1024px) 100vw, (max-width: 640px) 100vw, 2560px\" \/><\/span><\/div><\/div><\/div><div class=\"fusion-layout-column fusion_builder_column fusion-builder-column-10 fusion_builder_column_1_2 1_2 fusion-flex-column\" style=\"--awb-bg-size:cover;--awb-width-large:50%;--awb-margin-top-large:25px;--awb-spacing-right-large:3.84%;--awb-margin-bottom-large:25px;--awb-spacing-left-large:3.84%;--awb-width-medium:100%;--awb-order-medium:0;--awb-spacing-right-medium:1.92%;--awb-spacing-left-medium:1.92%;--awb-width-small:100%;--awb-order-small:0;--awb-spacing-right-small:1.92%;--awb-spacing-left-small:1.92%;\"><div class=\"fusion-column-wrapper fusion-column-has-shadow fusion-flex-justify-content-flex-start fusion-content-layout-column\"><div class=\"fusion-image-element \" style=\"--awb-caption-title-font-family:var(--h2_typography-font-family);--awb-caption-title-font-weight:var(--h2_typography-font-weight);--awb-caption-title-font-style:var(--h2_typography-font-style);--awb-caption-title-size:var(--h2_typography-font-size);--awb-caption-title-transform:var(--h2_typography-text-transform);--awb-caption-title-line-height:var(--h2_typography-line-height);--awb-caption-title-letter-spacing:var(--h2_typography-letter-spacing);\"><span class=\" fusion-imageframe imageframe-none imageframe-8 hover-type-none\"><img decoding=\"async\" width=\"1920\" height=\"2560\" title=\"Immagine 11-06-24 &#8211; 15.06 (4)\" src=\"https:\/\/ferrari-associati.com\/wp-content\/uploads\/2024\/06\/Immagine-11-06-24-15.06-4-scaled.jpg\" data-orig-src=\"https:\/\/ferrari-associati.com\/wp-content\/uploads\/2024\/06\/Immagine-11-06-24-15.06-4-scaled.jpg\" alt class=\"lazyload img-responsive wp-image-6623\" srcset=\"data:image\/svg+xml,%3Csvg%20xmlns%3D%27http%3A%2F%2Fwww.w3.org%2F2000%2Fsvg%27%20width%3D%271920%27%20height%3D%272560%27%20viewBox%3D%270%200%201920%202560%27%3E%3Crect%20width%3D%271920%27%20height%3D%272560%27%20fill-opacity%3D%220%22%2F%3E%3C%2Fsvg%3E\" data-srcset=\"https:\/\/ferrari-associati.com\/wp-content\/uploads\/2024\/06\/Immagine-11-06-24-15.06-4-200x267.jpg 200w, https:\/\/ferrari-associati.com\/wp-content\/uploads\/2024\/06\/Immagine-11-06-24-15.06-4-400x533.jpg 400w, https:\/\/ferrari-associati.com\/wp-content\/uploads\/2024\/06\/Immagine-11-06-24-15.06-4-600x800.jpg 600w, https:\/\/ferrari-associati.com\/wp-content\/uploads\/2024\/06\/Immagine-11-06-24-15.06-4-800x1067.jpg 800w, https:\/\/ferrari-associati.com\/wp-content\/uploads\/2024\/06\/Immagine-11-06-24-15.06-4-1200x1600.jpg 1200w, https:\/\/ferrari-associati.com\/wp-content\/uploads\/2024\/06\/Immagine-11-06-24-15.06-4-scaled.jpg 1920w\" data-sizes=\"auto\" data-orig-sizes=\"(max-width: 1024px) 100vw, (max-width: 640px) 100vw, 600px\" \/><\/span><\/div><\/div><\/div><div class=\"fusion-layout-column fusion_builder_column fusion-builder-column-11 fusion_builder_column_1_2 1_2 fusion-flex-column\" style=\"--awb-bg-size:cover;--awb-width-large:50%;--awb-margin-top-large:25px;--awb-spacing-right-large:3.84%;--awb-margin-bottom-large:25px;--awb-spacing-left-large:3.84%;--awb-width-medium:100%;--awb-order-medium:0;--awb-spacing-right-medium:1.92%;--awb-spacing-left-medium:1.92%;--awb-width-small:100%;--awb-order-small:0;--awb-spacing-right-small:1.92%;--awb-spacing-left-small:1.92%;\"><div class=\"fusion-column-wrapper fusion-column-has-shadow fusion-flex-justify-content-flex-start fusion-content-layout-column\"><div class=\"fusion-image-element \" style=\"--awb-caption-title-font-family:var(--h2_typography-font-family);--awb-caption-title-font-weight:var(--h2_typography-font-weight);--awb-caption-title-font-style:var(--h2_typography-font-style);--awb-caption-title-size:var(--h2_typography-font-size);--awb-caption-title-transform:var(--h2_typography-text-transform);--awb-caption-title-line-height:var(--h2_typography-line-height);--awb-caption-title-letter-spacing:var(--h2_typography-letter-spacing);\"><span class=\" fusion-imageframe imageframe-none imageframe-9 hover-type-none\"><img decoding=\"async\" width=\"1920\" height=\"2560\" title=\"Progetto senza titolo (11)\" src=\"https:\/\/ferrari-associati.com\/wp-content\/uploads\/2024\/07\/Progetto-senza-titolo-11.jpg\" data-orig-src=\"https:\/\/ferrari-associati.com\/wp-content\/uploads\/2024\/07\/Progetto-senza-titolo-11.jpg\" alt class=\"lazyload img-responsive wp-image-9706\" srcset=\"data:image\/svg+xml,%3Csvg%20xmlns%3D%27http%3A%2F%2Fwww.w3.org%2F2000%2Fsvg%27%20width%3D%271920%27%20height%3D%272560%27%20viewBox%3D%270%200%201920%202560%27%3E%3Crect%20width%3D%271920%27%20height%3D%272560%27%20fill-opacity%3D%220%22%2F%3E%3C%2Fsvg%3E\" data-srcset=\"https:\/\/ferrari-associati.com\/wp-content\/uploads\/2024\/07\/Progetto-senza-titolo-11-200x267.jpg 200w, https:\/\/ferrari-associati.com\/wp-content\/uploads\/2024\/07\/Progetto-senza-titolo-11-400x533.jpg 400w, https:\/\/ferrari-associati.com\/wp-content\/uploads\/2024\/07\/Progetto-senza-titolo-11-600x800.jpg 600w, https:\/\/ferrari-associati.com\/wp-content\/uploads\/2024\/07\/Progetto-senza-titolo-11-800x1067.jpg 800w, https:\/\/ferrari-associati.com\/wp-content\/uploads\/2024\/07\/Progetto-senza-titolo-11-1200x1600.jpg 1200w, https:\/\/ferrari-associati.com\/wp-content\/uploads\/2024\/07\/Progetto-senza-titolo-11.jpg 1920w\" data-sizes=\"auto\" data-orig-sizes=\"(max-width: 1024px) 100vw, (max-width: 640px) 100vw, 600px\" \/><\/span><\/div><\/div><\/div><div class=\"fusion-layout-column fusion_builder_column fusion-builder-column-12 fusion_builder_column_1_1 1_1 fusion-flex-column\" style=\"--awb-bg-size:cover;--awb-width-large:100%;--awb-margin-top-large:25px;--awb-spacing-right-large:1.92%;--awb-margin-bottom-large:25px;--awb-spacing-left-large:1.92%;--awb-width-medium:100%;--awb-order-medium:0;--awb-spacing-right-medium:1.92%;--awb-spacing-left-medium:1.92%;--awb-width-small:100%;--awb-order-small:0;--awb-spacing-right-small:1.92%;--awb-spacing-left-small:1.92%;\"><div class=\"fusion-column-wrapper fusion-column-has-shadow fusion-flex-justify-content-flex-start fusion-content-layout-column\"><div class=\"fusion-image-element \" style=\"text-align:center;--awb-caption-title-font-family:var(--h2_typography-font-family);--awb-caption-title-font-weight:var(--h2_typography-font-weight);--awb-caption-title-font-style:var(--h2_typography-font-style);--awb-caption-title-size:var(--h2_typography-font-size);--awb-caption-title-transform:var(--h2_typography-text-transform);--awb-caption-title-line-height:var(--h2_typography-line-height);--awb-caption-title-letter-spacing:var(--h2_typography-letter-spacing);\"><span class=\" fusion-imageframe imageframe-none imageframe-10 hover-type-none\"><img decoding=\"async\" width=\"2560\" height=\"1920\" title=\"Immagine 11-06-24 &#8211; 15.06 (2)\" src=\"https:\/\/ferrari-associati.com\/wp-content\/uploads\/2024\/06\/Immagine-11-06-24-15.06-2-1-scaled.jpg\" data-orig-src=\"https:\/\/ferrari-associati.com\/wp-content\/uploads\/2024\/06\/Immagine-11-06-24-15.06-2-1-scaled.jpg\" alt class=\"lazyload img-responsive wp-image-7738\" srcset=\"data:image\/svg+xml,%3Csvg%20xmlns%3D%27http%3A%2F%2Fwww.w3.org%2F2000%2Fsvg%27%20width%3D%272560%27%20height%3D%271920%27%20viewBox%3D%270%200%202560%201920%27%3E%3Crect%20width%3D%272560%27%20height%3D%271920%27%20fill-opacity%3D%220%22%2F%3E%3C%2Fsvg%3E\" data-srcset=\"https:\/\/ferrari-associati.com\/wp-content\/uploads\/2024\/06\/Immagine-11-06-24-15.06-2-1-200x150.jpg 200w, https:\/\/ferrari-associati.com\/wp-content\/uploads\/2024\/06\/Immagine-11-06-24-15.06-2-1-400x300.jpg 400w, https:\/\/ferrari-associati.com\/wp-content\/uploads\/2024\/06\/Immagine-11-06-24-15.06-2-1-600x450.jpg 600w, https:\/\/ferrari-associati.com\/wp-content\/uploads\/2024\/06\/Immagine-11-06-24-15.06-2-1-800x600.jpg 800w, https:\/\/ferrari-associati.com\/wp-content\/uploads\/2024\/06\/Immagine-11-06-24-15.06-2-1-1200x900.jpg 1200w, https:\/\/ferrari-associati.com\/wp-content\/uploads\/2024\/06\/Immagine-11-06-24-15.06-2-1-scaled.jpg 2560w\" data-sizes=\"auto\" data-orig-sizes=\"(max-width: 1024px) 100vw, (max-width: 640px) 100vw, 2560px\" \/><\/span><\/div><\/div><\/div><\/div><\/div><div class=\"fusion-fullwidth fullwidth-box fusion-builder-row-5 fusion-flex-container has-pattern-background has-mask-background nonhundred-percent-fullwidth non-hundred-percent-height-scrolling\" style=\"--awb-border-radius-top-left:0px;--awb-border-radius-top-right:0px;--awb-border-radius-bottom-right:0px;--awb-border-radius-bottom-left:0px;--awb-padding-top:3%;--awb-flex-wrap:wrap;\" ><div class=\"fusion-builder-row fusion-row fusion-flex-align-items-flex-start fusion-flex-content-wrap\" style=\"max-width:1320.8px;margin-left: calc(-4% \/ 2 );margin-right: calc(-4% \/ 2 );\"><div class=\"fusion-layout-column fusion_builder_column fusion-builder-column-13 fusion_builder_column_1_1 1_1 fusion-flex-column\" style=\"--awb-bg-size:cover;--awb-width-large:100%;--awb-margin-top-large:25px;--awb-spacing-right-large:1.92%;--awb-margin-bottom-large:25px;--awb-spacing-left-large:1.92%;--awb-width-medium:100%;--awb-order-medium:0;--awb-spacing-right-medium:1.92%;--awb-spacing-left-medium:1.92%;--awb-width-small:100%;--awb-order-small:0;--awb-spacing-right-small:1.92%;--awb-spacing-left-small:1.92%;\"><div class=\"fusion-column-wrapper fusion-column-has-shadow fusion-flex-justify-content-flex-start fusion-content-layout-column\"><div class=\"fusion-title title fusion-title-4 fusion-sep-none fusion-title-text fusion-title-size-three\"><h3 class=\"fusion-title-heading title-heading-left fusion-responsive-typography-calculated\" style=\"font-family:&#039;Trebuchet MS&#039;, Helvetica, sans-serif;font-style:normal;font-weight:400;margin:0;text-transform:uppercase;--fontSize:28;line-height:1.32;\"><strong>AUTRES PROJETS R\u00c9ALIS\u00c9S<\/strong><\/h3><\/div><div class=\"fusion-image-carousel fusion-image-carousel-auto fusion-image-carousel-1 custom-carousel\"><div class=\"awb-carousel awb-swiper awb-swiper-carousel\" data-autoplay=\"yes\" data-columns=\"3\" data-itemmargin=\"13\" data-itemwidth=\"180\" data-touchscroll=\"no\" data-imagesize=\"auto\" style=\"--awb-columns:3;\"><div class=\"swiper-wrapper awb-image-carousel-wrapper fusion-flex-align-items-center\"><div class=\"swiper-slide\"><div class=\"fusion-carousel-item-wrapper\"><div class=\"fusion-image-wrapper hover-type-none\"><a href=\"https:\/\/ferrari-associati.com\/fr\/projets-executes\/compartiment-du-projet-elegance\/\" target=\"_self\"><img decoding=\"async\" width=\"1181\" height=\"630\" src=\"https:\/\/ferrari-associati.com\/wp-content\/uploads\/2024\/06\/12-Elegane.jpg\" class=\"attachment-full size-full lazyload\" alt=\"\" srcset=\"data:image\/svg+xml,%3Csvg%20xmlns%3D%27http%3A%2F%2Fwww.w3.org%2F2000%2Fsvg%27%20width%3D%271181%27%20height%3D%27630%27%20viewBox%3D%270%200%201181%20630%27%3E%3Crect%20width%3D%271181%27%20height%3D%27630%27%20fill-opacity%3D%220%22%2F%3E%3C%2Fsvg%3E\" data-orig-src=\"https:\/\/ferrari-associati.com\/wp-content\/uploads\/2024\/06\/12-Elegane.jpg\" data-srcset=\"https:\/\/ferrari-associati.com\/wp-content\/uploads\/2024\/06\/12-Elegane-200x107.jpg 200w, https:\/\/ferrari-associati.com\/wp-content\/uploads\/2024\/06\/12-Elegane-400x213.jpg 400w, https:\/\/ferrari-associati.com\/wp-content\/uploads\/2024\/06\/12-Elegane-600x320.jpg 600w, https:\/\/ferrari-associati.com\/wp-content\/uploads\/2024\/06\/12-Elegane-800x427.jpg 800w, https:\/\/ferrari-associati.com\/wp-content\/uploads\/2024\/06\/12-Elegane.jpg 1181w\" data-sizes=\"auto\" \/><\/a><\/div><\/div><\/div><div class=\"swiper-slide\"><div class=\"fusion-carousel-item-wrapper\"><div class=\"fusion-image-wrapper hover-type-none\"><a href=\"https:\/\/ferrari-associati.com\/fr\/projets-executes\/projet-compartiment-extra-plat\/\" target=\"_self\"><img decoding=\"async\" width=\"1181\" height=\"630\" src=\"https:\/\/ferrari-associati.com\/wp-content\/uploads\/2024\/06\/13-Extra-Slim.jpg\" class=\"attachment-full size-full lazyload\" alt=\"\" srcset=\"data:image\/svg+xml,%3Csvg%20xmlns%3D%27http%3A%2F%2Fwww.w3.org%2F2000%2Fsvg%27%20width%3D%271181%27%20height%3D%27630%27%20viewBox%3D%270%200%201181%20630%27%3E%3Crect%20width%3D%271181%27%20height%3D%27630%27%20fill-opacity%3D%220%22%2F%3E%3C%2Fsvg%3E\" data-orig-src=\"https:\/\/ferrari-associati.com\/wp-content\/uploads\/2024\/06\/13-Extra-Slim.jpg\" data-srcset=\"https:\/\/ferrari-associati.com\/wp-content\/uploads\/2024\/06\/13-Extra-Slim-200x107.jpg 200w, https:\/\/ferrari-associati.com\/wp-content\/uploads\/2024\/06\/13-Extra-Slim-400x213.jpg 400w, https:\/\/ferrari-associati.com\/wp-content\/uploads\/2024\/06\/13-Extra-Slim-600x320.jpg 600w, https:\/\/ferrari-associati.com\/wp-content\/uploads\/2024\/06\/13-Extra-Slim-800x427.jpg 800w, https:\/\/ferrari-associati.com\/wp-content\/uploads\/2024\/06\/13-Extra-Slim.jpg 1181w\" data-sizes=\"auto\" \/><\/a><\/div><\/div><\/div><div class=\"swiper-slide\"><div class=\"fusion-carousel-item-wrapper\"><div class=\"fusion-image-wrapper hover-type-none\"><a href=\"https:\/\/ferrari-associati.com\/fr\/projets-executes\/compartiment-de-la-ronde-des-projets\/\" target=\"_self\"><img decoding=\"async\" width=\"1181\" height=\"630\" src=\"https:\/\/ferrari-associati.com\/wp-content\/uploads\/2024\/07\/14-Round.jpg\" class=\"attachment-full size-full lazyload\" alt=\"\" srcset=\"data:image\/svg+xml,%3Csvg%20xmlns%3D%27http%3A%2F%2Fwww.w3.org%2F2000%2Fsvg%27%20width%3D%271181%27%20height%3D%27630%27%20viewBox%3D%270%200%201181%20630%27%3E%3Crect%20width%3D%271181%27%20height%3D%27630%27%20fill-opacity%3D%220%22%2F%3E%3C%2Fsvg%3E\" data-orig-src=\"https:\/\/ferrari-associati.com\/wp-content\/uploads\/2024\/07\/14-Round.jpg\" data-srcset=\"https:\/\/ferrari-associati.com\/wp-content\/uploads\/2024\/07\/14-Round-200x107.jpg 200w, https:\/\/ferrari-associati.com\/wp-content\/uploads\/2024\/07\/14-Round-400x213.jpg 400w, https:\/\/ferrari-associati.com\/wp-content\/uploads\/2024\/07\/14-Round-600x320.jpg 600w, https:\/\/ferrari-associati.com\/wp-content\/uploads\/2024\/07\/14-Round-800x427.jpg 800w, https:\/\/ferrari-associati.com\/wp-content\/uploads\/2024\/07\/14-Round.jpg 1181w\" data-sizes=\"auto\" \/><\/a><\/div><\/div><\/div><div class=\"swiper-slide\"><div class=\"fusion-carousel-item-wrapper\"><div class=\"fusion-image-wrapper hover-type-none\"><a href=\"https:\/\/ferrari-associati.com\/fr\/projets-executes\/compartiment-de-travail-du-projet-dans-lexecution-speciale\/\" target=\"_self\"><img decoding=\"async\" width=\"1181\" height=\"630\" src=\"https:\/\/ferrari-associati.com\/wp-content\/uploads\/2024\/07\/15-Work.jpg\" class=\"attachment-full size-full lazyload\" alt=\"\" srcset=\"data:image\/svg+xml,%3Csvg%20xmlns%3D%27http%3A%2F%2Fwww.w3.org%2F2000%2Fsvg%27%20width%3D%271181%27%20height%3D%27630%27%20viewBox%3D%270%200%201181%20630%27%3E%3Crect%20width%3D%271181%27%20height%3D%27630%27%20fill-opacity%3D%220%22%2F%3E%3C%2Fsvg%3E\" data-orig-src=\"https:\/\/ferrari-associati.com\/wp-content\/uploads\/2024\/07\/15-Work.jpg\" data-srcset=\"https:\/\/ferrari-associati.com\/wp-content\/uploads\/2024\/07\/15-Work-200x107.jpg 200w, https:\/\/ferrari-associati.com\/wp-content\/uploads\/2024\/07\/15-Work-400x213.jpg 400w, https:\/\/ferrari-associati.com\/wp-content\/uploads\/2024\/07\/15-Work-600x320.jpg 600w, https:\/\/ferrari-associati.com\/wp-content\/uploads\/2024\/07\/15-Work-800x427.jpg 800w, https:\/\/ferrari-associati.com\/wp-content\/uploads\/2024\/07\/15-Work.jpg 1181w\" data-sizes=\"auto\" \/><\/a><\/div><\/div><\/div><div class=\"swiper-slide\"><div class=\"fusion-carousel-item-wrapper\"><div class=\"fusion-image-wrapper hover-type-none\"><a href=\"https:\/\/ferrari-associati.com\/fr\/projets-executes\/compartiment-de-levage-de-grande-capacite\/\" target=\"_self\"><img decoding=\"async\" width=\"1181\" height=\"630\" src=\"https:\/\/ferrari-associati.com\/wp-content\/uploads\/2024\/06\/01-elevata-portata-1.jpg\" class=\"attachment-full size-full lazyload\" alt=\"\" srcset=\"data:image\/svg+xml,%3Csvg%20xmlns%3D%27http%3A%2F%2Fwww.w3.org%2F2000%2Fsvg%27%20width%3D%271181%27%20height%3D%27630%27%20viewBox%3D%270%200%201181%20630%27%3E%3Crect%20width%3D%271181%27%20height%3D%27630%27%20fill-opacity%3D%220%22%2F%3E%3C%2Fsvg%3E\" data-orig-src=\"https:\/\/ferrari-associati.com\/wp-content\/uploads\/2024\/06\/01-elevata-portata-1.jpg\" data-srcset=\"https:\/\/ferrari-associati.com\/wp-content\/uploads\/2024\/06\/01-elevata-portata-1-200x107.jpg 200w, https:\/\/ferrari-associati.com\/wp-content\/uploads\/2024\/06\/01-elevata-portata-1-400x213.jpg 400w, https:\/\/ferrari-associati.com\/wp-content\/uploads\/2024\/06\/01-elevata-portata-1-600x320.jpg 600w, https:\/\/ferrari-associati.com\/wp-content\/uploads\/2024\/06\/01-elevata-portata-1-800x427.jpg 800w, https:\/\/ferrari-associati.com\/wp-content\/uploads\/2024\/06\/01-elevata-portata-1.jpg 1181w\" data-sizes=\"auto\" \/><\/a><\/div><\/div><\/div><div class=\"swiper-slide\"><div class=\"fusion-carousel-item-wrapper\"><div class=\"fusion-image-wrapper hover-type-none\"><a href=\"https:\/\/ferrari-associati.com\/fr\/projets-executes\/compartiment-dascenseur-cylindrique-avec-escalier-helicoidal\/\" target=\"_self\"><img decoding=\"async\" width=\"1181\" height=\"630\" src=\"https:\/\/ferrari-associati.com\/wp-content\/uploads\/2024\/06\/02-vano-cilindrico-1.jpg\" class=\"attachment-full size-full lazyload\" alt=\"\" srcset=\"data:image\/svg+xml,%3Csvg%20xmlns%3D%27http%3A%2F%2Fwww.w3.org%2F2000%2Fsvg%27%20width%3D%271181%27%20height%3D%27630%27%20viewBox%3D%270%200%201181%20630%27%3E%3Crect%20width%3D%271181%27%20height%3D%27630%27%20fill-opacity%3D%220%22%2F%3E%3C%2Fsvg%3E\" data-orig-src=\"https:\/\/ferrari-associati.com\/wp-content\/uploads\/2024\/06\/02-vano-cilindrico-1.jpg\" data-srcset=\"https:\/\/ferrari-associati.com\/wp-content\/uploads\/2024\/06\/02-vano-cilindrico-1-200x107.jpg 200w, https:\/\/ferrari-associati.com\/wp-content\/uploads\/2024\/06\/02-vano-cilindrico-1-400x213.jpg 400w, https:\/\/ferrari-associati.com\/wp-content\/uploads\/2024\/06\/02-vano-cilindrico-1-600x320.jpg 600w, https:\/\/ferrari-associati.com\/wp-content\/uploads\/2024\/06\/02-vano-cilindrico-1-800x427.jpg 800w, https:\/\/ferrari-associati.com\/wp-content\/uploads\/2024\/06\/02-vano-cilindrico-1.jpg 1181w\" data-sizes=\"auto\" \/><\/a><\/div><\/div><\/div><div class=\"swiper-slide\"><div class=\"fusion-carousel-item-wrapper\"><div class=\"fusion-image-wrapper hover-type-none\"><a href=\"https:\/\/ferrari-associati.com\/fr\/projets-executes\/compartiment-elevateur-avec-passerelles-integrees\/\" target=\"_self\"><img decoding=\"async\" width=\"1181\" height=\"630\" src=\"https:\/\/ferrari-associati.com\/wp-content\/uploads\/2024\/06\/03-Classic-Passerelle-1.jpg\" class=\"attachment-full size-full lazyload\" alt=\"\" srcset=\"data:image\/svg+xml,%3Csvg%20xmlns%3D%27http%3A%2F%2Fwww.w3.org%2F2000%2Fsvg%27%20width%3D%271181%27%20height%3D%27630%27%20viewBox%3D%270%200%201181%20630%27%3E%3Crect%20width%3D%271181%27%20height%3D%27630%27%20fill-opacity%3D%220%22%2F%3E%3C%2Fsvg%3E\" data-orig-src=\"https:\/\/ferrari-associati.com\/wp-content\/uploads\/2024\/06\/03-Classic-Passerelle-1.jpg\" data-srcset=\"https:\/\/ferrari-associati.com\/wp-content\/uploads\/2024\/06\/03-Classic-Passerelle-1-200x107.jpg 200w, https:\/\/ferrari-associati.com\/wp-content\/uploads\/2024\/06\/03-Classic-Passerelle-1-400x213.jpg 400w, https:\/\/ferrari-associati.com\/wp-content\/uploads\/2024\/06\/03-Classic-Passerelle-1-600x320.jpg 600w, https:\/\/ferrari-associati.com\/wp-content\/uploads\/2024\/06\/03-Classic-Passerelle-1-800x427.jpg 800w, https:\/\/ferrari-associati.com\/wp-content\/uploads\/2024\/06\/03-Classic-Passerelle-1.jpg 1181w\" data-sizes=\"auto\" \/><\/a><\/div><\/div><\/div><div class=\"swiper-slide\"><div class=\"fusion-carousel-item-wrapper\"><div class=\"fusion-image-wrapper hover-type-none\"><a href=\"https:\/\/ferrari-associati.com\/fr\/projets-executes\/cages-dascenseur-et-escaliers\/\" target=\"_self\"><img decoding=\"async\" width=\"1181\" height=\"630\" src=\"https:\/\/ferrari-associati.com\/wp-content\/uploads\/2024\/06\/04-soppalchi-e-scale-1.jpg\" class=\"attachment-full size-full lazyload\" alt=\"\" srcset=\"data:image\/svg+xml,%3Csvg%20xmlns%3D%27http%3A%2F%2Fwww.w3.org%2F2000%2Fsvg%27%20width%3D%271181%27%20height%3D%27630%27%20viewBox%3D%270%200%201181%20630%27%3E%3Crect%20width%3D%271181%27%20height%3D%27630%27%20fill-opacity%3D%220%22%2F%3E%3C%2Fsvg%3E\" data-orig-src=\"https:\/\/ferrari-associati.com\/wp-content\/uploads\/2024\/06\/04-soppalchi-e-scale-1.jpg\" data-srcset=\"https:\/\/ferrari-associati.com\/wp-content\/uploads\/2024\/06\/04-soppalchi-e-scale-1-200x107.jpg 200w, https:\/\/ferrari-associati.com\/wp-content\/uploads\/2024\/06\/04-soppalchi-e-scale-1-400x213.jpg 400w, https:\/\/ferrari-associati.com\/wp-content\/uploads\/2024\/06\/04-soppalchi-e-scale-1-600x320.jpg 600w, https:\/\/ferrari-associati.com\/wp-content\/uploads\/2024\/06\/04-soppalchi-e-scale-1-800x427.jpg 800w, https:\/\/ferrari-associati.com\/wp-content\/uploads\/2024\/06\/04-soppalchi-e-scale-1.jpg 1181w\" data-sizes=\"auto\" \/><\/a><\/div><\/div><\/div><div class=\"swiper-slide\"><div class=\"fusion-carousel-item-wrapper\"><div class=\"fusion-image-wrapper hover-type-none\"><a href=\"https:\/\/ferrari-associati.com\/fr\/projets-executes\/compartiment-de-levage-en-acier-corten\/\" target=\"_self\"><img decoding=\"async\" width=\"1181\" height=\"630\" src=\"https:\/\/ferrari-associati.com\/wp-content\/uploads\/2024\/06\/05-corten-1.jpg\" class=\"attachment-full size-full lazyload\" alt=\"\" srcset=\"data:image\/svg+xml,%3Csvg%20xmlns%3D%27http%3A%2F%2Fwww.w3.org%2F2000%2Fsvg%27%20width%3D%271181%27%20height%3D%27630%27%20viewBox%3D%270%200%201181%20630%27%3E%3Crect%20width%3D%271181%27%20height%3D%27630%27%20fill-opacity%3D%220%22%2F%3E%3C%2Fsvg%3E\" data-orig-src=\"https:\/\/ferrari-associati.com\/wp-content\/uploads\/2024\/06\/05-corten-1.jpg\" data-srcset=\"https:\/\/ferrari-associati.com\/wp-content\/uploads\/2024\/06\/05-corten-1-200x107.jpg 200w, https:\/\/ferrari-associati.com\/wp-content\/uploads\/2024\/06\/05-corten-1-400x213.jpg 400w, https:\/\/ferrari-associati.com\/wp-content\/uploads\/2024\/06\/05-corten-1-600x320.jpg 600w, https:\/\/ferrari-associati.com\/wp-content\/uploads\/2024\/06\/05-corten-1-800x427.jpg 800w, https:\/\/ferrari-associati.com\/wp-content\/uploads\/2024\/06\/05-corten-1.jpg 1181w\" data-sizes=\"auto\" \/><\/a><\/div><\/div><\/div><div class=\"swiper-slide\"><div class=\"fusion-carousel-item-wrapper\"><div class=\"fusion-image-wrapper hover-type-none\"><a href=\"https:\/\/ferrari-associati.com\/fr\/projets-executes\/concept-pour-une-salle-dexposition-a-milan\/\" target=\"_self\"><img decoding=\"async\" width=\"1181\" height=\"630\" src=\"https:\/\/ferrari-associati.com\/wp-content\/uploads\/2026\/01\/17-Style.png\" class=\"attachment-full size-full lazyload\" alt=\"\" srcset=\"data:image\/svg+xml,%3Csvg%20xmlns%3D%27http%3A%2F%2Fwww.w3.org%2F2000%2Fsvg%27%20width%3D%271181%27%20height%3D%27630%27%20viewBox%3D%270%200%201181%20630%27%3E%3Crect%20width%3D%271181%27%20height%3D%27630%27%20fill-opacity%3D%220%22%2F%3E%3C%2Fsvg%3E\" data-orig-src=\"https:\/\/ferrari-associati.com\/wp-content\/uploads\/2026\/01\/17-Style.png\" data-srcset=\"https:\/\/ferrari-associati.com\/wp-content\/uploads\/2026\/01\/17-Style-200x107.png 200w, https:\/\/ferrari-associati.com\/wp-content\/uploads\/2026\/01\/17-Style-400x213.png 400w, https:\/\/ferrari-associati.com\/wp-content\/uploads\/2026\/01\/17-Style-600x320.png 600w, https:\/\/ferrari-associati.com\/wp-content\/uploads\/2026\/01\/17-Style-800x427.png 800w, https:\/\/ferrari-associati.com\/wp-content\/uploads\/2026\/01\/17-Style.png 1181w\" data-sizes=\"auto\" \/><\/a><\/div><\/div><\/div><div class=\"swiper-slide\"><div class=\"fusion-carousel-item-wrapper\"><div class=\"fusion-image-wrapper hover-type-none\"><a href=\"https:\/\/ferrari-associati.com\/fr\/projets-executes\/compartiment-elevateur-de-type-projet-avec-passerelles-integrees\/\" target=\"_self\"><img decoding=\"async\" width=\"1181\" height=\"630\" src=\"https:\/\/ferrari-associati.com\/wp-content\/uploads\/2024\/06\/07-Style.jpg\" class=\"attachment-full size-full lazyload\" alt=\"\" srcset=\"data:image\/svg+xml,%3Csvg%20xmlns%3D%27http%3A%2F%2Fwww.w3.org%2F2000%2Fsvg%27%20width%3D%271181%27%20height%3D%27630%27%20viewBox%3D%270%200%201181%20630%27%3E%3Crect%20width%3D%271181%27%20height%3D%27630%27%20fill-opacity%3D%220%22%2F%3E%3C%2Fsvg%3E\" data-orig-src=\"https:\/\/ferrari-associati.com\/wp-content\/uploads\/2024\/06\/07-Style.jpg\" data-srcset=\"https:\/\/ferrari-associati.com\/wp-content\/uploads\/2024\/06\/07-Style-200x107.jpg 200w, https:\/\/ferrari-associati.com\/wp-content\/uploads\/2024\/06\/07-Style-400x213.jpg 400w, https:\/\/ferrari-associati.com\/wp-content\/uploads\/2024\/06\/07-Style-600x320.jpg 600w, https:\/\/ferrari-associati.com\/wp-content\/uploads\/2024\/06\/07-Style-800x427.jpg 800w, https:\/\/ferrari-associati.com\/wp-content\/uploads\/2024\/06\/07-Style.jpg 1181w\" data-sizes=\"auto\" \/><\/a><\/div><\/div><\/div><div class=\"swiper-slide\"><div class=\"fusion-carousel-item-wrapper\"><div class=\"fusion-image-wrapper hover-type-none\"><a href=\"https:\/\/ferrari-associati.com\/fr\/projets-executes\/cage-dascenseur-vision-du-projet\/\" target=\"_self\"><img decoding=\"async\" width=\"1181\" height=\"630\" src=\"https:\/\/ferrari-associati.com\/wp-content\/uploads\/2024\/06\/08-vision.jpg\" class=\"attachment-full size-full lazyload\" alt=\"\" srcset=\"data:image\/svg+xml,%3Csvg%20xmlns%3D%27http%3A%2F%2Fwww.w3.org%2F2000%2Fsvg%27%20width%3D%271181%27%20height%3D%27630%27%20viewBox%3D%270%200%201181%20630%27%3E%3Crect%20width%3D%271181%27%20height%3D%27630%27%20fill-opacity%3D%220%22%2F%3E%3C%2Fsvg%3E\" data-orig-src=\"https:\/\/ferrari-associati.com\/wp-content\/uploads\/2024\/06\/08-vision.jpg\" data-srcset=\"https:\/\/ferrari-associati.com\/wp-content\/uploads\/2024\/06\/08-vision-200x107.jpg 200w, https:\/\/ferrari-associati.com\/wp-content\/uploads\/2024\/06\/08-vision-400x213.jpg 400w, https:\/\/ferrari-associati.com\/wp-content\/uploads\/2024\/06\/08-vision-600x320.jpg 600w, https:\/\/ferrari-associati.com\/wp-content\/uploads\/2024\/06\/08-vision-800x427.jpg 800w, https:\/\/ferrari-associati.com\/wp-content\/uploads\/2024\/06\/08-vision.jpg 1181w\" data-sizes=\"auto\" \/><\/a><\/div><\/div><\/div><div class=\"swiper-slide\"><div class=\"fusion-carousel-item-wrapper\"><div class=\"fusion-image-wrapper hover-type-none\"><a href=\"https:\/\/ferrari-associati.com\/fr\/projets-executes\/compartiment-pour-les-stations\/\" target=\"_self\"><img decoding=\"async\" width=\"1181\" height=\"630\" src=\"https:\/\/ferrari-associati.com\/wp-content\/uploads\/2024\/06\/09-stazione.jpg\" class=\"attachment-full size-full lazyload\" alt=\"\" srcset=\"data:image\/svg+xml,%3Csvg%20xmlns%3D%27http%3A%2F%2Fwww.w3.org%2F2000%2Fsvg%27%20width%3D%271181%27%20height%3D%27630%27%20viewBox%3D%270%200%201181%20630%27%3E%3Crect%20width%3D%271181%27%20height%3D%27630%27%20fill-opacity%3D%220%22%2F%3E%3C%2Fsvg%3E\" data-orig-src=\"https:\/\/ferrari-associati.com\/wp-content\/uploads\/2024\/06\/09-stazione.jpg\" data-srcset=\"https:\/\/ferrari-associati.com\/wp-content\/uploads\/2024\/06\/09-stazione-200x107.jpg 200w, https:\/\/ferrari-associati.com\/wp-content\/uploads\/2024\/06\/09-stazione-400x213.jpg 400w, https:\/\/ferrari-associati.com\/wp-content\/uploads\/2024\/06\/09-stazione-600x320.jpg 600w, https:\/\/ferrari-associati.com\/wp-content\/uploads\/2024\/06\/09-stazione-800x427.jpg 800w, https:\/\/ferrari-associati.com\/wp-content\/uploads\/2024\/06\/09-stazione.jpg 1181w\" data-sizes=\"auto\" \/><\/a><\/div><\/div><\/div><div class=\"swiper-slide\"><div class=\"fusion-carousel-item-wrapper\"><div class=\"fusion-image-wrapper hover-type-none\"><a href=\"https:\/\/ferrari-associati.com\/fr\/projets-executes\/concept-de-villa-privee-aux-emirats-arabes-unis\/\" target=\"_self\"><img decoding=\"async\" width=\"1181\" height=\"630\" src=\"https:\/\/ferrari-associati.com\/wp-content\/uploads\/2026\/01\/16-Style.jpeg\" class=\"attachment-full size-full lazyload\" alt=\"\" srcset=\"data:image\/svg+xml,%3Csvg%20xmlns%3D%27http%3A%2F%2Fwww.w3.org%2F2000%2Fsvg%27%20width%3D%271181%27%20height%3D%27630%27%20viewBox%3D%270%200%201181%20630%27%3E%3Crect%20width%3D%271181%27%20height%3D%27630%27%20fill-opacity%3D%220%22%2F%3E%3C%2Fsvg%3E\" data-orig-src=\"https:\/\/ferrari-associati.com\/wp-content\/uploads\/2026\/01\/16-Style.jpeg\" data-srcset=\"https:\/\/ferrari-associati.com\/wp-content\/uploads\/2026\/01\/16-Style-200x107.jpeg 200w, https:\/\/ferrari-associati.com\/wp-content\/uploads\/2026\/01\/16-Style-400x213.jpeg 400w, https:\/\/ferrari-associati.com\/wp-content\/uploads\/2026\/01\/16-Style-600x320.jpeg 600w, https:\/\/ferrari-associati.com\/wp-content\/uploads\/2026\/01\/16-Style-800x427.jpeg 800w, https:\/\/ferrari-associati.com\/wp-content\/uploads\/2026\/01\/16-Style.jpeg 1181w\" data-sizes=\"auto\" \/><\/a><\/div><\/div><\/div><div class=\"swiper-slide\"><div class=\"fusion-carousel-item-wrapper\"><div class=\"fusion-image-wrapper hover-type-none\"><a href=\"https:\/\/ferrari-associati.com\/fr\/projets-executes\/cage-dascenseur-avec-escalier-helicoidal\/\" target=\"_self\"><img decoding=\"async\" width=\"1181\" height=\"630\" src=\"https:\/\/ferrari-associati.com\/wp-content\/uploads\/2024\/06\/10-scala-elicoidale.jpg\" class=\"attachment-full size-full lazyload\" alt=\"\" srcset=\"data:image\/svg+xml,%3Csvg%20xmlns%3D%27http%3A%2F%2Fwww.w3.org%2F2000%2Fsvg%27%20width%3D%271181%27%20height%3D%27630%27%20viewBox%3D%270%200%201181%20630%27%3E%3Crect%20width%3D%271181%27%20height%3D%27630%27%20fill-opacity%3D%220%22%2F%3E%3C%2Fsvg%3E\" data-orig-src=\"https:\/\/ferrari-associati.com\/wp-content\/uploads\/2024\/06\/10-scala-elicoidale.jpg\" data-srcset=\"https:\/\/ferrari-associati.com\/wp-content\/uploads\/2024\/06\/10-scala-elicoidale-200x107.jpg 200w, https:\/\/ferrari-associati.com\/wp-content\/uploads\/2024\/06\/10-scala-elicoidale-400x213.jpg 400w, https:\/\/ferrari-associati.com\/wp-content\/uploads\/2024\/06\/10-scala-elicoidale-600x320.jpg 600w, https:\/\/ferrari-associati.com\/wp-content\/uploads\/2024\/06\/10-scala-elicoidale-800x427.jpg 800w, https:\/\/ferrari-associati.com\/wp-content\/uploads\/2024\/06\/10-scala-elicoidale.jpg 1181w\" data-sizes=\"auto\" \/><\/a><\/div><\/div><\/div><div class=\"swiper-slide\"><div class=\"fusion-carousel-item-wrapper\"><div class=\"fusion-image-wrapper hover-type-none\"><a href=\"https:\/\/ferrari-associati.com\/fr\/projets-executes\/compartiment-daccueil-du-projet\/\" target=\"_self\"><img decoding=\"async\" width=\"1181\" height=\"630\" src=\"https:\/\/ferrari-associati.com\/wp-content\/uploads\/2024\/06\/11-Home-Passerella.jpg\" class=\"attachment-full size-full lazyload\" alt=\"\" srcset=\"data:image\/svg+xml,%3Csvg%20xmlns%3D%27http%3A%2F%2Fwww.w3.org%2F2000%2Fsvg%27%20width%3D%271181%27%20height%3D%27630%27%20viewBox%3D%270%200%201181%20630%27%3E%3Crect%20width%3D%271181%27%20height%3D%27630%27%20fill-opacity%3D%220%22%2F%3E%3C%2Fsvg%3E\" data-orig-src=\"https:\/\/ferrari-associati.com\/wp-content\/uploads\/2024\/06\/11-Home-Passerella.jpg\" data-srcset=\"https:\/\/ferrari-associati.com\/wp-content\/uploads\/2024\/06\/11-Home-Passerella-200x107.jpg 200w, https:\/\/ferrari-associati.com\/wp-content\/uploads\/2024\/06\/11-Home-Passerella-400x213.jpg 400w, https:\/\/ferrari-associati.com\/wp-content\/uploads\/2024\/06\/11-Home-Passerella-600x320.jpg 600w, https:\/\/ferrari-associati.com\/wp-content\/uploads\/2024\/06\/11-Home-Passerella-800x427.jpg 800w, https:\/\/ferrari-associati.com\/wp-content\/uploads\/2024\/06\/11-Home-Passerella.jpg 1181w\" data-sizes=\"auto\" \/><\/a><\/div><\/div><\/div><\/div><div class=\"awb-swiper-button awb-swiper-button-prev\"><i class=\"awb-icon-angle-left\" aria-hidden=\"true\"><\/i><\/div><div class=\"awb-swiper-button awb-swiper-button-next\"><i class=\"awb-icon-angle-right\" aria-hidden=\"true\"><\/i><\/div><\/div><\/div><\/div><\/div><\/div><\/div><\/p>\n","protected":false},"excerpt":{"rendered":"","protected":false},"author":1,"featured_media":0,"parent":10518,"menu_order":0,"comment_status":"closed","ping_status":"closed","template":"100-width.php","meta":{"footnotes":""},"class_list":["post-10470","page","type-page","status-publish","hentry"],"yoast_head":"<!-- This site is optimized with the Yoast SEO plugin v26.6 - https:\/\/yoast.com\/wordpress\/plugins\/seo\/ -->\n<title>Cage d&#039;Ascenseur Duplex avec Pr\u00e9disposition Suppl\u00e9mentaire - Ferrari e Associati<\/title>\n<meta name=\"robots\" content=\"index, follow, max-snippet:-1, max-image-preview:large, max-video-preview:-1\" \/>\n<link rel=\"canonical\" href=\"https:\/\/ferrari-associati.com\/fr\/projets-executes\/compartiment-elevateur-double-avec-preparation-supplementaire\/\" \/>\n<meta property=\"og:locale\" content=\"fr_FR\" \/>\n<meta property=\"og:type\" content=\"article\" \/>\n<meta property=\"og:title\" content=\"Cage d&#039;Ascenseur Duplex avec Pr\u00e9disposition Suppl\u00e9mentaire - Ferrari e Associati\" \/>\n<meta property=\"og:url\" content=\"https:\/\/ferrari-associati.com\/fr\/projets-executes\/compartiment-elevateur-double-avec-preparation-supplementaire\/\" \/>\n<meta property=\"og:site_name\" content=\"Ferrari e Associati\" \/>\n<meta property=\"article:modified_time\" content=\"2026-01-02T17:10:57+00:00\" \/>\n<meta name=\"twitter:card\" content=\"summary_large_image\" \/>\n<meta name=\"twitter:label1\" content=\"Dur\u00e9e de lecture estim\u00e9e\" \/>\n\t<meta name=\"twitter:data1\" content=\"38 minutes\" \/>\n<script type=\"application\/ld+json\" class=\"yoast-schema-graph\">{\"@context\":\"https:\/\/schema.org\",\"@graph\":[{\"@type\":\"WebPage\",\"@id\":\"https:\/\/ferrari-associati.com\/fr\/projets-executes\/compartiment-elevateur-double-avec-preparation-supplementaire\/\",\"url\":\"https:\/\/ferrari-associati.com\/fr\/projets-executes\/compartiment-elevateur-double-avec-preparation-supplementaire\/\",\"name\":\"Cage d'Ascenseur Duplex avec Pr\u00e9disposition Suppl\u00e9mentaire - Ferrari e Associati\",\"isPartOf\":{\"@id\":\"https:\/\/ferrari-associati.com\/fr\/#website\"},\"datePublished\":\"2024-06-13T08:57:11+00:00\",\"dateModified\":\"2026-01-02T17:10:57+00:00\",\"breadcrumb\":{\"@id\":\"https:\/\/ferrari-associati.com\/fr\/projets-executes\/compartiment-elevateur-double-avec-preparation-supplementaire\/#breadcrumb\"},\"inLanguage\":\"fr-FR\",\"potentialAction\":[{\"@type\":\"ReadAction\",\"target\":[\"https:\/\/ferrari-associati.com\/fr\/projets-executes\/compartiment-elevateur-double-avec-preparation-supplementaire\/\"]}]},{\"@type\":\"BreadcrumbList\",\"@id\":\"https:\/\/ferrari-associati.com\/fr\/projets-executes\/compartiment-elevateur-double-avec-preparation-supplementaire\/#breadcrumb\",\"itemListElement\":[{\"@type\":\"ListItem\",\"position\":1,\"name\":\"Home\",\"item\":\"https:\/\/ferrari-associati.com\/fr\/page-daccueil\/\"},{\"@type\":\"ListItem\",\"position\":2,\"name\":\"Projets ex\u00e9cut\u00e9s\",\"item\":\"https:\/\/ferrari-associati.com\/fr\/projets-executes\/\"},{\"@type\":\"ListItem\",\"position\":3,\"name\":\"Cage d&#8217;Ascenseur Duplex avec Pr\u00e9disposition Suppl\u00e9mentaire\"}]},{\"@type\":\"WebSite\",\"@id\":\"https:\/\/ferrari-associati.com\/fr\/#website\",\"url\":\"https:\/\/ferrari-associati.com\/fr\/\",\"name\":\"Ferrari e Associati\",\"description\":\"\",\"publisher\":{\"@id\":\"https:\/\/ferrari-associati.com\/fr\/#organization\"},\"potentialAction\":[{\"@type\":\"SearchAction\",\"target\":{\"@type\":\"EntryPoint\",\"urlTemplate\":\"https:\/\/ferrari-associati.com\/fr\/?s={search_term_string}\"},\"query-input\":{\"@type\":\"PropertyValueSpecification\",\"valueRequired\":true,\"valueName\":\"search_term_string\"}}],\"inLanguage\":\"fr-FR\"},{\"@type\":\"Organization\",\"@id\":\"https:\/\/ferrari-associati.com\/fr\/#organization\",\"name\":\"Ferrari e Associati\",\"url\":\"https:\/\/ferrari-associati.com\/fr\/\",\"logo\":{\"@type\":\"ImageObject\",\"inLanguage\":\"fr-FR\",\"@id\":\"https:\/\/ferrari-associati.com\/fr\/#\/schema\/logo\/image\/\",\"url\":\"https:\/\/ferrari-associati.com\/wp-content\/uploads\/2024\/05\/00SimboloLogo-FerrariAssociati-sfondo-trasparente.png\",\"contentUrl\":\"https:\/\/ferrari-associati.com\/wp-content\/uploads\/2024\/05\/00SimboloLogo-FerrariAssociati-sfondo-trasparente.png\",\"width\":855,\"height\":1124,\"caption\":\"Ferrari e Associati\"},\"image\":{\"@id\":\"https:\/\/ferrari-associati.com\/fr\/#\/schema\/logo\/image\/\"}}]}<\/script>\n<!-- \/ Yoast SEO plugin. -->","yoast_head_json":{"title":"Cage d'Ascenseur Duplex avec Pr\u00e9disposition Suppl\u00e9mentaire - Ferrari e Associati","robots":{"index":"index","follow":"follow","max-snippet":"max-snippet:-1","max-image-preview":"max-image-preview:large","max-video-preview":"max-video-preview:-1"},"canonical":"https:\/\/ferrari-associati.com\/fr\/projets-executes\/compartiment-elevateur-double-avec-preparation-supplementaire\/","og_locale":"fr_FR","og_type":"article","og_title":"Cage d'Ascenseur Duplex avec Pr\u00e9disposition Suppl\u00e9mentaire - Ferrari e Associati","og_url":"https:\/\/ferrari-associati.com\/fr\/projets-executes\/compartiment-elevateur-double-avec-preparation-supplementaire\/","og_site_name":"Ferrari e Associati","article_modified_time":"2026-01-02T17:10:57+00:00","twitter_card":"summary_large_image","twitter_misc":{"Dur\u00e9e de lecture estim\u00e9e":"38 minutes"},"schema":{"@context":"https:\/\/schema.org","@graph":[{"@type":"WebPage","@id":"https:\/\/ferrari-associati.com\/fr\/projets-executes\/compartiment-elevateur-double-avec-preparation-supplementaire\/","url":"https:\/\/ferrari-associati.com\/fr\/projets-executes\/compartiment-elevateur-double-avec-preparation-supplementaire\/","name":"Cage d'Ascenseur Duplex avec Pr\u00e9disposition Suppl\u00e9mentaire - Ferrari e Associati","isPartOf":{"@id":"https:\/\/ferrari-associati.com\/fr\/#website"},"datePublished":"2024-06-13T08:57:11+00:00","dateModified":"2026-01-02T17:10:57+00:00","breadcrumb":{"@id":"https:\/\/ferrari-associati.com\/fr\/projets-executes\/compartiment-elevateur-double-avec-preparation-supplementaire\/#breadcrumb"},"inLanguage":"fr-FR","potentialAction":[{"@type":"ReadAction","target":["https:\/\/ferrari-associati.com\/fr\/projets-executes\/compartiment-elevateur-double-avec-preparation-supplementaire\/"]}]},{"@type":"BreadcrumbList","@id":"https:\/\/ferrari-associati.com\/fr\/projets-executes\/compartiment-elevateur-double-avec-preparation-supplementaire\/#breadcrumb","itemListElement":[{"@type":"ListItem","position":1,"name":"Home","item":"https:\/\/ferrari-associati.com\/fr\/page-daccueil\/"},{"@type":"ListItem","position":2,"name":"Projets ex\u00e9cut\u00e9s","item":"https:\/\/ferrari-associati.com\/fr\/projets-executes\/"},{"@type":"ListItem","position":3,"name":"Cage d&#8217;Ascenseur Duplex avec Pr\u00e9disposition Suppl\u00e9mentaire"}]},{"@type":"WebSite","@id":"https:\/\/ferrari-associati.com\/fr\/#website","url":"https:\/\/ferrari-associati.com\/fr\/","name":"Ferrari e Associati","description":"","publisher":{"@id":"https:\/\/ferrari-associati.com\/fr\/#organization"},"potentialAction":[{"@type":"SearchAction","target":{"@type":"EntryPoint","urlTemplate":"https:\/\/ferrari-associati.com\/fr\/?s={search_term_string}"},"query-input":{"@type":"PropertyValueSpecification","valueRequired":true,"valueName":"search_term_string"}}],"inLanguage":"fr-FR"},{"@type":"Organization","@id":"https:\/\/ferrari-associati.com\/fr\/#organization","name":"Ferrari e Associati","url":"https:\/\/ferrari-associati.com\/fr\/","logo":{"@type":"ImageObject","inLanguage":"fr-FR","@id":"https:\/\/ferrari-associati.com\/fr\/#\/schema\/logo\/image\/","url":"https:\/\/ferrari-associati.com\/wp-content\/uploads\/2024\/05\/00SimboloLogo-FerrariAssociati-sfondo-trasparente.png","contentUrl":"https:\/\/ferrari-associati.com\/wp-content\/uploads\/2024\/05\/00SimboloLogo-FerrariAssociati-sfondo-trasparente.png","width":855,"height":1124,"caption":"Ferrari e Associati"},"image":{"@id":"https:\/\/ferrari-associati.com\/fr\/#\/schema\/logo\/image\/"}}]}},"_links":{"self":[{"href":"https:\/\/ferrari-associati.com\/fr\/wp-json\/wp\/v2\/pages\/10470","targetHints":{"allow":["GET"]}}],"collection":[{"href":"https:\/\/ferrari-associati.com\/fr\/wp-json\/wp\/v2\/pages"}],"about":[{"href":"https:\/\/ferrari-associati.com\/fr\/wp-json\/wp\/v2\/types\/page"}],"author":[{"embeddable":true,"href":"https:\/\/ferrari-associati.com\/fr\/wp-json\/wp\/v2\/users\/1"}],"replies":[{"embeddable":true,"href":"https:\/\/ferrari-associati.com\/fr\/wp-json\/wp\/v2\/comments?post=10470"}],"version-history":[{"count":19,"href":"https:\/\/ferrari-associati.com\/fr\/wp-json\/wp\/v2\/pages\/10470\/revisions"}],"predecessor-version":[{"id":14881,"href":"https:\/\/ferrari-associati.com\/fr\/wp-json\/wp\/v2\/pages\/10470\/revisions\/14881"}],"up":[{"embeddable":true,"href":"https:\/\/ferrari-associati.com\/fr\/wp-json\/wp\/v2\/pages\/10518"}],"wp:attachment":[{"href":"https:\/\/ferrari-associati.com\/fr\/wp-json\/wp\/v2\/media?parent=10470"}],"curies":[{"name":"wp","href":"https:\/\/api.w.org\/{rel}","templated":true}]}}