{"id":10243,"date":"2024-06-12T17:58:05","date_gmt":"2024-06-12T15:58:05","guid":{"rendered":"https:\/\/sviluppo.ferrari-associati.com\/wp\/compartiment-elevateur-avec-passerelles-integrees\/"},"modified":"2026-01-02T19:10:33","modified_gmt":"2026-01-02T17:10:33","slug":"compartiment-elevateur-avec-passerelles-integrees","status":"publish","type":"page","link":"https:\/\/ferrari-associati.com\/fr\/projets-executes\/compartiment-elevateur-avec-passerelles-integrees\/","title":{"rendered":"Compartiment \u00e9l\u00e9vateur avec passerelles int\u00e9gr\u00e9es"},"content":{"rendered":"<p><div class=\"fusion-fullwidth fullwidth-box fusion-builder-row-1 fusion-flex-container has-mask-background moving-background nonhundred-percent-fullwidth hundred-percent-height hundred-percent-height-center-content non-hundred-percent-height-scrolling\" style=\"--awb-border-radius-top-left:0px;--awb-border-radius-top-right:0px;--awb-border-radius-bottom-right:0px;--awb-border-radius-bottom-left:0px;--awb-padding-top:0px;--awb-padding-bottom:0px;--awb-padding-top-medium:80px;--awb-padding-bottom-medium:80px;--awb-padding-top-small:30px;--awb-padding-bottom-small:30px;--awb-background-color:var(--awb-color7);--awb-flex-wrap:wrap;\" ><div class=\"fusion-builder-row fusion-row fusion-flex-align-items-center fusion-flex-align-content-center fusion-flex-content-wrap\" style=\"max-width:1320.8px;margin-left: calc(-4% \/ 2 );margin-right: calc(-4% \/ 2 );\"><div class=\"fusion-layout-column fusion_builder_column fusion-builder-column-0 fusion_builder_column_1_1 1_1 fusion-flex-column\" style=\"--awb-bg-size:cover;--awb-width-large:100%;--awb-margin-top-large:25px;--awb-spacing-right-large:1.92%;--awb-margin-bottom-large:25px;--awb-spacing-left-large:1.92%;--awb-width-medium:100%;--awb-order-medium:0;--awb-spacing-right-medium:1.92%;--awb-spacing-left-medium:1.92%;--awb-width-small:100%;--awb-order-small:0;--awb-spacing-right-small:1.92%;--awb-spacing-left-small:1.92%;\"><div class=\"fusion-column-wrapper fusion-column-has-shadow fusion-flex-justify-content-flex-start fusion-content-layout-column\"><div class=\"fusion-title title fusion-title-1 fusion-sep-none fusion-title-center fusion-title-text fusion-title-size-one\" style=\"--awb-text-color:var(--awb-color1);--awb-margin-bottom-small:24px;--awb-font-size:55px;\"><h1 class=\"fusion-title-heading title-heading-center fusion-responsive-typography-calculated\" style=\"font-family:&#039;Trebuchet MS&#039;, Helvetica, sans-serif;font-style:normal;font-weight:400;margin:0;font-size:1em;text-transform:uppercase;--fontSize:55;line-height:var(--awb-typography1-line-height);text-shadow:2px 2px 4px rgba(0,0,0,0.5);\">Cage d&rsquo;Ascenseur pour l&rsquo;\u00c9limination des Barri\u00e8res Architecturales<\/h1><\/div><div class=\"fusion-title title fusion-title-2 fusion-sep-none fusion-title-center fusion-title-text fusion-title-size-two\" style=\"--awb-text-color:var(--awb-color1);--awb-margin-bottom:72px;--awb-margin-bottom-small:24px;--awb-font-size:40px;\"><h2 class=\"fusion-title-heading title-heading-center fusion-responsive-typography-calculated\" style=\"font-family:&#039;Trebuchet MS&#039;, Helvetica, sans-serif;font-style:normal;font-weight:400;margin:0;font-size:1em;text-transform:uppercase;--fontSize:40;line-height:1.26;text-shadow:2px 2px 4px rgba(0,0,0,0.5);\">Project Classic avec passerelles int\u00e9gr\u00e9es<\/h2><\/div><\/div><\/div><\/div><\/div><div class=\"fusion-fullwidth fullwidth-box fusion-builder-row-2 fusion-flex-container has-pattern-background has-mask-background nonhundred-percent-fullwidth non-hundred-percent-height-scrolling\" style=\"--awb-border-radius-top-left:0px;--awb-border-radius-top-right:0px;--awb-border-radius-bottom-right:0px;--awb-border-radius-bottom-left:0px;--awb-padding-top:3%;--awb-flex-wrap:wrap;\" ><div class=\"fusion-builder-row fusion-row fusion-flex-align-items-center fusion-flex-content-wrap\" style=\"max-width:1320.8px;margin-left: calc(-4% \/ 2 );margin-right: calc(-4% \/ 2 );\"><div class=\"fusion-layout-column fusion_builder_column fusion-builder-column-1 fusion_builder_column_1_1 1_1 fusion-flex-column\" style=\"--awb-bg-size:cover;--awb-width-large:100%;--awb-margin-top-large:25px;--awb-spacing-right-large:1.92%;--awb-margin-bottom-large:25px;--awb-spacing-left-large:1.92%;--awb-width-medium:100%;--awb-order-medium:0;--awb-spacing-right-medium:1.92%;--awb-spacing-left-medium:1.92%;--awb-width-small:100%;--awb-order-small:0;--awb-spacing-right-small:1.92%;--awb-spacing-left-small:1.92%;\"><div class=\"fusion-column-wrapper fusion-column-has-shadow fusion-flex-justify-content-flex-start fusion-content-layout-column\"><div class=\"fusion-title title fusion-title-3 fusion-sep-none fusion-title-center fusion-title-text fusion-title-size-three\"><h3 class=\"fusion-title-heading title-heading-center fusion-responsive-typography-calculated\" style=\"font-family:&#039;Trebuchet MS&#039;, Helvetica, sans-serif;font-style:normal;font-weight:400;margin:0;text-transform:uppercase;--fontSize:28;line-height:1.32;\"><strong>Cage d&rsquo;Ascenseur pour l&rsquo;\u00c9limination des Barri\u00e8res Architecturales<\/strong><\/h3><\/div><div class=\"fusion-text fusion-text-1\" style=\"--awb-content-alignment:center;\"><p>\u200dInstallation <strong>Lieu :<\/strong> Milan<strong>Statut :<\/strong> Achev\u00e9<strong>Produit :<\/strong> Project Classic avec passerelles int\u00e9gr\u00e9es<\/p>\n<\/div><div class=\"fusion-text fusion-text-2\" style=\"--awb-content-alignment:center;--awb-margin-top:10px;\"><p>Dans la ville de Milan, dans un immeuble r\u00e9sidentiel o\u00f9 les copropri\u00e9taires avaient besoin d&rsquo;un acc\u00e8s facile et sans obstacle, nous avons construit une cage d&rsquo;ascenseur Project Classic avec des passerelles ferm\u00e9es int\u00e9gr\u00e9es. Cette solution a permis d&rsquo;augmenter la taille des espaces de d\u00e9barquement, de les rendre \u00e9galement adapt\u00e9s aux personnes handicap\u00e9es et d&rsquo;en prot\u00e9ger l&rsquo;acc\u00e8s contre les intemp\u00e9ries. La cage d&rsquo;ascenseur comprend des fen\u00eatres qui permettent de maintenir le bon rapport ventilation\/\u00e9clairage dans la cage d&rsquo;escalier \u00e0 laquelle elle est reli\u00e9e. En outre, comme il s&rsquo;agit d&rsquo;une solution sans obstacle, elle permet de b\u00e9n\u00e9ficier d&rsquo;avantages fiscaux, ce qui repr\u00e9sente un avantage suppl\u00e9mentaire pour les r\u00e9sidents.<\/p>\n<\/div><\/div><\/div><div class=\"fusion-layout-column fusion_builder_column fusion-builder-column-2 fusion_builder_column_1_1 1_1 fusion-flex-column\" style=\"--awb-bg-size:cover;--awb-width-large:100%;--awb-margin-top-large:25px;--awb-spacing-right-large:1.92%;--awb-margin-bottom-large:25px;--awb-spacing-left-large:1.92%;--awb-width-medium:100%;--awb-order-medium:0;--awb-spacing-right-medium:1.92%;--awb-spacing-left-medium:1.92%;--awb-width-small:100%;--awb-order-small:0;--awb-spacing-right-small:1.92%;--awb-spacing-left-small:1.92%;\"><div class=\"fusion-column-wrapper fusion-column-has-shadow fusion-flex-justify-content-flex-start fusion-content-layout-column\"><div class=\"fusion-image-element \" style=\"--awb-caption-title-font-family:var(--h2_typography-font-family);--awb-caption-title-font-weight:var(--h2_typography-font-weight);--awb-caption-title-font-style:var(--h2_typography-font-style);--awb-caption-title-size:var(--h2_typography-font-size);--awb-caption-title-transform:var(--h2_typography-text-transform);--awb-caption-title-line-height:var(--h2_typography-line-height);--awb-caption-title-letter-spacing:var(--h2_typography-letter-spacing);\"><span class=\" fusion-imageframe imageframe-none imageframe-1 hover-type-none\"><img decoding=\"async\" width=\"2362\" height=\"1670\" title=\"Rendering Layout\" src=\"https:\/\/ferrari-associati.com\/wp-content\/uploads\/2024\/06\/01-Rendering-Passerelle-Integrate-1.jpg\" data-orig-src=\"https:\/\/ferrari-associati.com\/wp-content\/uploads\/2024\/06\/01-Rendering-Passerelle-Integrate-1.jpg\" alt class=\"lazyload img-responsive wp-image-6958\" srcset=\"data:image\/svg+xml,%3Csvg%20xmlns%3D%27http%3A%2F%2Fwww.w3.org%2F2000%2Fsvg%27%20width%3D%272362%27%20height%3D%271670%27%20viewBox%3D%270%200%202362%201670%27%3E%3Crect%20width%3D%272362%27%20height%3D%271670%27%20fill-opacity%3D%220%22%2F%3E%3C%2Fsvg%3E\" data-srcset=\"https:\/\/ferrari-associati.com\/wp-content\/uploads\/2024\/06\/01-Rendering-Passerelle-Integrate-1-200x141.jpg 200w, https:\/\/ferrari-associati.com\/wp-content\/uploads\/2024\/06\/01-Rendering-Passerelle-Integrate-1-400x283.jpg 400w, https:\/\/ferrari-associati.com\/wp-content\/uploads\/2024\/06\/01-Rendering-Passerelle-Integrate-1-600x424.jpg 600w, https:\/\/ferrari-associati.com\/wp-content\/uploads\/2024\/06\/01-Rendering-Passerelle-Integrate-1-800x566.jpg 800w, https:\/\/ferrari-associati.com\/wp-content\/uploads\/2024\/06\/01-Rendering-Passerelle-Integrate-1-1200x848.jpg 1200w, https:\/\/ferrari-associati.com\/wp-content\/uploads\/2024\/06\/01-Rendering-Passerelle-Integrate-1.jpg 2362w\" data-sizes=\"auto\" data-orig-sizes=\"(max-width: 1024px) 100vw, (max-width: 640px) 100vw, 2362px\" \/><\/span><\/div><\/div><\/div><div class=\"fusion-layout-column fusion_builder_column fusion-builder-column-3 fusion_builder_column_1_2 1_2 fusion-flex-column\" style=\"--awb-bg-size:cover;--awb-width-large:50%;--awb-margin-top-large:25px;--awb-spacing-right-large:3.84%;--awb-margin-bottom-large:25px;--awb-spacing-left-large:3.84%;--awb-width-medium:100%;--awb-order-medium:0;--awb-spacing-right-medium:1.92%;--awb-spacing-left-medium:1.92%;--awb-width-small:100%;--awb-order-small:0;--awb-spacing-right-small:1.92%;--awb-spacing-left-small:1.92%;\"><div class=\"fusion-column-wrapper fusion-column-has-shadow fusion-flex-justify-content-flex-start fusion-content-layout-column\"><div class=\"fusion-image-element \" style=\"--awb-caption-title-font-family:var(--h2_typography-font-family);--awb-caption-title-font-weight:var(--h2_typography-font-weight);--awb-caption-title-font-style:var(--h2_typography-font-style);--awb-caption-title-size:var(--h2_typography-font-size);--awb-caption-title-transform:var(--h2_typography-text-transform);--awb-caption-title-line-height:var(--h2_typography-line-height);--awb-caption-title-letter-spacing:var(--h2_typography-letter-spacing);\"><span class=\" fusion-imageframe imageframe-none imageframe-2 hover-type-none\"><img decoding=\"async\" width=\"2362\" height=\"1671\" title=\"02 Tegnici Passerelle Integrate\" src=\"https:\/\/ferrari-associati.com\/wp-content\/uploads\/2024\/06\/02-Tegnici-Passerelle-Integrate.jpg\" data-orig-src=\"https:\/\/ferrari-associati.com\/wp-content\/uploads\/2024\/06\/02-Tegnici-Passerelle-Integrate.jpg\" alt class=\"lazyload img-responsive wp-image-6973\" srcset=\"data:image\/svg+xml,%3Csvg%20xmlns%3D%27http%3A%2F%2Fwww.w3.org%2F2000%2Fsvg%27%20width%3D%272362%27%20height%3D%271671%27%20viewBox%3D%270%200%202362%201671%27%3E%3Crect%20width%3D%272362%27%20height%3D%271671%27%20fill-opacity%3D%220%22%2F%3E%3C%2Fsvg%3E\" data-srcset=\"https:\/\/ferrari-associati.com\/wp-content\/uploads\/2024\/06\/02-Tegnici-Passerelle-Integrate-200x141.jpg 200w, https:\/\/ferrari-associati.com\/wp-content\/uploads\/2024\/06\/02-Tegnici-Passerelle-Integrate-400x283.jpg 400w, https:\/\/ferrari-associati.com\/wp-content\/uploads\/2024\/06\/02-Tegnici-Passerelle-Integrate-600x424.jpg 600w, https:\/\/ferrari-associati.com\/wp-content\/uploads\/2024\/06\/02-Tegnici-Passerelle-Integrate-800x566.jpg 800w, https:\/\/ferrari-associati.com\/wp-content\/uploads\/2024\/06\/02-Tegnici-Passerelle-Integrate-1200x849.jpg 1200w, https:\/\/ferrari-associati.com\/wp-content\/uploads\/2024\/06\/02-Tegnici-Passerelle-Integrate.jpg 2362w\" data-sizes=\"auto\" data-orig-sizes=\"(max-width: 1024px) 100vw, (max-width: 640px) 100vw, 600px\" \/><\/span><\/div><\/div><\/div><div class=\"fusion-layout-column fusion_builder_column fusion-builder-column-4 fusion_builder_column_1_2 1_2 fusion-flex-column\" style=\"--awb-bg-size:cover;--awb-width-large:50%;--awb-margin-top-large:25px;--awb-spacing-right-large:3.84%;--awb-margin-bottom-large:25px;--awb-spacing-left-large:3.84%;--awb-width-medium:100%;--awb-order-medium:0;--awb-spacing-right-medium:1.92%;--awb-spacing-left-medium:1.92%;--awb-width-small:100%;--awb-order-small:0;--awb-spacing-right-small:1.92%;--awb-spacing-left-small:1.92%;\"><div class=\"fusion-column-wrapper fusion-column-has-shadow fusion-flex-justify-content-flex-start fusion-content-layout-column\"><div class=\"fusion-image-element \" style=\"--awb-caption-title-font-family:var(--h2_typography-font-family);--awb-caption-title-font-weight:var(--h2_typography-font-weight);--awb-caption-title-font-style:var(--h2_typography-font-style);--awb-caption-title-size:var(--h2_typography-font-size);--awb-caption-title-transform:var(--h2_typography-text-transform);--awb-caption-title-line-height:var(--h2_typography-line-height);--awb-caption-title-letter-spacing:var(--h2_typography-letter-spacing);\"><span class=\" fusion-imageframe imageframe-none imageframe-3 hover-type-none\"><img decoding=\"async\" width=\"2362\" height=\"1671\" title=\"Untitled\" src=\"https:\/\/ferrari-associati.com\/wp-content\/uploads\/2024\/06\/02-Tecnici-Passerelle-Integrate1.jpg\" data-orig-src=\"https:\/\/ferrari-associati.com\/wp-content\/uploads\/2024\/06\/02-Tecnici-Passerelle-Integrate1.jpg\" alt class=\"lazyload img-responsive wp-image-6968\" srcset=\"data:image\/svg+xml,%3Csvg%20xmlns%3D%27http%3A%2F%2Fwww.w3.org%2F2000%2Fsvg%27%20width%3D%272362%27%20height%3D%271671%27%20viewBox%3D%270%200%202362%201671%27%3E%3Crect%20width%3D%272362%27%20height%3D%271671%27%20fill-opacity%3D%220%22%2F%3E%3C%2Fsvg%3E\" data-srcset=\"https:\/\/ferrari-associati.com\/wp-content\/uploads\/2024\/06\/02-Tecnici-Passerelle-Integrate1-200x141.jpg 200w, https:\/\/ferrari-associati.com\/wp-content\/uploads\/2024\/06\/02-Tecnici-Passerelle-Integrate1-400x283.jpg 400w, https:\/\/ferrari-associati.com\/wp-content\/uploads\/2024\/06\/02-Tecnici-Passerelle-Integrate1-600x424.jpg 600w, https:\/\/ferrari-associati.com\/wp-content\/uploads\/2024\/06\/02-Tecnici-Passerelle-Integrate1-800x566.jpg 800w, https:\/\/ferrari-associati.com\/wp-content\/uploads\/2024\/06\/02-Tecnici-Passerelle-Integrate1-1200x849.jpg 1200w, https:\/\/ferrari-associati.com\/wp-content\/uploads\/2024\/06\/02-Tecnici-Passerelle-Integrate1.jpg 2362w\" data-sizes=\"auto\" data-orig-sizes=\"(max-width: 1024px) 100vw, (max-width: 640px) 100vw, 600px\" \/><\/span><\/div><\/div><\/div><div class=\"fusion-layout-column fusion_builder_column fusion-builder-column-5 fusion_builder_column_1_1 1_1 fusion-flex-column\" style=\"--awb-bg-size:cover;--awb-width-large:100%;--awb-margin-top-large:25px;--awb-spacing-right-large:1.92%;--awb-margin-bottom-large:25px;--awb-spacing-left-large:1.92%;--awb-width-medium:100%;--awb-order-medium:0;--awb-spacing-right-medium:1.92%;--awb-spacing-left-medium:1.92%;--awb-width-small:100%;--awb-order-small:0;--awb-spacing-right-small:1.92%;--awb-spacing-left-small:1.92%;\"><div class=\"fusion-column-wrapper fusion-column-has-shadow fusion-flex-justify-content-flex-start fusion-content-layout-column\"><div class=\"fusion-image-element \" style=\"--awb-caption-title-font-family:var(--h2_typography-font-family);--awb-caption-title-font-weight:var(--h2_typography-font-weight);--awb-caption-title-font-style:var(--h2_typography-font-style);--awb-caption-title-size:var(--h2_typography-font-size);--awb-caption-title-transform:var(--h2_typography-text-transform);--awb-caption-title-line-height:var(--h2_typography-line-height);--awb-caption-title-letter-spacing:var(--h2_typography-letter-spacing);\"><span class=\" fusion-imageframe imageframe-none imageframe-4 hover-type-none\"><img decoding=\"async\" width=\"3319\" height=\"413\" title=\"00 Tabella Vano Passerelle Integrate\" src=\"https:\/\/ferrari-associati.com\/wp-content\/uploads\/2024\/06\/00-Tabella-Vano-Passerelle-Integrate.png\" data-orig-src=\"https:\/\/ferrari-associati.com\/wp-content\/uploads\/2024\/06\/00-Tabella-Vano-Passerelle-Integrate.png\" alt class=\"lazyload img-responsive wp-image-6953\" srcset=\"data:image\/svg+xml,%3Csvg%20xmlns%3D%27http%3A%2F%2Fwww.w3.org%2F2000%2Fsvg%27%20width%3D%273319%27%20height%3D%27413%27%20viewBox%3D%270%200%203319%20413%27%3E%3Crect%20width%3D%273319%27%20height%3D%27413%27%20fill-opacity%3D%220%22%2F%3E%3C%2Fsvg%3E\" data-srcset=\"https:\/\/ferrari-associati.com\/wp-content\/uploads\/2024\/06\/00-Tabella-Vano-Passerelle-Integrate-200x25.png 200w, https:\/\/ferrari-associati.com\/wp-content\/uploads\/2024\/06\/00-Tabella-Vano-Passerelle-Integrate-400x50.png 400w, https:\/\/ferrari-associati.com\/wp-content\/uploads\/2024\/06\/00-Tabella-Vano-Passerelle-Integrate-600x75.png 600w, https:\/\/ferrari-associati.com\/wp-content\/uploads\/2024\/06\/00-Tabella-Vano-Passerelle-Integrate-800x100.png 800w, https:\/\/ferrari-associati.com\/wp-content\/uploads\/2024\/06\/00-Tabella-Vano-Passerelle-Integrate-1200x149.png 1200w, https:\/\/ferrari-associati.com\/wp-content\/uploads\/2024\/06\/00-Tabella-Vano-Passerelle-Integrate.png 3319w\" data-sizes=\"auto\" data-orig-sizes=\"(max-width: 1024px) 100vw, (max-width: 640px) 100vw, 3319px\" \/><\/span><\/div><\/div><\/div><div class=\"fusion-layout-column fusion_builder_column fusion-builder-column-6 fusion_builder_column_1_1 1_1 fusion-flex-column\" style=\"--awb-bg-size:cover;--awb-width-large:100%;--awb-margin-top-large:25px;--awb-spacing-right-large:1.92%;--awb-margin-bottom-large:25px;--awb-spacing-left-large:1.92%;--awb-width-medium:100%;--awb-order-medium:0;--awb-spacing-right-medium:1.92%;--awb-spacing-left-medium:1.92%;--awb-width-small:100%;--awb-order-small:0;--awb-spacing-right-small:1.92%;--awb-spacing-left-small:1.92%;\"><div class=\"fusion-column-wrapper fusion-column-has-shadow fusion-flex-justify-content-flex-start fusion-content-layout-column\"><div class=\"accordian fusion-accordian\" style=\"--awb-border-size:1px;--awb-icon-size:16px;--awb-content-font-size:var(--awb-typography4-font-size);--awb-icon-alignment:left;--awb-hover-color:var(--awb-color2);--awb-border-color:var(--awb-color3);--awb-background-color:var(--awb-color1);--awb-divider-color:var(--awb-color3);--awb-divider-hover-color:var(--awb-color3);--awb-icon-color:var(--awb-color1);--awb-title-color:var(--awb-color8);--awb-content-color:var(--awb-custom_color_1);--awb-icon-box-color:var(--awb-color8);--awb-toggle-hover-accent-color:rgba(79,146,168,0.99);--awb-title-font-family:&#039;Trebuchet MS&#039;, Helvetica, sans-serif;--awb-title-font-weight:var(--awb-typography1);--awb-title-font-style:normal;--awb-title-font-size:16px;--awb-title-line-height:1.34;--awb-content-font-family:&#039;Trebuchet MS&#039;, Helvetica, sans-serif;--awb-content-font-style:normal;--awb-content-font-weight:400;\"><div class=\"panel-group fusion-toggle-icon-boxed\" id=\"accordion-10243-1\"><div class=\"fusion-panel panel-default panel-3c2f791f45ad5b2b3 fusion-toggle-no-divider fusion-toggle-boxed-mode\"><div class=\"panel-heading\"><h4 class=\"panel-title toggle\" id=\"toggle_3c2f791f45ad5b2b3\"><a aria-expanded=\"false\" aria-controls=\"3c2f791f45ad5b2b3\" role=\"button\" data-toggle=\"collapse\" data-parent=\"#accordion-10243-1\" data-target=\"#3c2f791f45ad5b2b3\" href=\"#3c2f791f45ad5b2b3\"><span class=\"fusion-toggle-icon-wrapper\" aria-hidden=\"true\"><i class=\"fa-fusion-box active-icon awb-icon-minus\" aria-hidden=\"true\"><\/i><i class=\"fa-fusion-box inactive-icon awb-icon-plus\" aria-hidden=\"true\"><\/i><\/span><span class=\"fusion-toggle-heading\">Conception et sp\u00e9cifications<\/span><\/a><\/h4><\/div><div id=\"3c2f791f45ad5b2b3\" class=\"panel-collapse collapse \" aria-labelledby=\"toggle_3c2f791f45ad5b2b3\"><div class=\"panel-body toggle-content fusion-clearfix\">\n<p>Le plan pr\u00e9voyait que le rez-de-chauss\u00e9e soit d\u00e9gag\u00e9 par la porte d&rsquo;acc\u00e8s au b\u00e2timent. Pour cette raison, nous avons d\u00e9cid\u00e9 de placer la premi\u00e8re passerelle ferm\u00e9e au niveau du premier palier, laissant l&rsquo;acc\u00e8s au rez-de-chauss\u00e9e compl\u00e8tement ouvert. Chaque \u00e9l\u00e9ment de la structure a \u00e9t\u00e9 con\u00e7u de mani\u00e8re lin\u00e9aire pour faciliter le transport et l&rsquo;insertion dans le b\u00e2timent, comme le montrent les photos ci-jointes.<\/p>\n<\/div><\/div><\/div><div class=\"fusion-panel panel-default panel-fed3988fb17e92a08 fusion-toggle-no-divider fusion-toggle-boxed-mode\"><div class=\"panel-heading\"><h4 class=\"panel-title toggle\" id=\"toggle_fed3988fb17e92a08\"><a aria-expanded=\"false\" aria-controls=\"fed3988fb17e92a08\" role=\"button\" data-toggle=\"collapse\" data-parent=\"#accordion-10243-1\" data-target=\"#fed3988fb17e92a08\" href=\"#fed3988fb17e92a08\"><span class=\"fusion-toggle-icon-wrapper\" aria-hidden=\"true\"><i class=\"fa-fusion-box active-icon awb-icon-minus\" aria-hidden=\"true\"><\/i><i class=\"fa-fusion-box inactive-icon awb-icon-plus\" aria-hidden=\"true\"><\/i><\/span><span class=\"fusion-toggle-heading\">Pr\u00e9paration et transport<\/span><\/a><\/h4><\/div><div id=\"fed3988fb17e92a08\" class=\"panel-collapse collapse \" aria-labelledby=\"toggle_fed3988fb17e92a08\"><div class=\"panel-body toggle-content fusion-clearfix\">\n<p>Les composants lin\u00e9aires de la cage d&rsquo;ascenseur sont con\u00e7us et fabriqu\u00e9s dans l&rsquo;atelier, ce qui garantit une qualit\u00e9 et une pr\u00e9cision \u00e9lev\u00e9es. La d\u00e9cision d&rsquo;utiliser des \u00e9l\u00e9ments lin\u00e9aires s&rsquo;est av\u00e9r\u00e9e cruciale pour faciliter le transport dans les rues \u00e9troites de Milan et l&rsquo;acc\u00e8s limit\u00e9 \u00e0 la cour int\u00e9rieure du b\u00e2timent. Chaque pi\u00e8ce a \u00e9t\u00e9 soigneusement emball\u00e9e et transport\u00e9e sur le chantier, pr\u00eate \u00e0 \u00eatre install\u00e9e.<\/p>\n<\/div><\/div><\/div><div class=\"fusion-panel panel-default panel-c26d383257d1225bf fusion-toggle-no-divider fusion-toggle-boxed-mode\"><div class=\"panel-heading\"><h4 class=\"panel-title toggle\" id=\"toggle_c26d383257d1225bf\"><a aria-expanded=\"false\" aria-controls=\"c26d383257d1225bf\" role=\"button\" data-toggle=\"collapse\" data-parent=\"#accordion-10243-1\" data-target=\"#c26d383257d1225bf\" href=\"#c26d383257d1225bf\"><span class=\"fusion-toggle-icon-wrapper\" aria-hidden=\"true\"><i class=\"fa-fusion-box active-icon awb-icon-minus\" aria-hidden=\"true\"><\/i><i class=\"fa-fusion-box inactive-icon awb-icon-plus\" aria-hidden=\"true\"><\/i><\/span><span class=\"fusion-toggle-heading\">Installation du site<\/span><\/a><\/h4><\/div><div id=\"c26d383257d1225bf\" class=\"panel-collapse collapse \" aria-labelledby=\"toggle_c26d383257d1225bf\"><div class=\"panel-body toggle-content fusion-clearfix\">\n<p>L&rsquo;installation de la cage d&rsquo;ascenseur a commenc\u00e9 par la pr\u00e9paration de la base et la v\u00e9rification des structures de soutien existantes. Les techniciens ont travaill\u00e9 avec pr\u00e9cision pour s&rsquo;assurer que la structure \u00e9tait correctement align\u00e9e. Les photos montrent le processus d&rsquo;assemblage de la cage d&rsquo;ascenseur, qui a \u00e9t\u00e9 d\u00e9velopp\u00e9e progressivement du rez-de-chauss\u00e9e aux \u00e9tages sup\u00e9rieurs.<\/p>\n<p>Des passerelles ferm\u00e9es ont ensuite \u00e9t\u00e9 install\u00e9es \u00e0 partir du premier palier, cr\u00e9ant ainsi des espaces larges et prot\u00e9g\u00e9s, parfaits pour les personnes handicap\u00e9es. La cage d&rsquo;ascenseur, qui est enti\u00e8rement vitr\u00e9e, comporte des fen\u00eatres int\u00e9gr\u00e9es qui permettent de maintenir le bon rapport ventilation\/\u00e9clairage de la cage d&rsquo;escalier \u00e0 laquelle elle est reli\u00e9e. Cela a permis non seulement d&rsquo;am\u00e9liorer l&rsquo;accessibilit\u00e9, mais aussi de garantir un environnement lumineux et bien ventil\u00e9, ce qui est essentiel pour le confort des utilisateurs.<\/p>\n<\/div><\/div><\/div><div class=\"fusion-panel panel-default panel-4ba5072a37390689c fusion-toggle-no-divider fusion-toggle-boxed-mode\"><div class=\"panel-heading\"><h4 class=\"panel-title toggle\" id=\"toggle_4ba5072a37390689c\"><a aria-expanded=\"false\" aria-controls=\"4ba5072a37390689c\" role=\"button\" data-toggle=\"collapse\" data-parent=\"#accordion-10243-1\" data-target=\"#4ba5072a37390689c\" href=\"#4ba5072a37390689c\"><span class=\"fusion-toggle-icon-wrapper\" aria-hidden=\"true\"><i class=\"fa-fusion-box active-icon awb-icon-minus\" aria-hidden=\"true\"><\/i><i class=\"fa-fusion-box inactive-icon awb-icon-plus\" aria-hidden=\"true\"><\/i><\/span><span class=\"fusion-toggle-heading\">Avantages fiscaux<\/span><\/a><\/h4><\/div><div id=\"4ba5072a37390689c\" class=\"panel-collapse collapse \" aria-labelledby=\"toggle_4ba5072a37390689c\"><div class=\"panel-body toggle-content fusion-clearfix\">\n<p>L&rsquo;adoption de solutions sans obstacles a non seulement am\u00e9lior\u00e9 l&rsquo;accessibilit\u00e9 et la qualit\u00e9 de vie des r\u00e9sidents, mais a \u00e9galement offert des avantages fiscaux significatifs. Les interventions visant \u00e0 \u00e9liminer les barri\u00e8res architecturales peuvent en effet b\u00e9n\u00e9ficier d&rsquo;un all\u00e8gement fiscal, ce qui repr\u00e9sente des \u00e9conomies significatives pour les copropri\u00e9t\u00e9s.<\/p>\n<\/div><\/div><\/div><div class=\"fusion-panel panel-default panel-22e8658db93decff3 fusion-toggle-no-divider fusion-toggle-boxed-mode\"><div class=\"panel-heading\"><h4 class=\"panel-title toggle\" id=\"toggle_22e8658db93decff3\"><a aria-expanded=\"false\" aria-controls=\"22e8658db93decff3\" role=\"button\" data-toggle=\"collapse\" data-parent=\"#accordion-10243-1\" data-target=\"#22e8658db93decff3\" href=\"#22e8658db93decff3\"><span class=\"fusion-toggle-icon-wrapper\" aria-hidden=\"true\"><i class=\"fa-fusion-box active-icon awb-icon-minus\" aria-hidden=\"true\"><\/i><i class=\"fa-fusion-box inactive-icon awb-icon-plus\" aria-hidden=\"true\"><\/i><\/span><span class=\"fusion-toggle-heading\">R\u00e9sultat final<\/span><\/a><\/h4><\/div><div id=\"22e8658db93decff3\" class=\"panel-collapse collapse \" aria-labelledby=\"toggle_22e8658db93decff3\"><div class=\"panel-body toggle-content fusion-clearfix\">\n<p>Le r\u00e9sultat final a d\u00e9pass\u00e9 les attentes : la cage d&rsquo;ascenseur \u00ab\u00a0Project Classic\u00a0\u00bb a non seulement r\u00e9pondu aux exigences techniques, mais a \u00e9galement ajout\u00e9 une touche de modernit\u00e9 \u00e0 l&rsquo;immeuble r\u00e9sidentiel. Les copropri\u00e9taires peuvent d\u00e9sormais se d\u00e9placer confortablement d&rsquo;un \u00e9tage \u00e0 l&rsquo;autre, en b\u00e9n\u00e9ficiant d&rsquo;un acc\u00e8s sans obstacle et prot\u00e9g\u00e9 des intemp\u00e9ries.<\/p>\n<p>Ce projet a d\u00e9montr\u00e9 notre capacit\u00e9 \u00e0 relever des d\u00e9fis logistiques et architecturaux, en fournissant des solutions sur mesure qui r\u00e9pondent aux besoins sp\u00e9cifiques de nos clients. La structure de la cage d&rsquo;ascenseur, avec ses composants lin\u00e9aires et son installation pr\u00e9cise, est un excellent exemple de la mani\u00e8re dont la fonctionnalit\u00e9 et le design peuvent coexister harmonieusement, am\u00e9liorant ainsi la qualit\u00e9 de vie des r\u00e9sidents.<\/p>\n<p>Les photos ci-jointes illustrent clairement l&rsquo;avancement du chantier et le r\u00e9sultat final, mettant en \u00e9vidence le soin et la pr\u00e9cision avec lesquels chaque \u00e9tape a \u00e9t\u00e9 r\u00e9alis\u00e9e. La structure finale n&rsquo;est pas seulement fonctionnelle, elle est aussi un \u00e9l\u00e9ment esth\u00e9tique distinctif qui a enrichi le b\u00e2timent.<\/p>\n<\/div><\/div><\/div><\/div><\/div><\/div><\/div><\/div><\/div><div class=\"fusion-fullwidth fullwidth-box fusion-builder-row-3 fusion-flex-container has-pattern-background has-mask-background nonhundred-percent-fullwidth non-hundred-percent-height-scrolling\" style=\"--awb-border-radius-top-left:0px;--awb-border-radius-top-right:0px;--awb-border-radius-bottom-right:0px;--awb-border-radius-bottom-left:0px;--awb-background-color:var(--awb-color8);--awb-flex-wrap:wrap;\" ><div class=\"fusion-builder-row fusion-row fusion-flex-align-items-flex-start fusion-flex-content-wrap\" style=\"max-width:1320.8px;margin-left: calc(-4% \/ 2 );margin-right: calc(-4% \/ 2 );\"><div class=\"fusion-layout-column fusion_builder_column fusion-builder-column-7 fusion_builder_column_1_1 1_1 fusion-flex-column\" style=\"--awb-bg-size:cover;--awb-width-large:100%;--awb-margin-top-large:25px;--awb-spacing-right-large:1.92%;--awb-margin-bottom-large:25px;--awb-spacing-left-large:1.92%;--awb-width-medium:100%;--awb-order-medium:0;--awb-spacing-right-medium:1.92%;--awb-spacing-left-medium:1.92%;--awb-width-small:100%;--awb-order-small:0;--awb-spacing-right-small:1.92%;--awb-spacing-left-small:1.92%;\"><div class=\"fusion-column-wrapper fusion-column-has-shadow fusion-flex-justify-content-flex-start fusion-content-layout-column\"><div class=\"fusion-image-element \" style=\"--awb-caption-title-font-family:var(--h2_typography-font-family);--awb-caption-title-font-weight:var(--h2_typography-font-weight);--awb-caption-title-font-style:var(--h2_typography-font-style);--awb-caption-title-size:var(--h2_typography-font-size);--awb-caption-title-transform:var(--h2_typography-text-transform);--awb-caption-title-line-height:var(--h2_typography-line-height);--awb-caption-title-letter-spacing:var(--h2_typography-letter-spacing);\"><span class=\" fusion-imageframe imageframe-none imageframe-5 hover-type-none\"><img decoding=\"async\" width=\"1920\" height=\"2560\" title=\"Immagine 11-06-24 &#8211; 14.43 (11)\" src=\"https:\/\/ferrari-associati.com\/wp-content\/uploads\/2024\/06\/Immagine-11-06-24-14.43-11-scaled.jpg\" data-orig-src=\"https:\/\/ferrari-associati.com\/wp-content\/uploads\/2024\/06\/Immagine-11-06-24-14.43-11-scaled.jpg\" alt class=\"lazyload img-responsive wp-image-7647\" srcset=\"data:image\/svg+xml,%3Csvg%20xmlns%3D%27http%3A%2F%2Fwww.w3.org%2F2000%2Fsvg%27%20width%3D%271920%27%20height%3D%272560%27%20viewBox%3D%270%200%201920%202560%27%3E%3Crect%20width%3D%271920%27%20height%3D%272560%27%20fill-opacity%3D%220%22%2F%3E%3C%2Fsvg%3E\" data-srcset=\"https:\/\/ferrari-associati.com\/wp-content\/uploads\/2024\/06\/Immagine-11-06-24-14.43-11-200x267.jpg 200w, https:\/\/ferrari-associati.com\/wp-content\/uploads\/2024\/06\/Immagine-11-06-24-14.43-11-400x533.jpg 400w, https:\/\/ferrari-associati.com\/wp-content\/uploads\/2024\/06\/Immagine-11-06-24-14.43-11-600x800.jpg 600w, https:\/\/ferrari-associati.com\/wp-content\/uploads\/2024\/06\/Immagine-11-06-24-14.43-11-800x1067.jpg 800w, https:\/\/ferrari-associati.com\/wp-content\/uploads\/2024\/06\/Immagine-11-06-24-14.43-11-1200x1600.jpg 1200w, https:\/\/ferrari-associati.com\/wp-content\/uploads\/2024\/06\/Immagine-11-06-24-14.43-11-scaled.jpg 1920w\" data-sizes=\"auto\" data-orig-sizes=\"(max-width: 1024px) 100vw, (max-width: 640px) 100vw, 1920px\" \/><\/span><\/div><\/div><\/div><div class=\"fusion-layout-column fusion_builder_column fusion-builder-column-8 fusion_builder_column_1_2 1_2 fusion-flex-column\" style=\"--awb-bg-size:cover;--awb-width-large:50%;--awb-margin-top-large:25px;--awb-spacing-right-large:3.84%;--awb-margin-bottom-large:25px;--awb-spacing-left-large:3.84%;--awb-width-medium:100%;--awb-order-medium:0;--awb-spacing-right-medium:1.92%;--awb-spacing-left-medium:1.92%;--awb-width-small:100%;--awb-order-small:0;--awb-spacing-right-small:1.92%;--awb-spacing-left-small:1.92%;\"><div class=\"fusion-column-wrapper fusion-column-has-shadow fusion-flex-justify-content-flex-start fusion-content-layout-column\"><div class=\"fusion-image-element \" style=\"--awb-caption-title-font-family:var(--h2_typography-font-family);--awb-caption-title-font-weight:var(--h2_typography-font-weight);--awb-caption-title-font-style:var(--h2_typography-font-style);--awb-caption-title-size:var(--h2_typography-font-size);--awb-caption-title-transform:var(--h2_typography-text-transform);--awb-caption-title-line-height:var(--h2_typography-line-height);--awb-caption-title-letter-spacing:var(--h2_typography-letter-spacing);\"><span class=\" fusion-imageframe imageframe-none imageframe-6 hover-type-none\"><img decoding=\"async\" width=\"1920\" height=\"2560\" title=\"Immagine 11-06-24 &#8211; 14.43 (9)\" src=\"https:\/\/ferrari-associati.com\/wp-content\/uploads\/2024\/06\/Immagine-11-06-24-14.43-9-scaled.jpg\" data-orig-src=\"https:\/\/ferrari-associati.com\/wp-content\/uploads\/2024\/06\/Immagine-11-06-24-14.43-9-scaled.jpg\" alt class=\"lazyload img-responsive wp-image-6459\" srcset=\"data:image\/svg+xml,%3Csvg%20xmlns%3D%27http%3A%2F%2Fwww.w3.org%2F2000%2Fsvg%27%20width%3D%271920%27%20height%3D%272560%27%20viewBox%3D%270%200%201920%202560%27%3E%3Crect%20width%3D%271920%27%20height%3D%272560%27%20fill-opacity%3D%220%22%2F%3E%3C%2Fsvg%3E\" data-srcset=\"https:\/\/ferrari-associati.com\/wp-content\/uploads\/2024\/06\/Immagine-11-06-24-14.43-9-200x267.jpg 200w, https:\/\/ferrari-associati.com\/wp-content\/uploads\/2024\/06\/Immagine-11-06-24-14.43-9-400x533.jpg 400w, https:\/\/ferrari-associati.com\/wp-content\/uploads\/2024\/06\/Immagine-11-06-24-14.43-9-600x800.jpg 600w, https:\/\/ferrari-associati.com\/wp-content\/uploads\/2024\/06\/Immagine-11-06-24-14.43-9-800x1067.jpg 800w, https:\/\/ferrari-associati.com\/wp-content\/uploads\/2024\/06\/Immagine-11-06-24-14.43-9-1200x1600.jpg 1200w, https:\/\/ferrari-associati.com\/wp-content\/uploads\/2024\/06\/Immagine-11-06-24-14.43-9-scaled.jpg 1920w\" data-sizes=\"auto\" data-orig-sizes=\"(max-width: 1024px) 100vw, (max-width: 640px) 100vw, 600px\" \/><\/span><\/div><\/div><\/div><div class=\"fusion-layout-column fusion_builder_column fusion-builder-column-9 fusion_builder_column_1_2 1_2 fusion-flex-column\" style=\"--awb-bg-size:cover;--awb-width-large:50%;--awb-margin-top-large:25px;--awb-spacing-right-large:3.84%;--awb-margin-bottom-large:25px;--awb-spacing-left-large:3.84%;--awb-width-medium:100%;--awb-order-medium:0;--awb-spacing-right-medium:1.92%;--awb-spacing-left-medium:1.92%;--awb-width-small:100%;--awb-order-small:0;--awb-spacing-right-small:1.92%;--awb-spacing-left-small:1.92%;\"><div class=\"fusion-column-wrapper fusion-column-has-shadow fusion-flex-justify-content-flex-start fusion-content-layout-column\"><div class=\"fusion-image-element \" style=\"--awb-caption-title-font-family:var(--h2_typography-font-family);--awb-caption-title-font-weight:var(--h2_typography-font-weight);--awb-caption-title-font-style:var(--h2_typography-font-style);--awb-caption-title-size:var(--h2_typography-font-size);--awb-caption-title-transform:var(--h2_typography-text-transform);--awb-caption-title-line-height:var(--h2_typography-line-height);--awb-caption-title-letter-spacing:var(--h2_typography-letter-spacing);\"><span class=\" fusion-imageframe imageframe-none imageframe-7 hover-type-none\"><img decoding=\"async\" width=\"1920\" height=\"2560\" title=\"Progetto senza titolo (2)\" src=\"https:\/\/ferrari-associati.com\/wp-content\/uploads\/2024\/07\/Progetto-senza-titolo-2.jpg\" data-orig-src=\"https:\/\/ferrari-associati.com\/wp-content\/uploads\/2024\/07\/Progetto-senza-titolo-2.jpg\" alt class=\"lazyload img-responsive wp-image-9535\" srcset=\"data:image\/svg+xml,%3Csvg%20xmlns%3D%27http%3A%2F%2Fwww.w3.org%2F2000%2Fsvg%27%20width%3D%271920%27%20height%3D%272560%27%20viewBox%3D%270%200%201920%202560%27%3E%3Crect%20width%3D%271920%27%20height%3D%272560%27%20fill-opacity%3D%220%22%2F%3E%3C%2Fsvg%3E\" data-srcset=\"https:\/\/ferrari-associati.com\/wp-content\/uploads\/2024\/07\/Progetto-senza-titolo-2-200x267.jpg 200w, https:\/\/ferrari-associati.com\/wp-content\/uploads\/2024\/07\/Progetto-senza-titolo-2-400x533.jpg 400w, https:\/\/ferrari-associati.com\/wp-content\/uploads\/2024\/07\/Progetto-senza-titolo-2-600x800.jpg 600w, https:\/\/ferrari-associati.com\/wp-content\/uploads\/2024\/07\/Progetto-senza-titolo-2-800x1067.jpg 800w, https:\/\/ferrari-associati.com\/wp-content\/uploads\/2024\/07\/Progetto-senza-titolo-2-1200x1600.jpg 1200w, https:\/\/ferrari-associati.com\/wp-content\/uploads\/2024\/07\/Progetto-senza-titolo-2.jpg 1920w\" data-sizes=\"auto\" data-orig-sizes=\"(max-width: 1024px) 100vw, (max-width: 640px) 100vw, 600px\" \/><\/span><\/div><\/div><\/div><div class=\"fusion-layout-column fusion_builder_column fusion-builder-column-10 fusion_builder_column_1_1 1_1 fusion-flex-column\" style=\"--awb-bg-size:cover;--awb-width-large:100%;--awb-margin-top-large:25px;--awb-spacing-right-large:1.92%;--awb-margin-bottom-large:25px;--awb-spacing-left-large:1.92%;--awb-width-medium:100%;--awb-order-medium:0;--awb-spacing-right-medium:1.92%;--awb-spacing-left-medium:1.92%;--awb-width-small:100%;--awb-order-small:0;--awb-spacing-right-small:1.92%;--awb-spacing-left-small:1.92%;\"><div class=\"fusion-column-wrapper fusion-column-has-shadow fusion-flex-justify-content-flex-start fusion-content-layout-column\"><div class=\"fusion-image-element \" style=\"--awb-caption-title-font-family:var(--h2_typography-font-family);--awb-caption-title-font-weight:var(--h2_typography-font-weight);--awb-caption-title-font-style:var(--h2_typography-font-style);--awb-caption-title-size:var(--h2_typography-font-size);--awb-caption-title-transform:var(--h2_typography-text-transform);--awb-caption-title-line-height:var(--h2_typography-line-height);--awb-caption-title-letter-spacing:var(--h2_typography-letter-spacing);\"><span class=\" fusion-imageframe imageframe-none imageframe-8 hover-type-none\"><img decoding=\"async\" width=\"2560\" height=\"1920\" title=\"Immagine 11-06-24 &#8211; 14.43 (13)\" src=\"https:\/\/ferrari-associati.com\/wp-content\/uploads\/2024\/06\/Immagine-11-06-24-14.43-13-scaled.jpg\" data-orig-src=\"https:\/\/ferrari-associati.com\/wp-content\/uploads\/2024\/06\/Immagine-11-06-24-14.43-13-scaled.jpg\" alt class=\"lazyload img-responsive wp-image-7658\" srcset=\"data:image\/svg+xml,%3Csvg%20xmlns%3D%27http%3A%2F%2Fwww.w3.org%2F2000%2Fsvg%27%20width%3D%272560%27%20height%3D%271920%27%20viewBox%3D%270%200%202560%201920%27%3E%3Crect%20width%3D%272560%27%20height%3D%271920%27%20fill-opacity%3D%220%22%2F%3E%3C%2Fsvg%3E\" data-srcset=\"https:\/\/ferrari-associati.com\/wp-content\/uploads\/2024\/06\/Immagine-11-06-24-14.43-13-200x150.jpg 200w, https:\/\/ferrari-associati.com\/wp-content\/uploads\/2024\/06\/Immagine-11-06-24-14.43-13-400x300.jpg 400w, https:\/\/ferrari-associati.com\/wp-content\/uploads\/2024\/06\/Immagine-11-06-24-14.43-13-600x450.jpg 600w, https:\/\/ferrari-associati.com\/wp-content\/uploads\/2024\/06\/Immagine-11-06-24-14.43-13-800x600.jpg 800w, https:\/\/ferrari-associati.com\/wp-content\/uploads\/2024\/06\/Immagine-11-06-24-14.43-13-1200x900.jpg 1200w, https:\/\/ferrari-associati.com\/wp-content\/uploads\/2024\/06\/Immagine-11-06-24-14.43-13-scaled.jpg 2560w\" data-sizes=\"auto\" data-orig-sizes=\"(max-width: 1024px) 100vw, (max-width: 640px) 100vw, 2560px\" \/><\/span><\/div><\/div><\/div><\/div><\/div><div class=\"fusion-fullwidth fullwidth-box fusion-builder-row-4 fusion-flex-container has-pattern-background has-mask-background nonhundred-percent-fullwidth non-hundred-percent-height-scrolling\" style=\"--awb-border-radius-top-left:0px;--awb-border-radius-top-right:0px;--awb-border-radius-bottom-right:0px;--awb-border-radius-bottom-left:0px;--awb-flex-wrap:wrap;\" ><div class=\"fusion-builder-row fusion-row fusion-flex-align-items-flex-start fusion-flex-content-wrap\" style=\"max-width:1320.8px;margin-left: calc(-4% \/ 2 );margin-right: calc(-4% \/ 2 );\"><div class=\"fusion-layout-column fusion_builder_column fusion-builder-column-11 fusion_builder_column_1_1 1_1 fusion-flex-column\" style=\"--awb-bg-size:cover;--awb-width-large:100%;--awb-margin-top-large:25px;--awb-spacing-right-large:1.92%;--awb-margin-bottom-large:25px;--awb-spacing-left-large:1.92%;--awb-width-medium:100%;--awb-order-medium:0;--awb-spacing-right-medium:1.92%;--awb-spacing-left-medium:1.92%;--awb-width-small:100%;--awb-order-small:0;--awb-spacing-right-small:1.92%;--awb-spacing-left-small:1.92%;\"><div class=\"fusion-column-wrapper fusion-column-has-shadow fusion-flex-justify-content-flex-start fusion-content-layout-column\"><div class=\"fusion-image-element \" style=\"--awb-caption-title-font-family:var(--h2_typography-font-family);--awb-caption-title-font-weight:var(--h2_typography-font-weight);--awb-caption-title-font-style:var(--h2_typography-font-style);--awb-caption-title-size:var(--h2_typography-font-size);--awb-caption-title-transform:var(--h2_typography-text-transform);--awb-caption-title-line-height:var(--h2_typography-line-height);--awb-caption-title-letter-spacing:var(--h2_typography-letter-spacing);\"><span class=\" fusion-imageframe imageframe-none imageframe-9 hover-type-none\"><img decoding=\"async\" width=\"1920\" height=\"2560\" title=\"Immagine 11-06-24 &#8211; 14.43 (14)\" src=\"https:\/\/ferrari-associati.com\/wp-content\/uploads\/2024\/06\/Immagine-11-06-24-14.43-14-scaled.jpg\" data-orig-src=\"https:\/\/ferrari-associati.com\/wp-content\/uploads\/2024\/06\/Immagine-11-06-24-14.43-14-scaled.jpg\" alt class=\"lazyload img-responsive wp-image-6441\" srcset=\"data:image\/svg+xml,%3Csvg%20xmlns%3D%27http%3A%2F%2Fwww.w3.org%2F2000%2Fsvg%27%20width%3D%271920%27%20height%3D%272560%27%20viewBox%3D%270%200%201920%202560%27%3E%3Crect%20width%3D%271920%27%20height%3D%272560%27%20fill-opacity%3D%220%22%2F%3E%3C%2Fsvg%3E\" data-srcset=\"https:\/\/ferrari-associati.com\/wp-content\/uploads\/2024\/06\/Immagine-11-06-24-14.43-14-200x267.jpg 200w, https:\/\/ferrari-associati.com\/wp-content\/uploads\/2024\/06\/Immagine-11-06-24-14.43-14-400x533.jpg 400w, https:\/\/ferrari-associati.com\/wp-content\/uploads\/2024\/06\/Immagine-11-06-24-14.43-14-600x800.jpg 600w, https:\/\/ferrari-associati.com\/wp-content\/uploads\/2024\/06\/Immagine-11-06-24-14.43-14-800x1067.jpg 800w, https:\/\/ferrari-associati.com\/wp-content\/uploads\/2024\/06\/Immagine-11-06-24-14.43-14-1200x1600.jpg 1200w, https:\/\/ferrari-associati.com\/wp-content\/uploads\/2024\/06\/Immagine-11-06-24-14.43-14-scaled.jpg 1920w\" data-sizes=\"auto\" data-orig-sizes=\"(max-width: 1024px) 100vw, (max-width: 640px) 100vw, 1920px\" \/><\/span><\/div><\/div><\/div><div class=\"fusion-layout-column fusion_builder_column fusion-builder-column-12 fusion_builder_column_1_2 1_2 fusion-flex-column\" style=\"--awb-bg-size:cover;--awb-width-large:50%;--awb-margin-top-large:25px;--awb-spacing-right-large:3.84%;--awb-margin-bottom-large:25px;--awb-spacing-left-large:3.84%;--awb-width-medium:100%;--awb-order-medium:0;--awb-spacing-right-medium:1.92%;--awb-spacing-left-medium:1.92%;--awb-width-small:100%;--awb-order-small:0;--awb-spacing-right-small:1.92%;--awb-spacing-left-small:1.92%;\"><div class=\"fusion-column-wrapper fusion-column-has-shadow fusion-flex-justify-content-flex-start fusion-content-layout-column\"><div class=\"fusion-image-element \" style=\"--awb-caption-title-font-family:var(--h2_typography-font-family);--awb-caption-title-font-weight:var(--h2_typography-font-weight);--awb-caption-title-font-style:var(--h2_typography-font-style);--awb-caption-title-size:var(--h2_typography-font-size);--awb-caption-title-transform:var(--h2_typography-text-transform);--awb-caption-title-line-height:var(--h2_typography-line-height);--awb-caption-title-letter-spacing:var(--h2_typography-letter-spacing);\"><span class=\" fusion-imageframe imageframe-none imageframe-10 hover-type-none\"><img decoding=\"async\" width=\"1920\" height=\"2560\" title=\"Immagine-11-06-24-14.43-8-scaled\" src=\"https:\/\/ferrari-associati.com\/wp-content\/uploads\/2024\/07\/Immagine-11-06-24-14.43-8-scaled-1.jpg\" data-orig-src=\"https:\/\/ferrari-associati.com\/wp-content\/uploads\/2024\/07\/Immagine-11-06-24-14.43-8-scaled-1.jpg\" alt class=\"lazyload img-responsive wp-image-9387\" srcset=\"data:image\/svg+xml,%3Csvg%20xmlns%3D%27http%3A%2F%2Fwww.w3.org%2F2000%2Fsvg%27%20width%3D%271920%27%20height%3D%272560%27%20viewBox%3D%270%200%201920%202560%27%3E%3Crect%20width%3D%271920%27%20height%3D%272560%27%20fill-opacity%3D%220%22%2F%3E%3C%2Fsvg%3E\" data-srcset=\"https:\/\/ferrari-associati.com\/wp-content\/uploads\/2024\/07\/Immagine-11-06-24-14.43-8-scaled-1-200x267.jpg 200w, https:\/\/ferrari-associati.com\/wp-content\/uploads\/2024\/07\/Immagine-11-06-24-14.43-8-scaled-1-400x533.jpg 400w, https:\/\/ferrari-associati.com\/wp-content\/uploads\/2024\/07\/Immagine-11-06-24-14.43-8-scaled-1-600x800.jpg 600w, https:\/\/ferrari-associati.com\/wp-content\/uploads\/2024\/07\/Immagine-11-06-24-14.43-8-scaled-1-800x1067.jpg 800w, https:\/\/ferrari-associati.com\/wp-content\/uploads\/2024\/07\/Immagine-11-06-24-14.43-8-scaled-1-1200x1600.jpg 1200w, https:\/\/ferrari-associati.com\/wp-content\/uploads\/2024\/07\/Immagine-11-06-24-14.43-8-scaled-1.jpg 1920w\" data-sizes=\"auto\" data-orig-sizes=\"(max-width: 1024px) 100vw, (max-width: 640px) 100vw, 600px\" \/><\/span><\/div><\/div><\/div><div class=\"fusion-layout-column fusion_builder_column fusion-builder-column-13 fusion_builder_column_1_2 1_2 fusion-flex-column\" style=\"--awb-bg-size:cover;--awb-width-large:50%;--awb-margin-top-large:25px;--awb-spacing-right-large:3.84%;--awb-margin-bottom-large:25px;--awb-spacing-left-large:3.84%;--awb-width-medium:100%;--awb-order-medium:0;--awb-spacing-right-medium:1.92%;--awb-spacing-left-medium:1.92%;--awb-width-small:100%;--awb-order-small:0;--awb-spacing-right-small:1.92%;--awb-spacing-left-small:1.92%;\"><div class=\"fusion-column-wrapper fusion-column-has-shadow fusion-flex-justify-content-flex-start fusion-content-layout-column\"><div class=\"fusion-image-element \" style=\"--awb-caption-title-font-family:var(--h2_typography-font-family);--awb-caption-title-font-weight:var(--h2_typography-font-weight);--awb-caption-title-font-style:var(--h2_typography-font-style);--awb-caption-title-size:var(--h2_typography-font-size);--awb-caption-title-transform:var(--h2_typography-text-transform);--awb-caption-title-line-height:var(--h2_typography-line-height);--awb-caption-title-letter-spacing:var(--h2_typography-letter-spacing);\"><span class=\" fusion-imageframe imageframe-none imageframe-11 hover-type-none\"><img decoding=\"async\" width=\"1920\" height=\"2560\" title=\"Immagine 11-06-24 &#8211; 14.43 (10)\" src=\"https:\/\/ferrari-associati.com\/wp-content\/uploads\/2024\/06\/Immagine-11-06-24-14.43-10-scaled.jpg\" data-orig-src=\"https:\/\/ferrari-associati.com\/wp-content\/uploads\/2024\/06\/Immagine-11-06-24-14.43-10-scaled.jpg\" alt class=\"lazyload img-responsive wp-image-6464\" srcset=\"data:image\/svg+xml,%3Csvg%20xmlns%3D%27http%3A%2F%2Fwww.w3.org%2F2000%2Fsvg%27%20width%3D%271920%27%20height%3D%272560%27%20viewBox%3D%270%200%201920%202560%27%3E%3Crect%20width%3D%271920%27%20height%3D%272560%27%20fill-opacity%3D%220%22%2F%3E%3C%2Fsvg%3E\" data-srcset=\"https:\/\/ferrari-associati.com\/wp-content\/uploads\/2024\/06\/Immagine-11-06-24-14.43-10-200x267.jpg 200w, https:\/\/ferrari-associati.com\/wp-content\/uploads\/2024\/06\/Immagine-11-06-24-14.43-10-400x533.jpg 400w, https:\/\/ferrari-associati.com\/wp-content\/uploads\/2024\/06\/Immagine-11-06-24-14.43-10-600x800.jpg 600w, https:\/\/ferrari-associati.com\/wp-content\/uploads\/2024\/06\/Immagine-11-06-24-14.43-10-800x1067.jpg 800w, https:\/\/ferrari-associati.com\/wp-content\/uploads\/2024\/06\/Immagine-11-06-24-14.43-10-1200x1600.jpg 1200w, https:\/\/ferrari-associati.com\/wp-content\/uploads\/2024\/06\/Immagine-11-06-24-14.43-10-scaled.jpg 1920w\" data-sizes=\"auto\" data-orig-sizes=\"(max-width: 1024px) 100vw, (max-width: 640px) 100vw, 600px\" \/><\/span><\/div><\/div><\/div><\/div><\/div><div class=\"fusion-fullwidth fullwidth-box fusion-builder-row-5 fusion-flex-container has-pattern-background has-mask-background nonhundred-percent-fullwidth non-hundred-percent-height-scrolling\" style=\"--awb-border-radius-top-left:0px;--awb-border-radius-top-right:0px;--awb-border-radius-bottom-right:0px;--awb-border-radius-bottom-left:0px;--awb-padding-top:3%;--awb-flex-wrap:wrap;\" ><div class=\"fusion-builder-row fusion-row fusion-flex-align-items-flex-start fusion-flex-content-wrap\" style=\"max-width:1320.8px;margin-left: calc(-4% \/ 2 );margin-right: calc(-4% \/ 2 );\"><div class=\"fusion-layout-column fusion_builder_column fusion-builder-column-14 fusion_builder_column_1_1 1_1 fusion-flex-column\" style=\"--awb-bg-size:cover;--awb-width-large:100%;--awb-margin-top-large:25px;--awb-spacing-right-large:1.92%;--awb-margin-bottom-large:25px;--awb-spacing-left-large:1.92%;--awb-width-medium:100%;--awb-order-medium:0;--awb-spacing-right-medium:1.92%;--awb-spacing-left-medium:1.92%;--awb-width-small:100%;--awb-order-small:0;--awb-spacing-right-small:1.92%;--awb-spacing-left-small:1.92%;\"><div class=\"fusion-column-wrapper fusion-column-has-shadow fusion-flex-justify-content-flex-start fusion-content-layout-column\"><div class=\"fusion-title title fusion-title-4 fusion-sep-none fusion-title-text fusion-title-size-three\"><h3 class=\"fusion-title-heading title-heading-left fusion-responsive-typography-calculated\" style=\"font-family:&#039;Trebuchet MS&#039;, Helvetica, sans-serif;font-style:normal;font-weight:400;margin:0;text-transform:uppercase;--fontSize:28;line-height:1.32;\"><strong>AUTRES PROJETS R\u00c9ALIS\u00c9S<\/strong><\/h3><\/div><div class=\"fusion-image-carousel fusion-image-carousel-auto fusion-image-carousel-1 custom-carousel\"><div class=\"awb-carousel awb-swiper awb-swiper-carousel\" data-autoplay=\"yes\" data-columns=\"3\" data-itemmargin=\"13\" data-itemwidth=\"180\" data-touchscroll=\"no\" data-imagesize=\"auto\" style=\"--awb-columns:3;\"><div class=\"swiper-wrapper awb-image-carousel-wrapper fusion-flex-align-items-center\"><div class=\"swiper-slide\"><div class=\"fusion-carousel-item-wrapper\"><div class=\"fusion-image-wrapper hover-type-none\"><a href=\"https:\/\/ferrari-associati.com\/fr\/projets-executes\/compartiment-dascenseur-cylindrique-avec-escalier-helicoidal\/\" target=\"_self\"><img decoding=\"async\" width=\"1181\" height=\"630\" src=\"https:\/\/ferrari-associati.com\/wp-content\/uploads\/2024\/06\/02-vano-cilindrico-1.jpg\" class=\"attachment-full size-full lazyload\" alt=\"\" srcset=\"data:image\/svg+xml,%3Csvg%20xmlns%3D%27http%3A%2F%2Fwww.w3.org%2F2000%2Fsvg%27%20width%3D%271181%27%20height%3D%27630%27%20viewBox%3D%270%200%201181%20630%27%3E%3Crect%20width%3D%271181%27%20height%3D%27630%27%20fill-opacity%3D%220%22%2F%3E%3C%2Fsvg%3E\" data-orig-src=\"https:\/\/ferrari-associati.com\/wp-content\/uploads\/2024\/06\/02-vano-cilindrico-1.jpg\" data-srcset=\"https:\/\/ferrari-associati.com\/wp-content\/uploads\/2024\/06\/02-vano-cilindrico-1-200x107.jpg 200w, https:\/\/ferrari-associati.com\/wp-content\/uploads\/2024\/06\/02-vano-cilindrico-1-400x213.jpg 400w, https:\/\/ferrari-associati.com\/wp-content\/uploads\/2024\/06\/02-vano-cilindrico-1-600x320.jpg 600w, https:\/\/ferrari-associati.com\/wp-content\/uploads\/2024\/06\/02-vano-cilindrico-1-800x427.jpg 800w, https:\/\/ferrari-associati.com\/wp-content\/uploads\/2024\/06\/02-vano-cilindrico-1.jpg 1181w\" data-sizes=\"auto\" \/><\/a><\/div><\/div><\/div><div class=\"swiper-slide\"><div class=\"fusion-carousel-item-wrapper\"><div class=\"fusion-image-wrapper hover-type-none\"><a href=\"https:\/\/ferrari-associati.com\/fr\/projets-executes\/cages-dascenseur-et-escaliers\/\" target=\"_self\"><img decoding=\"async\" width=\"1181\" height=\"630\" src=\"https:\/\/ferrari-associati.com\/wp-content\/uploads\/2024\/06\/04-soppalchi-e-scale-1.jpg\" class=\"attachment-full size-full lazyload\" alt=\"\" srcset=\"data:image\/svg+xml,%3Csvg%20xmlns%3D%27http%3A%2F%2Fwww.w3.org%2F2000%2Fsvg%27%20width%3D%271181%27%20height%3D%27630%27%20viewBox%3D%270%200%201181%20630%27%3E%3Crect%20width%3D%271181%27%20height%3D%27630%27%20fill-opacity%3D%220%22%2F%3E%3C%2Fsvg%3E\" data-orig-src=\"https:\/\/ferrari-associati.com\/wp-content\/uploads\/2024\/06\/04-soppalchi-e-scale-1.jpg\" data-srcset=\"https:\/\/ferrari-associati.com\/wp-content\/uploads\/2024\/06\/04-soppalchi-e-scale-1-200x107.jpg 200w, https:\/\/ferrari-associati.com\/wp-content\/uploads\/2024\/06\/04-soppalchi-e-scale-1-400x213.jpg 400w, https:\/\/ferrari-associati.com\/wp-content\/uploads\/2024\/06\/04-soppalchi-e-scale-1-600x320.jpg 600w, https:\/\/ferrari-associati.com\/wp-content\/uploads\/2024\/06\/04-soppalchi-e-scale-1-800x427.jpg 800w, https:\/\/ferrari-associati.com\/wp-content\/uploads\/2024\/06\/04-soppalchi-e-scale-1.jpg 1181w\" data-sizes=\"auto\" \/><\/a><\/div><\/div><\/div><div class=\"swiper-slide\"><div class=\"fusion-carousel-item-wrapper\"><div class=\"fusion-image-wrapper hover-type-none\"><a href=\"https:\/\/ferrari-associati.com\/fr\/projets-executes\/compartiment-de-levage-en-acier-corten\/\" target=\"_self\"><img decoding=\"async\" width=\"1181\" height=\"630\" src=\"https:\/\/ferrari-associati.com\/wp-content\/uploads\/2024\/06\/05-corten-1.jpg\" class=\"attachment-full size-full lazyload\" alt=\"\" srcset=\"data:image\/svg+xml,%3Csvg%20xmlns%3D%27http%3A%2F%2Fwww.w3.org%2F2000%2Fsvg%27%20width%3D%271181%27%20height%3D%27630%27%20viewBox%3D%270%200%201181%20630%27%3E%3Crect%20width%3D%271181%27%20height%3D%27630%27%20fill-opacity%3D%220%22%2F%3E%3C%2Fsvg%3E\" data-orig-src=\"https:\/\/ferrari-associati.com\/wp-content\/uploads\/2024\/06\/05-corten-1.jpg\" data-srcset=\"https:\/\/ferrari-associati.com\/wp-content\/uploads\/2024\/06\/05-corten-1-200x107.jpg 200w, https:\/\/ferrari-associati.com\/wp-content\/uploads\/2024\/06\/05-corten-1-400x213.jpg 400w, https:\/\/ferrari-associati.com\/wp-content\/uploads\/2024\/06\/05-corten-1-600x320.jpg 600w, https:\/\/ferrari-associati.com\/wp-content\/uploads\/2024\/06\/05-corten-1-800x427.jpg 800w, https:\/\/ferrari-associati.com\/wp-content\/uploads\/2024\/06\/05-corten-1.jpg 1181w\" data-sizes=\"auto\" \/><\/a><\/div><\/div><\/div><div class=\"swiper-slide\"><div class=\"fusion-carousel-item-wrapper\"><div class=\"fusion-image-wrapper hover-type-none\"><a href=\"https:\/\/ferrari-associati.com\/fr\/projets-executes\/concept-pour-une-salle-dexposition-a-milan\/\" target=\"_self\"><img decoding=\"async\" width=\"1181\" height=\"630\" src=\"https:\/\/ferrari-associati.com\/wp-content\/uploads\/2026\/01\/17-Style.png\" class=\"attachment-full size-full lazyload\" alt=\"\" srcset=\"data:image\/svg+xml,%3Csvg%20xmlns%3D%27http%3A%2F%2Fwww.w3.org%2F2000%2Fsvg%27%20width%3D%271181%27%20height%3D%27630%27%20viewBox%3D%270%200%201181%20630%27%3E%3Crect%20width%3D%271181%27%20height%3D%27630%27%20fill-opacity%3D%220%22%2F%3E%3C%2Fsvg%3E\" data-orig-src=\"https:\/\/ferrari-associati.com\/wp-content\/uploads\/2026\/01\/17-Style.png\" data-srcset=\"https:\/\/ferrari-associati.com\/wp-content\/uploads\/2026\/01\/17-Style-200x107.png 200w, https:\/\/ferrari-associati.com\/wp-content\/uploads\/2026\/01\/17-Style-400x213.png 400w, https:\/\/ferrari-associati.com\/wp-content\/uploads\/2026\/01\/17-Style-600x320.png 600w, https:\/\/ferrari-associati.com\/wp-content\/uploads\/2026\/01\/17-Style-800x427.png 800w, https:\/\/ferrari-associati.com\/wp-content\/uploads\/2026\/01\/17-Style.png 1181w\" data-sizes=\"auto\" \/><\/a><\/div><\/div><\/div><div class=\"swiper-slide\"><div class=\"fusion-carousel-item-wrapper\"><div class=\"fusion-image-wrapper hover-type-none\"><a href=\"https:\/\/ferrari-associati.com\/fr\/projets-executes\/compartiment-elevateur-double-avec-preparation-supplementaire\/\" target=\"_self\"><img decoding=\"async\" width=\"1181\" height=\"630\" src=\"https:\/\/ferrari-associati.com\/wp-content\/uploads\/2024\/06\/06-Duplex.jpg\" class=\"attachment-full size-full lazyload\" alt=\"\" srcset=\"data:image\/svg+xml,%3Csvg%20xmlns%3D%27http%3A%2F%2Fwww.w3.org%2F2000%2Fsvg%27%20width%3D%271181%27%20height%3D%27630%27%20viewBox%3D%270%200%201181%20630%27%3E%3Crect%20width%3D%271181%27%20height%3D%27630%27%20fill-opacity%3D%220%22%2F%3E%3C%2Fsvg%3E\" data-orig-src=\"https:\/\/ferrari-associati.com\/wp-content\/uploads\/2024\/06\/06-Duplex.jpg\" data-srcset=\"https:\/\/ferrari-associati.com\/wp-content\/uploads\/2024\/06\/06-Duplex-200x107.jpg 200w, https:\/\/ferrari-associati.com\/wp-content\/uploads\/2024\/06\/06-Duplex-400x213.jpg 400w, https:\/\/ferrari-associati.com\/wp-content\/uploads\/2024\/06\/06-Duplex-600x320.jpg 600w, https:\/\/ferrari-associati.com\/wp-content\/uploads\/2024\/06\/06-Duplex-800x427.jpg 800w, https:\/\/ferrari-associati.com\/wp-content\/uploads\/2024\/06\/06-Duplex.jpg 1181w\" data-sizes=\"auto\" \/><\/a><\/div><\/div><\/div><div class=\"swiper-slide\"><div class=\"fusion-carousel-item-wrapper\"><div class=\"fusion-image-wrapper hover-type-none\"><a href=\"https:\/\/ferrari-associati.com\/fr\/projets-executes\/compartiment-elevateur-de-type-projet-avec-passerelles-integrees\/\" target=\"_self\"><img decoding=\"async\" width=\"1181\" height=\"630\" src=\"https:\/\/ferrari-associati.com\/wp-content\/uploads\/2024\/06\/07-Style.jpg\" class=\"attachment-full size-full lazyload\" alt=\"\" srcset=\"data:image\/svg+xml,%3Csvg%20xmlns%3D%27http%3A%2F%2Fwww.w3.org%2F2000%2Fsvg%27%20width%3D%271181%27%20height%3D%27630%27%20viewBox%3D%270%200%201181%20630%27%3E%3Crect%20width%3D%271181%27%20height%3D%27630%27%20fill-opacity%3D%220%22%2F%3E%3C%2Fsvg%3E\" data-orig-src=\"https:\/\/ferrari-associati.com\/wp-content\/uploads\/2024\/06\/07-Style.jpg\" data-srcset=\"https:\/\/ferrari-associati.com\/wp-content\/uploads\/2024\/06\/07-Style-200x107.jpg 200w, https:\/\/ferrari-associati.com\/wp-content\/uploads\/2024\/06\/07-Style-400x213.jpg 400w, https:\/\/ferrari-associati.com\/wp-content\/uploads\/2024\/06\/07-Style-600x320.jpg 600w, https:\/\/ferrari-associati.com\/wp-content\/uploads\/2024\/06\/07-Style-800x427.jpg 800w, https:\/\/ferrari-associati.com\/wp-content\/uploads\/2024\/06\/07-Style.jpg 1181w\" data-sizes=\"auto\" \/><\/a><\/div><\/div><\/div><div class=\"swiper-slide\"><div class=\"fusion-carousel-item-wrapper\"><div class=\"fusion-image-wrapper hover-type-none\"><a href=\"https:\/\/ferrari-associati.com\/fr\/projets-executes\/cage-dascenseur-vision-du-projet\/\" target=\"_self\"><img decoding=\"async\" width=\"1181\" height=\"630\" src=\"https:\/\/ferrari-associati.com\/wp-content\/uploads\/2024\/06\/08-vision.jpg\" class=\"attachment-full size-full lazyload\" alt=\"\" srcset=\"data:image\/svg+xml,%3Csvg%20xmlns%3D%27http%3A%2F%2Fwww.w3.org%2F2000%2Fsvg%27%20width%3D%271181%27%20height%3D%27630%27%20viewBox%3D%270%200%201181%20630%27%3E%3Crect%20width%3D%271181%27%20height%3D%27630%27%20fill-opacity%3D%220%22%2F%3E%3C%2Fsvg%3E\" data-orig-src=\"https:\/\/ferrari-associati.com\/wp-content\/uploads\/2024\/06\/08-vision.jpg\" data-srcset=\"https:\/\/ferrari-associati.com\/wp-content\/uploads\/2024\/06\/08-vision-200x107.jpg 200w, https:\/\/ferrari-associati.com\/wp-content\/uploads\/2024\/06\/08-vision-400x213.jpg 400w, https:\/\/ferrari-associati.com\/wp-content\/uploads\/2024\/06\/08-vision-600x320.jpg 600w, https:\/\/ferrari-associati.com\/wp-content\/uploads\/2024\/06\/08-vision-800x427.jpg 800w, https:\/\/ferrari-associati.com\/wp-content\/uploads\/2024\/06\/08-vision.jpg 1181w\" data-sizes=\"auto\" \/><\/a><\/div><\/div><\/div><div class=\"swiper-slide\"><div class=\"fusion-carousel-item-wrapper\"><div class=\"fusion-image-wrapper hover-type-none\"><a href=\"https:\/\/ferrari-associati.com\/fr\/projets-executes\/compartiment-pour-les-stations\/\" target=\"_self\"><img decoding=\"async\" width=\"1181\" height=\"630\" src=\"https:\/\/ferrari-associati.com\/wp-content\/uploads\/2024\/06\/09-stazione.jpg\" class=\"attachment-full size-full lazyload\" alt=\"\" srcset=\"data:image\/svg+xml,%3Csvg%20xmlns%3D%27http%3A%2F%2Fwww.w3.org%2F2000%2Fsvg%27%20width%3D%271181%27%20height%3D%27630%27%20viewBox%3D%270%200%201181%20630%27%3E%3Crect%20width%3D%271181%27%20height%3D%27630%27%20fill-opacity%3D%220%22%2F%3E%3C%2Fsvg%3E\" data-orig-src=\"https:\/\/ferrari-associati.com\/wp-content\/uploads\/2024\/06\/09-stazione.jpg\" data-srcset=\"https:\/\/ferrari-associati.com\/wp-content\/uploads\/2024\/06\/09-stazione-200x107.jpg 200w, https:\/\/ferrari-associati.com\/wp-content\/uploads\/2024\/06\/09-stazione-400x213.jpg 400w, https:\/\/ferrari-associati.com\/wp-content\/uploads\/2024\/06\/09-stazione-600x320.jpg 600w, https:\/\/ferrari-associati.com\/wp-content\/uploads\/2024\/06\/09-stazione-800x427.jpg 800w, https:\/\/ferrari-associati.com\/wp-content\/uploads\/2024\/06\/09-stazione.jpg 1181w\" data-sizes=\"auto\" \/><\/a><\/div><\/div><\/div><div class=\"swiper-slide\"><div class=\"fusion-carousel-item-wrapper\"><div class=\"fusion-image-wrapper hover-type-none\"><a href=\"https:\/\/ferrari-associati.com\/fr\/projets-executes\/concept-de-villa-privee-aux-emirats-arabes-unis\/\" target=\"_self\"><img decoding=\"async\" width=\"1181\" height=\"630\" src=\"https:\/\/ferrari-associati.com\/wp-content\/uploads\/2026\/01\/16-Style.jpeg\" class=\"attachment-full size-full lazyload\" alt=\"\" srcset=\"data:image\/svg+xml,%3Csvg%20xmlns%3D%27http%3A%2F%2Fwww.w3.org%2F2000%2Fsvg%27%20width%3D%271181%27%20height%3D%27630%27%20viewBox%3D%270%200%201181%20630%27%3E%3Crect%20width%3D%271181%27%20height%3D%27630%27%20fill-opacity%3D%220%22%2F%3E%3C%2Fsvg%3E\" data-orig-src=\"https:\/\/ferrari-associati.com\/wp-content\/uploads\/2026\/01\/16-Style.jpeg\" data-srcset=\"https:\/\/ferrari-associati.com\/wp-content\/uploads\/2026\/01\/16-Style-200x107.jpeg 200w, https:\/\/ferrari-associati.com\/wp-content\/uploads\/2026\/01\/16-Style-400x213.jpeg 400w, https:\/\/ferrari-associati.com\/wp-content\/uploads\/2026\/01\/16-Style-600x320.jpeg 600w, https:\/\/ferrari-associati.com\/wp-content\/uploads\/2026\/01\/16-Style-800x427.jpeg 800w, https:\/\/ferrari-associati.com\/wp-content\/uploads\/2026\/01\/16-Style.jpeg 1181w\" data-sizes=\"auto\" \/><\/a><\/div><\/div><\/div><div class=\"swiper-slide\"><div class=\"fusion-carousel-item-wrapper\"><div class=\"fusion-image-wrapper hover-type-none\"><a href=\"https:\/\/ferrari-associati.com\/fr\/projets-executes\/cage-dascenseur-avec-escalier-helicoidal\/\" target=\"_self\"><img decoding=\"async\" width=\"1181\" height=\"630\" src=\"https:\/\/ferrari-associati.com\/wp-content\/uploads\/2024\/06\/10-scala-elicoidale.jpg\" class=\"attachment-full size-full lazyload\" alt=\"\" srcset=\"data:image\/svg+xml,%3Csvg%20xmlns%3D%27http%3A%2F%2Fwww.w3.org%2F2000%2Fsvg%27%20width%3D%271181%27%20height%3D%27630%27%20viewBox%3D%270%200%201181%20630%27%3E%3Crect%20width%3D%271181%27%20height%3D%27630%27%20fill-opacity%3D%220%22%2F%3E%3C%2Fsvg%3E\" data-orig-src=\"https:\/\/ferrari-associati.com\/wp-content\/uploads\/2024\/06\/10-scala-elicoidale.jpg\" data-srcset=\"https:\/\/ferrari-associati.com\/wp-content\/uploads\/2024\/06\/10-scala-elicoidale-200x107.jpg 200w, https:\/\/ferrari-associati.com\/wp-content\/uploads\/2024\/06\/10-scala-elicoidale-400x213.jpg 400w, https:\/\/ferrari-associati.com\/wp-content\/uploads\/2024\/06\/10-scala-elicoidale-600x320.jpg 600w, https:\/\/ferrari-associati.com\/wp-content\/uploads\/2024\/06\/10-scala-elicoidale-800x427.jpg 800w, https:\/\/ferrari-associati.com\/wp-content\/uploads\/2024\/06\/10-scala-elicoidale.jpg 1181w\" data-sizes=\"auto\" \/><\/a><\/div><\/div><\/div><div class=\"swiper-slide\"><div class=\"fusion-carousel-item-wrapper\"><div class=\"fusion-image-wrapper hover-type-none\"><a href=\"https:\/\/ferrari-associati.com\/fr\/projets-executes\/compartiment-daccueil-du-projet\/\" target=\"_self\"><img decoding=\"async\" width=\"1181\" height=\"630\" src=\"https:\/\/ferrari-associati.com\/wp-content\/uploads\/2024\/06\/11-Home-Passerella.jpg\" class=\"attachment-full size-full lazyload\" alt=\"\" srcset=\"data:image\/svg+xml,%3Csvg%20xmlns%3D%27http%3A%2F%2Fwww.w3.org%2F2000%2Fsvg%27%20width%3D%271181%27%20height%3D%27630%27%20viewBox%3D%270%200%201181%20630%27%3E%3Crect%20width%3D%271181%27%20height%3D%27630%27%20fill-opacity%3D%220%22%2F%3E%3C%2Fsvg%3E\" data-orig-src=\"https:\/\/ferrari-associati.com\/wp-content\/uploads\/2024\/06\/11-Home-Passerella.jpg\" data-srcset=\"https:\/\/ferrari-associati.com\/wp-content\/uploads\/2024\/06\/11-Home-Passerella-200x107.jpg 200w, https:\/\/ferrari-associati.com\/wp-content\/uploads\/2024\/06\/11-Home-Passerella-400x213.jpg 400w, https:\/\/ferrari-associati.com\/wp-content\/uploads\/2024\/06\/11-Home-Passerella-600x320.jpg 600w, https:\/\/ferrari-associati.com\/wp-content\/uploads\/2024\/06\/11-Home-Passerella-800x427.jpg 800w, https:\/\/ferrari-associati.com\/wp-content\/uploads\/2024\/06\/11-Home-Passerella.jpg 1181w\" data-sizes=\"auto\" \/><\/a><\/div><\/div><\/div><div class=\"swiper-slide\"><div class=\"fusion-carousel-item-wrapper\"><div class=\"fusion-image-wrapper hover-type-none\"><a href=\"https:\/\/ferrari-associati.com\/fr\/projets-executes\/compartiment-du-projet-elegance\/\" target=\"_self\"><img decoding=\"async\" width=\"1181\" height=\"630\" src=\"https:\/\/ferrari-associati.com\/wp-content\/uploads\/2024\/06\/12-Elegane.jpg\" class=\"attachment-full size-full lazyload\" alt=\"\" srcset=\"data:image\/svg+xml,%3Csvg%20xmlns%3D%27http%3A%2F%2Fwww.w3.org%2F2000%2Fsvg%27%20width%3D%271181%27%20height%3D%27630%27%20viewBox%3D%270%200%201181%20630%27%3E%3Crect%20width%3D%271181%27%20height%3D%27630%27%20fill-opacity%3D%220%22%2F%3E%3C%2Fsvg%3E\" data-orig-src=\"https:\/\/ferrari-associati.com\/wp-content\/uploads\/2024\/06\/12-Elegane.jpg\" data-srcset=\"https:\/\/ferrari-associati.com\/wp-content\/uploads\/2024\/06\/12-Elegane-200x107.jpg 200w, https:\/\/ferrari-associati.com\/wp-content\/uploads\/2024\/06\/12-Elegane-400x213.jpg 400w, https:\/\/ferrari-associati.com\/wp-content\/uploads\/2024\/06\/12-Elegane-600x320.jpg 600w, https:\/\/ferrari-associati.com\/wp-content\/uploads\/2024\/06\/12-Elegane-800x427.jpg 800w, https:\/\/ferrari-associati.com\/wp-content\/uploads\/2024\/06\/12-Elegane.jpg 1181w\" data-sizes=\"auto\" \/><\/a><\/div><\/div><\/div><div class=\"swiper-slide\"><div class=\"fusion-carousel-item-wrapper\"><div class=\"fusion-image-wrapper hover-type-none\"><a href=\"https:\/\/ferrari-associati.com\/fr\/projets-executes\/projet-compartiment-extra-plat\/\" target=\"_self\"><img decoding=\"async\" width=\"1181\" height=\"630\" src=\"https:\/\/ferrari-associati.com\/wp-content\/uploads\/2024\/06\/13-Extra-Slim.jpg\" class=\"attachment-full size-full lazyload\" alt=\"\" srcset=\"data:image\/svg+xml,%3Csvg%20xmlns%3D%27http%3A%2F%2Fwww.w3.org%2F2000%2Fsvg%27%20width%3D%271181%27%20height%3D%27630%27%20viewBox%3D%270%200%201181%20630%27%3E%3Crect%20width%3D%271181%27%20height%3D%27630%27%20fill-opacity%3D%220%22%2F%3E%3C%2Fsvg%3E\" data-orig-src=\"https:\/\/ferrari-associati.com\/wp-content\/uploads\/2024\/06\/13-Extra-Slim.jpg\" data-srcset=\"https:\/\/ferrari-associati.com\/wp-content\/uploads\/2024\/06\/13-Extra-Slim-200x107.jpg 200w, https:\/\/ferrari-associati.com\/wp-content\/uploads\/2024\/06\/13-Extra-Slim-400x213.jpg 400w, https:\/\/ferrari-associati.com\/wp-content\/uploads\/2024\/06\/13-Extra-Slim-600x320.jpg 600w, https:\/\/ferrari-associati.com\/wp-content\/uploads\/2024\/06\/13-Extra-Slim-800x427.jpg 800w, https:\/\/ferrari-associati.com\/wp-content\/uploads\/2024\/06\/13-Extra-Slim.jpg 1181w\" data-sizes=\"auto\" \/><\/a><\/div><\/div><\/div><div class=\"swiper-slide\"><div class=\"fusion-carousel-item-wrapper\"><div class=\"fusion-image-wrapper hover-type-none\"><a href=\"https:\/\/ferrari-associati.com\/fr\/projets-executes\/compartiment-de-la-ronde-des-projets\/\" target=\"_self\"><img decoding=\"async\" width=\"1181\" height=\"630\" src=\"https:\/\/ferrari-associati.com\/wp-content\/uploads\/2024\/07\/14-Round.jpg\" class=\"attachment-full size-full lazyload\" alt=\"\" srcset=\"data:image\/svg+xml,%3Csvg%20xmlns%3D%27http%3A%2F%2Fwww.w3.org%2F2000%2Fsvg%27%20width%3D%271181%27%20height%3D%27630%27%20viewBox%3D%270%200%201181%20630%27%3E%3Crect%20width%3D%271181%27%20height%3D%27630%27%20fill-opacity%3D%220%22%2F%3E%3C%2Fsvg%3E\" data-orig-src=\"https:\/\/ferrari-associati.com\/wp-content\/uploads\/2024\/07\/14-Round.jpg\" data-srcset=\"https:\/\/ferrari-associati.com\/wp-content\/uploads\/2024\/07\/14-Round-200x107.jpg 200w, https:\/\/ferrari-associati.com\/wp-content\/uploads\/2024\/07\/14-Round-400x213.jpg 400w, https:\/\/ferrari-associati.com\/wp-content\/uploads\/2024\/07\/14-Round-600x320.jpg 600w, https:\/\/ferrari-associati.com\/wp-content\/uploads\/2024\/07\/14-Round-800x427.jpg 800w, https:\/\/ferrari-associati.com\/wp-content\/uploads\/2024\/07\/14-Round.jpg 1181w\" data-sizes=\"auto\" \/><\/a><\/div><\/div><\/div><div class=\"swiper-slide\"><div class=\"fusion-carousel-item-wrapper\"><div class=\"fusion-image-wrapper hover-type-none\"><a href=\"https:\/\/ferrari-associati.com\/fr\/projets-executes\/compartiment-de-travail-du-projet-dans-lexecution-speciale\/\" target=\"_self\"><img decoding=\"async\" width=\"1181\" height=\"630\" src=\"https:\/\/ferrari-associati.com\/wp-content\/uploads\/2024\/07\/15-Work.jpg\" class=\"attachment-full size-full lazyload\" alt=\"\" srcset=\"data:image\/svg+xml,%3Csvg%20xmlns%3D%27http%3A%2F%2Fwww.w3.org%2F2000%2Fsvg%27%20width%3D%271181%27%20height%3D%27630%27%20viewBox%3D%270%200%201181%20630%27%3E%3Crect%20width%3D%271181%27%20height%3D%27630%27%20fill-opacity%3D%220%22%2F%3E%3C%2Fsvg%3E\" data-orig-src=\"https:\/\/ferrari-associati.com\/wp-content\/uploads\/2024\/07\/15-Work.jpg\" data-srcset=\"https:\/\/ferrari-associati.com\/wp-content\/uploads\/2024\/07\/15-Work-200x107.jpg 200w, https:\/\/ferrari-associati.com\/wp-content\/uploads\/2024\/07\/15-Work-400x213.jpg 400w, https:\/\/ferrari-associati.com\/wp-content\/uploads\/2024\/07\/15-Work-600x320.jpg 600w, https:\/\/ferrari-associati.com\/wp-content\/uploads\/2024\/07\/15-Work-800x427.jpg 800w, https:\/\/ferrari-associati.com\/wp-content\/uploads\/2024\/07\/15-Work.jpg 1181w\" data-sizes=\"auto\" \/><\/a><\/div><\/div><\/div><div class=\"swiper-slide\"><div class=\"fusion-carousel-item-wrapper\"><div class=\"fusion-image-wrapper hover-type-none\"><a href=\"https:\/\/ferrari-associati.com\/fr\/projets-executes\/compartiment-de-levage-de-grande-capacite\/\" target=\"_self\"><img decoding=\"async\" width=\"1181\" height=\"630\" src=\"https:\/\/ferrari-associati.com\/wp-content\/uploads\/2024\/06\/01-elevata-portata-1.jpg\" class=\"attachment-full size-full lazyload\" alt=\"\" srcset=\"data:image\/svg+xml,%3Csvg%20xmlns%3D%27http%3A%2F%2Fwww.w3.org%2F2000%2Fsvg%27%20width%3D%271181%27%20height%3D%27630%27%20viewBox%3D%270%200%201181%20630%27%3E%3Crect%20width%3D%271181%27%20height%3D%27630%27%20fill-opacity%3D%220%22%2F%3E%3C%2Fsvg%3E\" data-orig-src=\"https:\/\/ferrari-associati.com\/wp-content\/uploads\/2024\/06\/01-elevata-portata-1.jpg\" data-srcset=\"https:\/\/ferrari-associati.com\/wp-content\/uploads\/2024\/06\/01-elevata-portata-1-200x107.jpg 200w, https:\/\/ferrari-associati.com\/wp-content\/uploads\/2024\/06\/01-elevata-portata-1-400x213.jpg 400w, https:\/\/ferrari-associati.com\/wp-content\/uploads\/2024\/06\/01-elevata-portata-1-600x320.jpg 600w, https:\/\/ferrari-associati.com\/wp-content\/uploads\/2024\/06\/01-elevata-portata-1-800x427.jpg 800w, https:\/\/ferrari-associati.com\/wp-content\/uploads\/2024\/06\/01-elevata-portata-1.jpg 1181w\" data-sizes=\"auto\" \/><\/a><\/div><\/div><\/div><\/div><div class=\"awb-swiper-button awb-swiper-button-prev\"><i class=\"awb-icon-angle-left\" aria-hidden=\"true\"><\/i><\/div><div class=\"awb-swiper-button awb-swiper-button-next\"><i class=\"awb-icon-angle-right\" aria-hidden=\"true\"><\/i><\/div><\/div><\/div><\/div><\/div><\/div><\/div><\/p>\n","protected":false},"excerpt":{"rendered":"","protected":false},"author":1,"featured_media":0,"parent":10518,"menu_order":0,"comment_status":"closed","ping_status":"closed","template":"100-width.php","meta":{"footnotes":""},"class_list":["post-10243","page","type-page","status-publish","hentry"],"yoast_head":"<!-- This site is optimized with the Yoast SEO plugin v26.6 - https:\/\/yoast.com\/wordpress\/plugins\/seo\/ -->\n<title>Compartiment \u00e9l\u00e9vateur avec passerelles int\u00e9gr\u00e9es - Ferrari e Associati<\/title>\n<meta name=\"robots\" content=\"index, follow, max-snippet:-1, max-image-preview:large, max-video-preview:-1\" \/>\n<link rel=\"canonical\" href=\"https:\/\/ferrari-associati.com\/fr\/projets-executes\/compartiment-elevateur-avec-passerelles-integrees\/\" \/>\n<meta property=\"og:locale\" content=\"fr_FR\" \/>\n<meta property=\"og:type\" content=\"article\" \/>\n<meta property=\"og:title\" content=\"Compartiment \u00e9l\u00e9vateur avec passerelles int\u00e9gr\u00e9es - Ferrari e Associati\" \/>\n<meta property=\"og:url\" content=\"https:\/\/ferrari-associati.com\/fr\/projets-executes\/compartiment-elevateur-avec-passerelles-integrees\/\" \/>\n<meta property=\"og:site_name\" content=\"Ferrari e Associati\" \/>\n<meta property=\"article:modified_time\" content=\"2026-01-02T17:10:33+00:00\" \/>\n<meta name=\"twitter:card\" content=\"summary_large_image\" \/>\n<meta name=\"twitter:label1\" content=\"Dur\u00e9e de lecture estim\u00e9e\" \/>\n\t<meta name=\"twitter:data1\" content=\"41 minutes\" \/>\n<script type=\"application\/ld+json\" class=\"yoast-schema-graph\">{\"@context\":\"https:\/\/schema.org\",\"@graph\":[{\"@type\":\"WebPage\",\"@id\":\"https:\/\/ferrari-associati.com\/fr\/projets-executes\/compartiment-elevateur-avec-passerelles-integrees\/\",\"url\":\"https:\/\/ferrari-associati.com\/fr\/projets-executes\/compartiment-elevateur-avec-passerelles-integrees\/\",\"name\":\"Compartiment \u00e9l\u00e9vateur avec passerelles int\u00e9gr\u00e9es - Ferrari e Associati\",\"isPartOf\":{\"@id\":\"https:\/\/ferrari-associati.com\/fr\/#website\"},\"datePublished\":\"2024-06-12T15:58:05+00:00\",\"dateModified\":\"2026-01-02T17:10:33+00:00\",\"breadcrumb\":{\"@id\":\"https:\/\/ferrari-associati.com\/fr\/projets-executes\/compartiment-elevateur-avec-passerelles-integrees\/#breadcrumb\"},\"inLanguage\":\"fr-FR\",\"potentialAction\":[{\"@type\":\"ReadAction\",\"target\":[\"https:\/\/ferrari-associati.com\/fr\/projets-executes\/compartiment-elevateur-avec-passerelles-integrees\/\"]}]},{\"@type\":\"BreadcrumbList\",\"@id\":\"https:\/\/ferrari-associati.com\/fr\/projets-executes\/compartiment-elevateur-avec-passerelles-integrees\/#breadcrumb\",\"itemListElement\":[{\"@type\":\"ListItem\",\"position\":1,\"name\":\"Home\",\"item\":\"https:\/\/ferrari-associati.com\/fr\/page-daccueil\/\"},{\"@type\":\"ListItem\",\"position\":2,\"name\":\"Projets ex\u00e9cut\u00e9s\",\"item\":\"https:\/\/ferrari-associati.com\/fr\/projets-executes\/\"},{\"@type\":\"ListItem\",\"position\":3,\"name\":\"Compartiment \u00e9l\u00e9vateur avec passerelles int\u00e9gr\u00e9es\"}]},{\"@type\":\"WebSite\",\"@id\":\"https:\/\/ferrari-associati.com\/fr\/#website\",\"url\":\"https:\/\/ferrari-associati.com\/fr\/\",\"name\":\"Ferrari e Associati\",\"description\":\"\",\"publisher\":{\"@id\":\"https:\/\/ferrari-associati.com\/fr\/#organization\"},\"potentialAction\":[{\"@type\":\"SearchAction\",\"target\":{\"@type\":\"EntryPoint\",\"urlTemplate\":\"https:\/\/ferrari-associati.com\/fr\/?s={search_term_string}\"},\"query-input\":{\"@type\":\"PropertyValueSpecification\",\"valueRequired\":true,\"valueName\":\"search_term_string\"}}],\"inLanguage\":\"fr-FR\"},{\"@type\":\"Organization\",\"@id\":\"https:\/\/ferrari-associati.com\/fr\/#organization\",\"name\":\"Ferrari e Associati\",\"url\":\"https:\/\/ferrari-associati.com\/fr\/\",\"logo\":{\"@type\":\"ImageObject\",\"inLanguage\":\"fr-FR\",\"@id\":\"https:\/\/ferrari-associati.com\/fr\/#\/schema\/logo\/image\/\",\"url\":\"https:\/\/ferrari-associati.com\/wp-content\/uploads\/2024\/05\/00SimboloLogo-FerrariAssociati-sfondo-trasparente.png\",\"contentUrl\":\"https:\/\/ferrari-associati.com\/wp-content\/uploads\/2024\/05\/00SimboloLogo-FerrariAssociati-sfondo-trasparente.png\",\"width\":855,\"height\":1124,\"caption\":\"Ferrari e Associati\"},\"image\":{\"@id\":\"https:\/\/ferrari-associati.com\/fr\/#\/schema\/logo\/image\/\"}}]}<\/script>\n<!-- \/ Yoast SEO plugin. -->","yoast_head_json":{"title":"Compartiment \u00e9l\u00e9vateur avec passerelles int\u00e9gr\u00e9es - Ferrari e Associati","robots":{"index":"index","follow":"follow","max-snippet":"max-snippet:-1","max-image-preview":"max-image-preview:large","max-video-preview":"max-video-preview:-1"},"canonical":"https:\/\/ferrari-associati.com\/fr\/projets-executes\/compartiment-elevateur-avec-passerelles-integrees\/","og_locale":"fr_FR","og_type":"article","og_title":"Compartiment \u00e9l\u00e9vateur avec passerelles int\u00e9gr\u00e9es - Ferrari e Associati","og_url":"https:\/\/ferrari-associati.com\/fr\/projets-executes\/compartiment-elevateur-avec-passerelles-integrees\/","og_site_name":"Ferrari e Associati","article_modified_time":"2026-01-02T17:10:33+00:00","twitter_card":"summary_large_image","twitter_misc":{"Dur\u00e9e de lecture estim\u00e9e":"41 minutes"},"schema":{"@context":"https:\/\/schema.org","@graph":[{"@type":"WebPage","@id":"https:\/\/ferrari-associati.com\/fr\/projets-executes\/compartiment-elevateur-avec-passerelles-integrees\/","url":"https:\/\/ferrari-associati.com\/fr\/projets-executes\/compartiment-elevateur-avec-passerelles-integrees\/","name":"Compartiment \u00e9l\u00e9vateur avec passerelles int\u00e9gr\u00e9es - Ferrari e Associati","isPartOf":{"@id":"https:\/\/ferrari-associati.com\/fr\/#website"},"datePublished":"2024-06-12T15:58:05+00:00","dateModified":"2026-01-02T17:10:33+00:00","breadcrumb":{"@id":"https:\/\/ferrari-associati.com\/fr\/projets-executes\/compartiment-elevateur-avec-passerelles-integrees\/#breadcrumb"},"inLanguage":"fr-FR","potentialAction":[{"@type":"ReadAction","target":["https:\/\/ferrari-associati.com\/fr\/projets-executes\/compartiment-elevateur-avec-passerelles-integrees\/"]}]},{"@type":"BreadcrumbList","@id":"https:\/\/ferrari-associati.com\/fr\/projets-executes\/compartiment-elevateur-avec-passerelles-integrees\/#breadcrumb","itemListElement":[{"@type":"ListItem","position":1,"name":"Home","item":"https:\/\/ferrari-associati.com\/fr\/page-daccueil\/"},{"@type":"ListItem","position":2,"name":"Projets ex\u00e9cut\u00e9s","item":"https:\/\/ferrari-associati.com\/fr\/projets-executes\/"},{"@type":"ListItem","position":3,"name":"Compartiment \u00e9l\u00e9vateur avec passerelles int\u00e9gr\u00e9es"}]},{"@type":"WebSite","@id":"https:\/\/ferrari-associati.com\/fr\/#website","url":"https:\/\/ferrari-associati.com\/fr\/","name":"Ferrari e Associati","description":"","publisher":{"@id":"https:\/\/ferrari-associati.com\/fr\/#organization"},"potentialAction":[{"@type":"SearchAction","target":{"@type":"EntryPoint","urlTemplate":"https:\/\/ferrari-associati.com\/fr\/?s={search_term_string}"},"query-input":{"@type":"PropertyValueSpecification","valueRequired":true,"valueName":"search_term_string"}}],"inLanguage":"fr-FR"},{"@type":"Organization","@id":"https:\/\/ferrari-associati.com\/fr\/#organization","name":"Ferrari e Associati","url":"https:\/\/ferrari-associati.com\/fr\/","logo":{"@type":"ImageObject","inLanguage":"fr-FR","@id":"https:\/\/ferrari-associati.com\/fr\/#\/schema\/logo\/image\/","url":"https:\/\/ferrari-associati.com\/wp-content\/uploads\/2024\/05\/00SimboloLogo-FerrariAssociati-sfondo-trasparente.png","contentUrl":"https:\/\/ferrari-associati.com\/wp-content\/uploads\/2024\/05\/00SimboloLogo-FerrariAssociati-sfondo-trasparente.png","width":855,"height":1124,"caption":"Ferrari e Associati"},"image":{"@id":"https:\/\/ferrari-associati.com\/fr\/#\/schema\/logo\/image\/"}}]}},"_links":{"self":[{"href":"https:\/\/ferrari-associati.com\/fr\/wp-json\/wp\/v2\/pages\/10243","targetHints":{"allow":["GET"]}}],"collection":[{"href":"https:\/\/ferrari-associati.com\/fr\/wp-json\/wp\/v2\/pages"}],"about":[{"href":"https:\/\/ferrari-associati.com\/fr\/wp-json\/wp\/v2\/types\/page"}],"author":[{"embeddable":true,"href":"https:\/\/ferrari-associati.com\/fr\/wp-json\/wp\/v2\/users\/1"}],"replies":[{"embeddable":true,"href":"https:\/\/ferrari-associati.com\/fr\/wp-json\/wp\/v2\/comments?post=10243"}],"version-history":[{"count":23,"href":"https:\/\/ferrari-associati.com\/fr\/wp-json\/wp\/v2\/pages\/10243\/revisions"}],"predecessor-version":[{"id":14825,"href":"https:\/\/ferrari-associati.com\/fr\/wp-json\/wp\/v2\/pages\/10243\/revisions\/14825"}],"up":[{"embeddable":true,"href":"https:\/\/ferrari-associati.com\/fr\/wp-json\/wp\/v2\/pages\/10518"}],"wp:attachment":[{"href":"https:\/\/ferrari-associati.com\/fr\/wp-json\/wp\/v2\/media?parent=10243"}],"curies":[{"name":"wp","href":"https:\/\/api.w.org\/{rel}","templated":true}]}}