{"id":10465,"date":"2024-06-12T17:58:05","date_gmt":"2024-06-12T15:58:05","guid":{"rendered":"https:\/\/sviluppo.ferrari-associati.com\/wp\/proyectos-ejecutados\/compartimento-de-ascensor-con-pasarelas-integradas\/"},"modified":"2026-01-02T19:10:36","modified_gmt":"2026-01-02T17:10:36","slug":"compartimento-de-ascensor-con-pasarelas-integradas","status":"publish","type":"page","link":"https:\/\/ferrari-associati.com\/es\/proyectos-ejecutados\/compartimento-de-ascensor-con-pasarelas-integradas\/","title":{"rendered":"Compartimento de ascensor con pasarelas integradas"},"content":{"rendered":"<p><div class=\"fusion-fullwidth fullwidth-box fusion-builder-row-1 fusion-flex-container has-mask-background moving-background nonhundred-percent-fullwidth hundred-percent-height hundred-percent-height-center-content non-hundred-percent-height-scrolling\" style=\"--awb-border-radius-top-left:0px;--awb-border-radius-top-right:0px;--awb-border-radius-bottom-right:0px;--awb-border-radius-bottom-left:0px;--awb-padding-top:0px;--awb-padding-bottom:0px;--awb-padding-top-medium:80px;--awb-padding-bottom-medium:80px;--awb-padding-top-small:30px;--awb-padding-bottom-small:30px;--awb-background-color:var(--awb-color7);--awb-flex-wrap:wrap;\" ><div class=\"fusion-builder-row fusion-row fusion-flex-align-items-center fusion-flex-align-content-center fusion-flex-content-wrap\" style=\"max-width:1320.8px;margin-left: calc(-4% \/ 2 );margin-right: calc(-4% \/ 2 );\"><div class=\"fusion-layout-column fusion_builder_column fusion-builder-column-0 fusion_builder_column_1_1 1_1 fusion-flex-column\" style=\"--awb-bg-size:cover;--awb-width-large:100%;--awb-margin-top-large:25px;--awb-spacing-right-large:1.92%;--awb-margin-bottom-large:25px;--awb-spacing-left-large:1.92%;--awb-width-medium:100%;--awb-order-medium:0;--awb-spacing-right-medium:1.92%;--awb-spacing-left-medium:1.92%;--awb-width-small:100%;--awb-order-small:0;--awb-spacing-right-small:1.92%;--awb-spacing-left-small:1.92%;\"><div class=\"fusion-column-wrapper fusion-column-has-shadow fusion-flex-justify-content-flex-start fusion-content-layout-column\"><div class=\"fusion-title title fusion-title-1 fusion-sep-none fusion-title-center fusion-title-text fusion-title-size-one\" style=\"--awb-text-color:var(--awb-color1);--awb-margin-bottom-small:24px;--awb-font-size:55px;\"><h1 class=\"fusion-title-heading title-heading-center fusion-responsive-typography-calculated\" style=\"font-family:&#039;Trebuchet MS&#039;, Helvetica, sans-serif;font-style:normal;font-weight:400;margin:0;font-size:1em;text-transform:uppercase;--fontSize:55;line-height:var(--awb-typography1-line-height);text-shadow:2px 2px 4px rgba(0,0,0,0.5);\">Pozo de Ascensor para la Eliminaci\u00f3n de Barreras Arquitect\u00f3nicas<\/h1><\/div><div class=\"fusion-title title fusion-title-2 fusion-sep-none fusion-title-center fusion-title-text fusion-title-size-two\" style=\"--awb-text-color:var(--awb-color1);--awb-margin-bottom:72px;--awb-margin-bottom-small:24px;--awb-font-size:40px;\"><h2 class=\"fusion-title-heading title-heading-center fusion-responsive-typography-calculated\" style=\"font-family:&#039;Trebuchet MS&#039;, Helvetica, sans-serif;font-style:normal;font-weight:400;margin:0;font-size:1em;text-transform:uppercase;--fontSize:40;line-height:1.26;text-shadow:2px 2px 4px rgba(0,0,0,0.5);\">Project Classic con pasarelas integradas<\/h2><\/div><\/div><\/div><\/div><\/div><div class=\"fusion-fullwidth fullwidth-box fusion-builder-row-2 fusion-flex-container has-pattern-background has-mask-background nonhundred-percent-fullwidth non-hundred-percent-height-scrolling\" style=\"--awb-border-radius-top-left:0px;--awb-border-radius-top-right:0px;--awb-border-radius-bottom-right:0px;--awb-border-radius-bottom-left:0px;--awb-padding-top:3%;--awb-flex-wrap:wrap;\" ><div class=\"fusion-builder-row fusion-row fusion-flex-align-items-center fusion-flex-content-wrap\" style=\"max-width:1320.8px;margin-left: calc(-4% \/ 2 );margin-right: calc(-4% \/ 2 );\"><div class=\"fusion-layout-column fusion_builder_column fusion-builder-column-1 fusion_builder_column_1_1 1_1 fusion-flex-column\" style=\"--awb-bg-size:cover;--awb-width-large:100%;--awb-margin-top-large:25px;--awb-spacing-right-large:1.92%;--awb-margin-bottom-large:25px;--awb-spacing-left-large:1.92%;--awb-width-medium:100%;--awb-order-medium:0;--awb-spacing-right-medium:1.92%;--awb-spacing-left-medium:1.92%;--awb-width-small:100%;--awb-order-small:0;--awb-spacing-right-small:1.92%;--awb-spacing-left-small:1.92%;\"><div class=\"fusion-column-wrapper fusion-column-has-shadow fusion-flex-justify-content-flex-start fusion-content-layout-column\"><div class=\"fusion-title title fusion-title-3 fusion-sep-none fusion-title-center fusion-title-text fusion-title-size-three\"><h3 class=\"fusion-title-heading title-heading-center fusion-responsive-typography-calculated\" style=\"font-family:&#039;Trebuchet MS&#039;, Helvetica, sans-serif;font-style:normal;font-weight:400;margin:0;text-transform:uppercase;--fontSize:28;line-height:1.32;\"><strong>Pozo de Ascensor para la Eliminaci\u00f3n de Barreras Arquitect\u00f3nicas<\/strong><\/h3><\/div><div class=\"fusion-text fusion-text-1\" style=\"--awb-content-alignment:center;\"><p><strong>\u200dLugar de<\/strong> instalaci\u00f3n<strong>:<\/strong> Mil\u00e1n<br \/><strong>Estado:<\/strong> Terminado<br \/><strong>Producto:<\/strong> Project Classic con pasarelas integradas<\/p>\n<\/div><div class=\"fusion-text fusion-text-2\" style=\"--awb-content-alignment:center;--awb-margin-top:10px;\"><p>En la ciudad de Mil\u00e1n, en un edificio residencial donde los vecinos necesitaban un acceso f\u00e1cil y sin barreras, construimos un hueco de ascensor Project Classic con pasarelas cerradas integradas. Esta soluci\u00f3n permiti\u00f3 aumentar el tama\u00f1o de los espacios de desembarco, haci\u00e9ndolos tambi\u00e9n aptos para personas con discapacidad y manteniendo el acceso protegido de la intemperie. El hueco del ascensor incorpora ventanas para mantener la proporci\u00f3n adecuada de ventilaci\u00f3n e iluminaci\u00f3n en el hueco de la escalera al que est\u00e1 conectado. Adem\u00e1s, al ser una soluci\u00f3n sin barreras, permite beneficios fiscales, lo que representa una ventaja adicional para los residentes.<\/p>\n<\/div><\/div><\/div><div class=\"fusion-layout-column fusion_builder_column fusion-builder-column-2 fusion_builder_column_1_1 1_1 fusion-flex-column\" style=\"--awb-bg-size:cover;--awb-width-large:100%;--awb-margin-top-large:25px;--awb-spacing-right-large:1.92%;--awb-margin-bottom-large:25px;--awb-spacing-left-large:1.92%;--awb-width-medium:100%;--awb-order-medium:0;--awb-spacing-right-medium:1.92%;--awb-spacing-left-medium:1.92%;--awb-width-small:100%;--awb-order-small:0;--awb-spacing-right-small:1.92%;--awb-spacing-left-small:1.92%;\"><div class=\"fusion-column-wrapper fusion-column-has-shadow fusion-flex-justify-content-flex-start fusion-content-layout-column\"><div class=\"fusion-image-element \" style=\"--awb-caption-title-font-family:var(--h2_typography-font-family);--awb-caption-title-font-weight:var(--h2_typography-font-weight);--awb-caption-title-font-style:var(--h2_typography-font-style);--awb-caption-title-size:var(--h2_typography-font-size);--awb-caption-title-transform:var(--h2_typography-text-transform);--awb-caption-title-line-height:var(--h2_typography-line-height);--awb-caption-title-letter-spacing:var(--h2_typography-letter-spacing);\"><span class=\" fusion-imageframe imageframe-none imageframe-1 hover-type-none\"><img decoding=\"async\" width=\"2362\" height=\"1670\" title=\"Rendering Layout\" src=\"https:\/\/ferrari-associati.com\/wp-content\/uploads\/2024\/06\/01-Rendering-Passerelle-Integrate-1.jpg\" data-orig-src=\"https:\/\/ferrari-associati.com\/wp-content\/uploads\/2024\/06\/01-Rendering-Passerelle-Integrate-1.jpg\" alt class=\"lazyload img-responsive wp-image-6960\" srcset=\"data:image\/svg+xml,%3Csvg%20xmlns%3D%27http%3A%2F%2Fwww.w3.org%2F2000%2Fsvg%27%20width%3D%272362%27%20height%3D%271670%27%20viewBox%3D%270%200%202362%201670%27%3E%3Crect%20width%3D%272362%27%20height%3D%271670%27%20fill-opacity%3D%220%22%2F%3E%3C%2Fsvg%3E\" data-srcset=\"https:\/\/ferrari-associati.com\/wp-content\/uploads\/2024\/06\/01-Rendering-Passerelle-Integrate-1-200x141.jpg 200w, https:\/\/ferrari-associati.com\/wp-content\/uploads\/2024\/06\/01-Rendering-Passerelle-Integrate-1-400x283.jpg 400w, https:\/\/ferrari-associati.com\/wp-content\/uploads\/2024\/06\/01-Rendering-Passerelle-Integrate-1-600x424.jpg 600w, https:\/\/ferrari-associati.com\/wp-content\/uploads\/2024\/06\/01-Rendering-Passerelle-Integrate-1-800x566.jpg 800w, https:\/\/ferrari-associati.com\/wp-content\/uploads\/2024\/06\/01-Rendering-Passerelle-Integrate-1-1200x848.jpg 1200w, https:\/\/ferrari-associati.com\/wp-content\/uploads\/2024\/06\/01-Rendering-Passerelle-Integrate-1.jpg 2362w\" data-sizes=\"auto\" data-orig-sizes=\"(max-width: 1024px) 100vw, (max-width: 640px) 100vw, 2362px\" \/><\/span><\/div><\/div><\/div><div class=\"fusion-layout-column fusion_builder_column fusion-builder-column-3 fusion_builder_column_1_2 1_2 fusion-flex-column\" style=\"--awb-bg-size:cover;--awb-width-large:50%;--awb-margin-top-large:25px;--awb-spacing-right-large:3.84%;--awb-margin-bottom-large:25px;--awb-spacing-left-large:3.84%;--awb-width-medium:100%;--awb-order-medium:0;--awb-spacing-right-medium:1.92%;--awb-spacing-left-medium:1.92%;--awb-width-small:100%;--awb-order-small:0;--awb-spacing-right-small:1.92%;--awb-spacing-left-small:1.92%;\"><div class=\"fusion-column-wrapper fusion-column-has-shadow fusion-flex-justify-content-flex-start fusion-content-layout-column\"><div class=\"fusion-image-element \" style=\"--awb-caption-title-font-family:var(--h2_typography-font-family);--awb-caption-title-font-weight:var(--h2_typography-font-weight);--awb-caption-title-font-style:var(--h2_typography-font-style);--awb-caption-title-size:var(--h2_typography-font-size);--awb-caption-title-transform:var(--h2_typography-text-transform);--awb-caption-title-line-height:var(--h2_typography-line-height);--awb-caption-title-letter-spacing:var(--h2_typography-letter-spacing);\"><span class=\" fusion-imageframe imageframe-none imageframe-2 hover-type-none\"><img decoding=\"async\" width=\"2362\" height=\"1671\" title=\"02 Tegnici Passerelle Integrate\" src=\"https:\/\/ferrari-associati.com\/wp-content\/uploads\/2024\/06\/02-Tegnici-Passerelle-Integrate.jpg\" data-orig-src=\"https:\/\/ferrari-associati.com\/wp-content\/uploads\/2024\/06\/02-Tegnici-Passerelle-Integrate.jpg\" alt class=\"lazyload img-responsive wp-image-6975\" srcset=\"data:image\/svg+xml,%3Csvg%20xmlns%3D%27http%3A%2F%2Fwww.w3.org%2F2000%2Fsvg%27%20width%3D%272362%27%20height%3D%271671%27%20viewBox%3D%270%200%202362%201671%27%3E%3Crect%20width%3D%272362%27%20height%3D%271671%27%20fill-opacity%3D%220%22%2F%3E%3C%2Fsvg%3E\" data-srcset=\"https:\/\/ferrari-associati.com\/wp-content\/uploads\/2024\/06\/02-Tegnici-Passerelle-Integrate-200x141.jpg 200w, https:\/\/ferrari-associati.com\/wp-content\/uploads\/2024\/06\/02-Tegnici-Passerelle-Integrate-400x283.jpg 400w, https:\/\/ferrari-associati.com\/wp-content\/uploads\/2024\/06\/02-Tegnici-Passerelle-Integrate-600x424.jpg 600w, https:\/\/ferrari-associati.com\/wp-content\/uploads\/2024\/06\/02-Tegnici-Passerelle-Integrate-800x566.jpg 800w, https:\/\/ferrari-associati.com\/wp-content\/uploads\/2024\/06\/02-Tegnici-Passerelle-Integrate-1200x849.jpg 1200w, https:\/\/ferrari-associati.com\/wp-content\/uploads\/2024\/06\/02-Tegnici-Passerelle-Integrate.jpg 2362w\" data-sizes=\"auto\" data-orig-sizes=\"(max-width: 1024px) 100vw, (max-width: 640px) 100vw, 600px\" \/><\/span><\/div><\/div><\/div><div class=\"fusion-layout-column fusion_builder_column fusion-builder-column-4 fusion_builder_column_1_2 1_2 fusion-flex-column\" style=\"--awb-bg-size:cover;--awb-width-large:50%;--awb-margin-top-large:25px;--awb-spacing-right-large:3.84%;--awb-margin-bottom-large:25px;--awb-spacing-left-large:3.84%;--awb-width-medium:100%;--awb-order-medium:0;--awb-spacing-right-medium:1.92%;--awb-spacing-left-medium:1.92%;--awb-width-small:100%;--awb-order-small:0;--awb-spacing-right-small:1.92%;--awb-spacing-left-small:1.92%;\"><div class=\"fusion-column-wrapper fusion-column-has-shadow fusion-flex-justify-content-flex-start fusion-content-layout-column\"><div class=\"fusion-image-element \" style=\"--awb-caption-title-font-family:var(--h2_typography-font-family);--awb-caption-title-font-weight:var(--h2_typography-font-weight);--awb-caption-title-font-style:var(--h2_typography-font-style);--awb-caption-title-size:var(--h2_typography-font-size);--awb-caption-title-transform:var(--h2_typography-text-transform);--awb-caption-title-line-height:var(--h2_typography-line-height);--awb-caption-title-letter-spacing:var(--h2_typography-letter-spacing);\"><span class=\" fusion-imageframe imageframe-none imageframe-3 hover-type-none\"><img decoding=\"async\" width=\"2362\" height=\"1671\" title=\"Untitled\" src=\"https:\/\/ferrari-associati.com\/wp-content\/uploads\/2024\/06\/02-Tecnici-Passerelle-Integrate1.jpg\" data-orig-src=\"https:\/\/ferrari-associati.com\/wp-content\/uploads\/2024\/06\/02-Tecnici-Passerelle-Integrate1.jpg\" alt class=\"lazyload img-responsive wp-image-6970\" srcset=\"data:image\/svg+xml,%3Csvg%20xmlns%3D%27http%3A%2F%2Fwww.w3.org%2F2000%2Fsvg%27%20width%3D%272362%27%20height%3D%271671%27%20viewBox%3D%270%200%202362%201671%27%3E%3Crect%20width%3D%272362%27%20height%3D%271671%27%20fill-opacity%3D%220%22%2F%3E%3C%2Fsvg%3E\" data-srcset=\"https:\/\/ferrari-associati.com\/wp-content\/uploads\/2024\/06\/02-Tecnici-Passerelle-Integrate1-200x141.jpg 200w, https:\/\/ferrari-associati.com\/wp-content\/uploads\/2024\/06\/02-Tecnici-Passerelle-Integrate1-400x283.jpg 400w, https:\/\/ferrari-associati.com\/wp-content\/uploads\/2024\/06\/02-Tecnici-Passerelle-Integrate1-600x424.jpg 600w, https:\/\/ferrari-associati.com\/wp-content\/uploads\/2024\/06\/02-Tecnici-Passerelle-Integrate1-800x566.jpg 800w, https:\/\/ferrari-associati.com\/wp-content\/uploads\/2024\/06\/02-Tecnici-Passerelle-Integrate1-1200x849.jpg 1200w, https:\/\/ferrari-associati.com\/wp-content\/uploads\/2024\/06\/02-Tecnici-Passerelle-Integrate1.jpg 2362w\" data-sizes=\"auto\" data-orig-sizes=\"(max-width: 1024px) 100vw, (max-width: 640px) 100vw, 600px\" \/><\/span><\/div><\/div><\/div><div class=\"fusion-layout-column fusion_builder_column fusion-builder-column-5 fusion_builder_column_1_1 1_1 fusion-flex-column\" style=\"--awb-bg-size:cover;--awb-width-large:100%;--awb-margin-top-large:25px;--awb-spacing-right-large:1.92%;--awb-margin-bottom-large:25px;--awb-spacing-left-large:1.92%;--awb-width-medium:100%;--awb-order-medium:0;--awb-spacing-right-medium:1.92%;--awb-spacing-left-medium:1.92%;--awb-width-small:100%;--awb-order-small:0;--awb-spacing-right-small:1.92%;--awb-spacing-left-small:1.92%;\"><div class=\"fusion-column-wrapper fusion-column-has-shadow fusion-flex-justify-content-flex-start fusion-content-layout-column\"><div class=\"fusion-image-element \" style=\"--awb-caption-title-font-family:var(--h2_typography-font-family);--awb-caption-title-font-weight:var(--h2_typography-font-weight);--awb-caption-title-font-style:var(--h2_typography-font-style);--awb-caption-title-size:var(--h2_typography-font-size);--awb-caption-title-transform:var(--h2_typography-text-transform);--awb-caption-title-line-height:var(--h2_typography-line-height);--awb-caption-title-letter-spacing:var(--h2_typography-letter-spacing);\"><span class=\" fusion-imageframe imageframe-none imageframe-4 hover-type-none\"><img decoding=\"async\" width=\"3319\" height=\"413\" title=\"00 Tabella Vano Passerelle Integrate\" src=\"https:\/\/ferrari-associati.com\/wp-content\/uploads\/2024\/06\/00-Tabella-Vano-Passerelle-Integrate.png\" data-orig-src=\"https:\/\/ferrari-associati.com\/wp-content\/uploads\/2024\/06\/00-Tabella-Vano-Passerelle-Integrate.png\" alt class=\"lazyload img-responsive wp-image-6955\" srcset=\"data:image\/svg+xml,%3Csvg%20xmlns%3D%27http%3A%2F%2Fwww.w3.org%2F2000%2Fsvg%27%20width%3D%273319%27%20height%3D%27413%27%20viewBox%3D%270%200%203319%20413%27%3E%3Crect%20width%3D%273319%27%20height%3D%27413%27%20fill-opacity%3D%220%22%2F%3E%3C%2Fsvg%3E\" data-srcset=\"https:\/\/ferrari-associati.com\/wp-content\/uploads\/2024\/06\/00-Tabella-Vano-Passerelle-Integrate-200x25.png 200w, https:\/\/ferrari-associati.com\/wp-content\/uploads\/2024\/06\/00-Tabella-Vano-Passerelle-Integrate-400x50.png 400w, https:\/\/ferrari-associati.com\/wp-content\/uploads\/2024\/06\/00-Tabella-Vano-Passerelle-Integrate-600x75.png 600w, https:\/\/ferrari-associati.com\/wp-content\/uploads\/2024\/06\/00-Tabella-Vano-Passerelle-Integrate-800x100.png 800w, https:\/\/ferrari-associati.com\/wp-content\/uploads\/2024\/06\/00-Tabella-Vano-Passerelle-Integrate-1200x149.png 1200w, https:\/\/ferrari-associati.com\/wp-content\/uploads\/2024\/06\/00-Tabella-Vano-Passerelle-Integrate.png 3319w\" data-sizes=\"auto\" data-orig-sizes=\"(max-width: 1024px) 100vw, (max-width: 640px) 100vw, 3319px\" \/><\/span><\/div><\/div><\/div><div class=\"fusion-layout-column fusion_builder_column fusion-builder-column-6 fusion_builder_column_1_1 1_1 fusion-flex-column\" style=\"--awb-bg-size:cover;--awb-width-large:100%;--awb-margin-top-large:25px;--awb-spacing-right-large:1.92%;--awb-margin-bottom-large:25px;--awb-spacing-left-large:1.92%;--awb-width-medium:100%;--awb-order-medium:0;--awb-spacing-right-medium:1.92%;--awb-spacing-left-medium:1.92%;--awb-width-small:100%;--awb-order-small:0;--awb-spacing-right-small:1.92%;--awb-spacing-left-small:1.92%;\"><div class=\"fusion-column-wrapper fusion-column-has-shadow fusion-flex-justify-content-flex-start fusion-content-layout-column\"><div class=\"accordian fusion-accordian\" style=\"--awb-border-size:1px;--awb-icon-size:16px;--awb-content-font-size:var(--awb-typography4-font-size);--awb-icon-alignment:left;--awb-hover-color:var(--awb-color2);--awb-border-color:var(--awb-color3);--awb-background-color:var(--awb-color1);--awb-divider-color:var(--awb-color3);--awb-divider-hover-color:var(--awb-color3);--awb-icon-color:var(--awb-color1);--awb-title-color:var(--awb-color8);--awb-content-color:var(--awb-custom_color_1);--awb-icon-box-color:var(--awb-color8);--awb-toggle-hover-accent-color:rgba(79,146,168,0.99);--awb-title-font-family:&#039;Trebuchet MS&#039;, Helvetica, sans-serif;--awb-title-font-weight:var(--awb-typography1);--awb-title-font-style:normal;--awb-title-font-size:16px;--awb-title-line-height:1.34;--awb-content-font-family:&#039;Trebuchet MS&#039;, Helvetica, sans-serif;--awb-content-font-style:normal;--awb-content-font-weight:400;\"><div class=\"panel-group fusion-toggle-icon-boxed\" id=\"accordion-10465-1\"><div class=\"fusion-panel panel-default panel-69509c7f195effa06 fusion-toggle-no-divider fusion-toggle-boxed-mode\"><div class=\"panel-heading\"><h4 class=\"panel-title toggle\" id=\"toggle_69509c7f195effa06\"><a aria-expanded=\"false\" aria-controls=\"69509c7f195effa06\" role=\"button\" data-toggle=\"collapse\" data-parent=\"#accordion-10465-1\" data-target=\"#69509c7f195effa06\" href=\"#69509c7f195effa06\"><span class=\"fusion-toggle-icon-wrapper\" aria-hidden=\"true\"><i class=\"fa-fusion-box active-icon awb-icon-minus\" aria-hidden=\"true\"><\/i><i class=\"fa-fusion-box inactive-icon awb-icon-plus\" aria-hidden=\"true\"><\/i><\/span><span class=\"fusion-toggle-heading\">Dise\u00f1o y especificaciones<\/span><\/a><\/h4><\/div><div id=\"69509c7f195effa06\" class=\"panel-collapse collapse \" aria-labelledby=\"toggle_69509c7f195effa06\"><div class=\"panel-body toggle-content fusion-clearfix\">\n<p>El plan era que la planta baja quedara libre de la puerta de acceso al edificio. Por este motivo, decidimos colocar la primera pasarela cerrada a la altura del primer rellano, dejando el acceso a la planta baja completamente abierto. Cada componente de la estructura se ha dise\u00f1ado de forma lineal para facilitar el transporte y la inserci\u00f3n en el edificio, como demuestran las fotos adjuntas.<\/p>\n<\/div><\/div><\/div><div class=\"fusion-panel panel-default panel-e26b3c54504aadb9f fusion-toggle-no-divider fusion-toggle-boxed-mode\"><div class=\"panel-heading\"><h4 class=\"panel-title toggle\" id=\"toggle_e26b3c54504aadb9f\"><a aria-expanded=\"false\" aria-controls=\"e26b3c54504aadb9f\" role=\"button\" data-toggle=\"collapse\" data-parent=\"#accordion-10465-1\" data-target=\"#e26b3c54504aadb9f\" href=\"#e26b3c54504aadb9f\"><span class=\"fusion-toggle-icon-wrapper\" aria-hidden=\"true\"><i class=\"fa-fusion-box active-icon awb-icon-minus\" aria-hidden=\"true\"><\/i><i class=\"fa-fusion-box inactive-icon awb-icon-plus\" aria-hidden=\"true\"><\/i><\/span><span class=\"fusion-toggle-heading\">Preparaci\u00f3n y transporte<\/span><\/a><\/h4><\/div><div id=\"e26b3c54504aadb9f\" class=\"panel-collapse collapse \" aria-labelledby=\"toggle_e26b3c54504aadb9f\"><div class=\"panel-body toggle-content fusion-clearfix\">\n<p>Los componentes lineales del eje del ascensor se dise\u00f1an y fabrican en el taller, lo que garantiza una gran calidad y precisi\u00f3n. La decisi\u00f3n de utilizar elementos lineales result\u00f3 crucial para facilitar el transporte por las estrechas calles de Mil\u00e1n y el acceso limitado del patio interior del edificio. Cada pieza se embal\u00f3 cuidadosamente y se transport\u00f3 a la obra, lista para su instalaci\u00f3n.<\/p>\n<\/div><\/div><\/div><div class=\"fusion-panel panel-default panel-c408676f5b9dde4de fusion-toggle-no-divider fusion-toggle-boxed-mode\"><div class=\"panel-heading\"><h4 class=\"panel-title toggle\" id=\"toggle_c408676f5b9dde4de\"><a aria-expanded=\"false\" aria-controls=\"c408676f5b9dde4de\" role=\"button\" data-toggle=\"collapse\" data-parent=\"#accordion-10465-1\" data-target=\"#c408676f5b9dde4de\" href=\"#c408676f5b9dde4de\"><span class=\"fusion-toggle-icon-wrapper\" aria-hidden=\"true\"><i class=\"fa-fusion-box active-icon awb-icon-minus\" aria-hidden=\"true\"><\/i><i class=\"fa-fusion-box inactive-icon awb-icon-plus\" aria-hidden=\"true\"><\/i><\/span><span class=\"fusion-toggle-heading\">Instalaci\u00f3n en el sitio<\/span><\/a><\/h4><\/div><div id=\"c408676f5b9dde4de\" class=\"panel-collapse collapse \" aria-labelledby=\"toggle_c408676f5b9dde4de\"><div class=\"panel-body toggle-content fusion-clearfix\">\n<p>La instalaci\u00f3n del hueco del ascensor comenz\u00f3 con la preparaci\u00f3n de la base y la verificaci\u00f3n de las estructuras de soporte existentes. Los t\u00e9cnicos trabajaron con precisi\u00f3n para que la estructura quedara correctamente alineada. Las fotos muestran el proceso de montaje del hueco del ascensor, que se desarroll\u00f3 progresivamente desde la planta baja hasta los pisos superiores.<\/p>\n<p>A continuaci\u00f3n se instalaron pasarelas cerradas desde el primer rellano, creando espacios de aterrizaje amplios y protegidos, perfectos para ser utilizados por personas con discapacidad. El hueco del ascensor, totalmente acristalado, tiene ventanas integradas para mantener la proporci\u00f3n adecuada de ventilaci\u00f3n e iluminaci\u00f3n del hueco de la escalera al que est\u00e1 conectado. Esto no s\u00f3lo mejor\u00f3 la accesibilidad, sino que tambi\u00e9n garantiz\u00f3 un entorno luminoso y bien ventilado, esencial para la comodidad de los usuarios.<\/p>\n<\/div><\/div><\/div><div class=\"fusion-panel panel-default panel-9b73e7ffd39e6a8ab fusion-toggle-no-divider fusion-toggle-boxed-mode\"><div class=\"panel-heading\"><h4 class=\"panel-title toggle\" id=\"toggle_9b73e7ffd39e6a8ab\"><a aria-expanded=\"false\" aria-controls=\"9b73e7ffd39e6a8ab\" role=\"button\" data-toggle=\"collapse\" data-parent=\"#accordion-10465-1\" data-target=\"#9b73e7ffd39e6a8ab\" href=\"#9b73e7ffd39e6a8ab\"><span class=\"fusion-toggle-icon-wrapper\" aria-hidden=\"true\"><i class=\"fa-fusion-box active-icon awb-icon-minus\" aria-hidden=\"true\"><\/i><i class=\"fa-fusion-box inactive-icon awb-icon-plus\" aria-hidden=\"true\"><\/i><\/span><span class=\"fusion-toggle-heading\">Beneficios fiscales<\/span><\/a><\/h4><\/div><div id=\"9b73e7ffd39e6a8ab\" class=\"panel-collapse collapse \" aria-labelledby=\"toggle_9b73e7ffd39e6a8ab\"><div class=\"panel-body toggle-content fusion-clearfix\">\n<p>La adopci\u00f3n de soluciones sin barreras no s\u00f3lo ha mejorado la accesibilidad y la calidad de vida de los residentes, sino que tambi\u00e9n ha ofrecido importantes ventajas fiscales. Las intervenciones para eliminar las barreras arquitect\u00f3nicas, de hecho, pueden beneficiarse de desgravaciones fiscales, lo que representa un importante ahorro de costes para las comunidades de propietarios.<\/p>\n<\/div><\/div><\/div><div class=\"fusion-panel panel-default panel-4781a2bb5a94c1bba fusion-toggle-no-divider fusion-toggle-boxed-mode\"><div class=\"panel-heading\"><h4 class=\"panel-title toggle\" id=\"toggle_4781a2bb5a94c1bba\"><a aria-expanded=\"false\" aria-controls=\"4781a2bb5a94c1bba\" role=\"button\" data-toggle=\"collapse\" data-parent=\"#accordion-10465-1\" data-target=\"#4781a2bb5a94c1bba\" href=\"#4781a2bb5a94c1bba\"><span class=\"fusion-toggle-icon-wrapper\" aria-hidden=\"true\"><i class=\"fa-fusion-box active-icon awb-icon-minus\" aria-hidden=\"true\"><\/i><i class=\"fa-fusion-box inactive-icon awb-icon-plus\" aria-hidden=\"true\"><\/i><\/span><span class=\"fusion-toggle-heading\">Resultado final<\/span><\/a><\/h4><\/div><div id=\"4781a2bb5a94c1bba\" class=\"panel-collapse collapse \" aria-labelledby=\"toggle_4781a2bb5a94c1bba\"><div class=\"panel-body toggle-content fusion-clearfix\">\n<p>El resultado final super\u00f3 las expectativas: el hueco de ascensor \u00abProject Classic\u00bb no s\u00f3lo cumpl\u00eda los requisitos t\u00e9cnicos, sino que a\u00f1ad\u00eda un toque moderno al edificio residencial. Ahora los cond\u00f3minos pueden desplazarse c\u00f3modamente entre plantas, disfrutando de un acceso sin barreras y protegido de la intemperie.<\/p>\n<p>Este proyecto demostr\u00f3 nuestra capacidad para afrontar retos log\u00edsticos y arquitect\u00f3nicos, proporcionando soluciones a medida que satisfacen las necesidades espec\u00edficas de nuestros clientes. La estructura del hueco del ascensor, con sus componentes lineales y su precisa instalaci\u00f3n, es un excelente ejemplo de c\u00f3mo la funcionalidad y el dise\u00f1o pueden coexistir armoniosamente, mejorando la calidad de vida de los residentes.<\/p>\n<p>Las fotos adjuntas ilustraban claramente el avance de las obras y el resultado final, destacando el cuidado y la precisi\u00f3n con que se llev\u00f3 a cabo cada paso. La estructura final no es s\u00f3lo funcional, sino tambi\u00e9n un elemento est\u00e9tico distintivo que ha enriquecido el edificio.<\/p>\n<\/div><\/div><\/div><\/div><\/div><\/div><\/div><\/div><\/div><div class=\"fusion-fullwidth fullwidth-box fusion-builder-row-3 fusion-flex-container has-pattern-background has-mask-background nonhundred-percent-fullwidth non-hundred-percent-height-scrolling\" style=\"--awb-border-radius-top-left:0px;--awb-border-radius-top-right:0px;--awb-border-radius-bottom-right:0px;--awb-border-radius-bottom-left:0px;--awb-background-color:var(--awb-color8);--awb-flex-wrap:wrap;\" ><div class=\"fusion-builder-row fusion-row fusion-flex-align-items-flex-start fusion-flex-content-wrap\" style=\"max-width:1320.8px;margin-left: calc(-4% \/ 2 );margin-right: calc(-4% \/ 2 );\"><div class=\"fusion-layout-column fusion_builder_column fusion-builder-column-7 fusion_builder_column_1_1 1_1 fusion-flex-column\" style=\"--awb-bg-size:cover;--awb-width-large:100%;--awb-margin-top-large:25px;--awb-spacing-right-large:1.92%;--awb-margin-bottom-large:25px;--awb-spacing-left-large:1.92%;--awb-width-medium:100%;--awb-order-medium:0;--awb-spacing-right-medium:1.92%;--awb-spacing-left-medium:1.92%;--awb-width-small:100%;--awb-order-small:0;--awb-spacing-right-small:1.92%;--awb-spacing-left-small:1.92%;\"><div class=\"fusion-column-wrapper fusion-column-has-shadow fusion-flex-justify-content-flex-start fusion-content-layout-column\"><div class=\"fusion-image-element \" style=\"--awb-caption-title-font-family:var(--h2_typography-font-family);--awb-caption-title-font-weight:var(--h2_typography-font-weight);--awb-caption-title-font-style:var(--h2_typography-font-style);--awb-caption-title-size:var(--h2_typography-font-size);--awb-caption-title-transform:var(--h2_typography-text-transform);--awb-caption-title-line-height:var(--h2_typography-line-height);--awb-caption-title-letter-spacing:var(--h2_typography-letter-spacing);\"><span class=\" fusion-imageframe imageframe-none imageframe-5 hover-type-none\"><img decoding=\"async\" width=\"1920\" height=\"2560\" title=\"Immagine 11-06-24 &#8211; 14.43 (11)\" src=\"https:\/\/ferrari-associati.com\/wp-content\/uploads\/2024\/06\/Immagine-11-06-24-14.43-11-scaled.jpg\" data-orig-src=\"https:\/\/ferrari-associati.com\/wp-content\/uploads\/2024\/06\/Immagine-11-06-24-14.43-11-scaled.jpg\" alt class=\"lazyload img-responsive wp-image-7649\" srcset=\"data:image\/svg+xml,%3Csvg%20xmlns%3D%27http%3A%2F%2Fwww.w3.org%2F2000%2Fsvg%27%20width%3D%271920%27%20height%3D%272560%27%20viewBox%3D%270%200%201920%202560%27%3E%3Crect%20width%3D%271920%27%20height%3D%272560%27%20fill-opacity%3D%220%22%2F%3E%3C%2Fsvg%3E\" data-srcset=\"https:\/\/ferrari-associati.com\/wp-content\/uploads\/2024\/06\/Immagine-11-06-24-14.43-11-200x267.jpg 200w, https:\/\/ferrari-associati.com\/wp-content\/uploads\/2024\/06\/Immagine-11-06-24-14.43-11-400x533.jpg 400w, https:\/\/ferrari-associati.com\/wp-content\/uploads\/2024\/06\/Immagine-11-06-24-14.43-11-600x800.jpg 600w, https:\/\/ferrari-associati.com\/wp-content\/uploads\/2024\/06\/Immagine-11-06-24-14.43-11-800x1067.jpg 800w, https:\/\/ferrari-associati.com\/wp-content\/uploads\/2024\/06\/Immagine-11-06-24-14.43-11-1200x1600.jpg 1200w, https:\/\/ferrari-associati.com\/wp-content\/uploads\/2024\/06\/Immagine-11-06-24-14.43-11-scaled.jpg 1920w\" data-sizes=\"auto\" data-orig-sizes=\"(max-width: 1024px) 100vw, (max-width: 640px) 100vw, 1920px\" \/><\/span><\/div><\/div><\/div><div class=\"fusion-layout-column fusion_builder_column fusion-builder-column-8 fusion_builder_column_1_2 1_2 fusion-flex-column\" style=\"--awb-bg-size:cover;--awb-width-large:50%;--awb-margin-top-large:25px;--awb-spacing-right-large:3.84%;--awb-margin-bottom-large:25px;--awb-spacing-left-large:3.84%;--awb-width-medium:100%;--awb-order-medium:0;--awb-spacing-right-medium:1.92%;--awb-spacing-left-medium:1.92%;--awb-width-small:100%;--awb-order-small:0;--awb-spacing-right-small:1.92%;--awb-spacing-left-small:1.92%;\"><div class=\"fusion-column-wrapper fusion-column-has-shadow fusion-flex-justify-content-flex-start fusion-content-layout-column\"><div class=\"fusion-image-element \" style=\"--awb-caption-title-font-family:var(--h2_typography-font-family);--awb-caption-title-font-weight:var(--h2_typography-font-weight);--awb-caption-title-font-style:var(--h2_typography-font-style);--awb-caption-title-size:var(--h2_typography-font-size);--awb-caption-title-transform:var(--h2_typography-text-transform);--awb-caption-title-line-height:var(--h2_typography-line-height);--awb-caption-title-letter-spacing:var(--h2_typography-letter-spacing);\"><span class=\" fusion-imageframe imageframe-none imageframe-6 hover-type-none\"><img decoding=\"async\" width=\"1920\" height=\"2560\" title=\"Immagine 11-06-24 &#8211; 14.43 (9)\" src=\"https:\/\/ferrari-associati.com\/wp-content\/uploads\/2024\/06\/Immagine-11-06-24-14.43-9-scaled.jpg\" data-orig-src=\"https:\/\/ferrari-associati.com\/wp-content\/uploads\/2024\/06\/Immagine-11-06-24-14.43-9-scaled.jpg\" alt class=\"lazyload img-responsive wp-image-6461\" srcset=\"data:image\/svg+xml,%3Csvg%20xmlns%3D%27http%3A%2F%2Fwww.w3.org%2F2000%2Fsvg%27%20width%3D%271920%27%20height%3D%272560%27%20viewBox%3D%270%200%201920%202560%27%3E%3Crect%20width%3D%271920%27%20height%3D%272560%27%20fill-opacity%3D%220%22%2F%3E%3C%2Fsvg%3E\" data-srcset=\"https:\/\/ferrari-associati.com\/wp-content\/uploads\/2024\/06\/Immagine-11-06-24-14.43-9-200x267.jpg 200w, https:\/\/ferrari-associati.com\/wp-content\/uploads\/2024\/06\/Immagine-11-06-24-14.43-9-400x533.jpg 400w, https:\/\/ferrari-associati.com\/wp-content\/uploads\/2024\/06\/Immagine-11-06-24-14.43-9-600x800.jpg 600w, https:\/\/ferrari-associati.com\/wp-content\/uploads\/2024\/06\/Immagine-11-06-24-14.43-9-800x1067.jpg 800w, https:\/\/ferrari-associati.com\/wp-content\/uploads\/2024\/06\/Immagine-11-06-24-14.43-9-1200x1600.jpg 1200w, https:\/\/ferrari-associati.com\/wp-content\/uploads\/2024\/06\/Immagine-11-06-24-14.43-9-scaled.jpg 1920w\" data-sizes=\"auto\" data-orig-sizes=\"(max-width: 1024px) 100vw, (max-width: 640px) 100vw, 600px\" \/><\/span><\/div><\/div><\/div><div class=\"fusion-layout-column fusion_builder_column fusion-builder-column-9 fusion_builder_column_1_2 1_2 fusion-flex-column\" style=\"--awb-bg-size:cover;--awb-width-large:50%;--awb-margin-top-large:25px;--awb-spacing-right-large:3.84%;--awb-margin-bottom-large:25px;--awb-spacing-left-large:3.84%;--awb-width-medium:100%;--awb-order-medium:0;--awb-spacing-right-medium:1.92%;--awb-spacing-left-medium:1.92%;--awb-width-small:100%;--awb-order-small:0;--awb-spacing-right-small:1.92%;--awb-spacing-left-small:1.92%;\"><div class=\"fusion-column-wrapper fusion-column-has-shadow fusion-flex-justify-content-flex-start fusion-content-layout-column\"><div class=\"fusion-image-element \" style=\"--awb-caption-title-font-family:var(--h2_typography-font-family);--awb-caption-title-font-weight:var(--h2_typography-font-weight);--awb-caption-title-font-style:var(--h2_typography-font-style);--awb-caption-title-size:var(--h2_typography-font-size);--awb-caption-title-transform:var(--h2_typography-text-transform);--awb-caption-title-line-height:var(--h2_typography-line-height);--awb-caption-title-letter-spacing:var(--h2_typography-letter-spacing);\"><span class=\" fusion-imageframe imageframe-none imageframe-7 hover-type-none\"><img decoding=\"async\" width=\"1920\" height=\"2560\" title=\"Progetto senza titolo (2)\" src=\"https:\/\/ferrari-associati.com\/wp-content\/uploads\/2024\/07\/Progetto-senza-titolo-2.jpg\" data-orig-src=\"https:\/\/ferrari-associati.com\/wp-content\/uploads\/2024\/07\/Progetto-senza-titolo-2.jpg\" alt class=\"lazyload img-responsive wp-image-9537\" srcset=\"data:image\/svg+xml,%3Csvg%20xmlns%3D%27http%3A%2F%2Fwww.w3.org%2F2000%2Fsvg%27%20width%3D%271920%27%20height%3D%272560%27%20viewBox%3D%270%200%201920%202560%27%3E%3Crect%20width%3D%271920%27%20height%3D%272560%27%20fill-opacity%3D%220%22%2F%3E%3C%2Fsvg%3E\" data-srcset=\"https:\/\/ferrari-associati.com\/wp-content\/uploads\/2024\/07\/Progetto-senza-titolo-2-200x267.jpg 200w, https:\/\/ferrari-associati.com\/wp-content\/uploads\/2024\/07\/Progetto-senza-titolo-2-400x533.jpg 400w, https:\/\/ferrari-associati.com\/wp-content\/uploads\/2024\/07\/Progetto-senza-titolo-2-600x800.jpg 600w, https:\/\/ferrari-associati.com\/wp-content\/uploads\/2024\/07\/Progetto-senza-titolo-2-800x1067.jpg 800w, https:\/\/ferrari-associati.com\/wp-content\/uploads\/2024\/07\/Progetto-senza-titolo-2-1200x1600.jpg 1200w, https:\/\/ferrari-associati.com\/wp-content\/uploads\/2024\/07\/Progetto-senza-titolo-2.jpg 1920w\" data-sizes=\"auto\" data-orig-sizes=\"(max-width: 1024px) 100vw, (max-width: 640px) 100vw, 600px\" \/><\/span><\/div><\/div><\/div><div class=\"fusion-layout-column fusion_builder_column fusion-builder-column-10 fusion_builder_column_1_1 1_1 fusion-flex-column\" style=\"--awb-bg-size:cover;--awb-width-large:100%;--awb-margin-top-large:25px;--awb-spacing-right-large:1.92%;--awb-margin-bottom-large:25px;--awb-spacing-left-large:1.92%;--awb-width-medium:100%;--awb-order-medium:0;--awb-spacing-right-medium:1.92%;--awb-spacing-left-medium:1.92%;--awb-width-small:100%;--awb-order-small:0;--awb-spacing-right-small:1.92%;--awb-spacing-left-small:1.92%;\"><div class=\"fusion-column-wrapper fusion-column-has-shadow fusion-flex-justify-content-flex-start fusion-content-layout-column\"><div class=\"fusion-image-element \" style=\"--awb-caption-title-font-family:var(--h2_typography-font-family);--awb-caption-title-font-weight:var(--h2_typography-font-weight);--awb-caption-title-font-style:var(--h2_typography-font-style);--awb-caption-title-size:var(--h2_typography-font-size);--awb-caption-title-transform:var(--h2_typography-text-transform);--awb-caption-title-line-height:var(--h2_typography-line-height);--awb-caption-title-letter-spacing:var(--h2_typography-letter-spacing);\"><span class=\" fusion-imageframe imageframe-none imageframe-8 hover-type-none\"><img decoding=\"async\" width=\"2560\" height=\"1920\" title=\"Immagine 11-06-24 &#8211; 14.43 (13)\" src=\"https:\/\/ferrari-associati.com\/wp-content\/uploads\/2024\/06\/Immagine-11-06-24-14.43-13-scaled.jpg\" data-orig-src=\"https:\/\/ferrari-associati.com\/wp-content\/uploads\/2024\/06\/Immagine-11-06-24-14.43-13-scaled.jpg\" alt class=\"lazyload img-responsive wp-image-7660\" srcset=\"data:image\/svg+xml,%3Csvg%20xmlns%3D%27http%3A%2F%2Fwww.w3.org%2F2000%2Fsvg%27%20width%3D%272560%27%20height%3D%271920%27%20viewBox%3D%270%200%202560%201920%27%3E%3Crect%20width%3D%272560%27%20height%3D%271920%27%20fill-opacity%3D%220%22%2F%3E%3C%2Fsvg%3E\" data-srcset=\"https:\/\/ferrari-associati.com\/wp-content\/uploads\/2024\/06\/Immagine-11-06-24-14.43-13-200x150.jpg 200w, https:\/\/ferrari-associati.com\/wp-content\/uploads\/2024\/06\/Immagine-11-06-24-14.43-13-400x300.jpg 400w, https:\/\/ferrari-associati.com\/wp-content\/uploads\/2024\/06\/Immagine-11-06-24-14.43-13-600x450.jpg 600w, https:\/\/ferrari-associati.com\/wp-content\/uploads\/2024\/06\/Immagine-11-06-24-14.43-13-800x600.jpg 800w, https:\/\/ferrari-associati.com\/wp-content\/uploads\/2024\/06\/Immagine-11-06-24-14.43-13-1200x900.jpg 1200w, https:\/\/ferrari-associati.com\/wp-content\/uploads\/2024\/06\/Immagine-11-06-24-14.43-13-scaled.jpg 2560w\" data-sizes=\"auto\" data-orig-sizes=\"(max-width: 1024px) 100vw, (max-width: 640px) 100vw, 2560px\" \/><\/span><\/div><\/div><\/div><\/div><\/div><div class=\"fusion-fullwidth fullwidth-box fusion-builder-row-4 fusion-flex-container has-pattern-background has-mask-background nonhundred-percent-fullwidth non-hundred-percent-height-scrolling\" style=\"--awb-border-radius-top-left:0px;--awb-border-radius-top-right:0px;--awb-border-radius-bottom-right:0px;--awb-border-radius-bottom-left:0px;--awb-flex-wrap:wrap;\" ><div class=\"fusion-builder-row fusion-row fusion-flex-align-items-flex-start fusion-flex-content-wrap\" style=\"max-width:1320.8px;margin-left: calc(-4% \/ 2 );margin-right: calc(-4% \/ 2 );\"><div class=\"fusion-layout-column fusion_builder_column fusion-builder-column-11 fusion_builder_column_1_1 1_1 fusion-flex-column\" style=\"--awb-bg-size:cover;--awb-width-large:100%;--awb-margin-top-large:25px;--awb-spacing-right-large:1.92%;--awb-margin-bottom-large:25px;--awb-spacing-left-large:1.92%;--awb-width-medium:100%;--awb-order-medium:0;--awb-spacing-right-medium:1.92%;--awb-spacing-left-medium:1.92%;--awb-width-small:100%;--awb-order-small:0;--awb-spacing-right-small:1.92%;--awb-spacing-left-small:1.92%;\"><div class=\"fusion-column-wrapper fusion-column-has-shadow fusion-flex-justify-content-flex-start fusion-content-layout-column\"><div class=\"fusion-image-element \" style=\"--awb-caption-title-font-family:var(--h2_typography-font-family);--awb-caption-title-font-weight:var(--h2_typography-font-weight);--awb-caption-title-font-style:var(--h2_typography-font-style);--awb-caption-title-size:var(--h2_typography-font-size);--awb-caption-title-transform:var(--h2_typography-text-transform);--awb-caption-title-line-height:var(--h2_typography-line-height);--awb-caption-title-letter-spacing:var(--h2_typography-letter-spacing);\"><span class=\" fusion-imageframe imageframe-none imageframe-9 hover-type-none\"><img decoding=\"async\" width=\"1920\" height=\"2560\" title=\"Immagine 11-06-24 &#8211; 14.43 (14)\" src=\"https:\/\/ferrari-associati.com\/wp-content\/uploads\/2024\/06\/Immagine-11-06-24-14.43-14-scaled.jpg\" data-orig-src=\"https:\/\/ferrari-associati.com\/wp-content\/uploads\/2024\/06\/Immagine-11-06-24-14.43-14-scaled.jpg\" alt class=\"lazyload img-responsive wp-image-6443\" srcset=\"data:image\/svg+xml,%3Csvg%20xmlns%3D%27http%3A%2F%2Fwww.w3.org%2F2000%2Fsvg%27%20width%3D%271920%27%20height%3D%272560%27%20viewBox%3D%270%200%201920%202560%27%3E%3Crect%20width%3D%271920%27%20height%3D%272560%27%20fill-opacity%3D%220%22%2F%3E%3C%2Fsvg%3E\" data-srcset=\"https:\/\/ferrari-associati.com\/wp-content\/uploads\/2024\/06\/Immagine-11-06-24-14.43-14-200x267.jpg 200w, https:\/\/ferrari-associati.com\/wp-content\/uploads\/2024\/06\/Immagine-11-06-24-14.43-14-400x533.jpg 400w, https:\/\/ferrari-associati.com\/wp-content\/uploads\/2024\/06\/Immagine-11-06-24-14.43-14-600x800.jpg 600w, https:\/\/ferrari-associati.com\/wp-content\/uploads\/2024\/06\/Immagine-11-06-24-14.43-14-800x1067.jpg 800w, https:\/\/ferrari-associati.com\/wp-content\/uploads\/2024\/06\/Immagine-11-06-24-14.43-14-1200x1600.jpg 1200w, https:\/\/ferrari-associati.com\/wp-content\/uploads\/2024\/06\/Immagine-11-06-24-14.43-14-scaled.jpg 1920w\" data-sizes=\"auto\" data-orig-sizes=\"(max-width: 1024px) 100vw, (max-width: 640px) 100vw, 1920px\" \/><\/span><\/div><\/div><\/div><div class=\"fusion-layout-column fusion_builder_column fusion-builder-column-12 fusion_builder_column_1_2 1_2 fusion-flex-column\" style=\"--awb-bg-size:cover;--awb-width-large:50%;--awb-margin-top-large:25px;--awb-spacing-right-large:3.84%;--awb-margin-bottom-large:25px;--awb-spacing-left-large:3.84%;--awb-width-medium:100%;--awb-order-medium:0;--awb-spacing-right-medium:1.92%;--awb-spacing-left-medium:1.92%;--awb-width-small:100%;--awb-order-small:0;--awb-spacing-right-small:1.92%;--awb-spacing-left-small:1.92%;\"><div class=\"fusion-column-wrapper fusion-column-has-shadow fusion-flex-justify-content-flex-start fusion-content-layout-column\"><div class=\"fusion-image-element \" style=\"--awb-caption-title-font-family:var(--h2_typography-font-family);--awb-caption-title-font-weight:var(--h2_typography-font-weight);--awb-caption-title-font-style:var(--h2_typography-font-style);--awb-caption-title-size:var(--h2_typography-font-size);--awb-caption-title-transform:var(--h2_typography-text-transform);--awb-caption-title-line-height:var(--h2_typography-line-height);--awb-caption-title-letter-spacing:var(--h2_typography-letter-spacing);\"><span class=\" fusion-imageframe imageframe-none imageframe-10 hover-type-none\"><img decoding=\"async\" width=\"1920\" height=\"2560\" title=\"Immagine-11-06-24-14.43-8-scaled\" src=\"https:\/\/ferrari-associati.com\/wp-content\/uploads\/2024\/07\/Immagine-11-06-24-14.43-8-scaled-1.jpg\" data-orig-src=\"https:\/\/ferrari-associati.com\/wp-content\/uploads\/2024\/07\/Immagine-11-06-24-14.43-8-scaled-1.jpg\" alt class=\"lazyload img-responsive wp-image-9389\" srcset=\"data:image\/svg+xml,%3Csvg%20xmlns%3D%27http%3A%2F%2Fwww.w3.org%2F2000%2Fsvg%27%20width%3D%271920%27%20height%3D%272560%27%20viewBox%3D%270%200%201920%202560%27%3E%3Crect%20width%3D%271920%27%20height%3D%272560%27%20fill-opacity%3D%220%22%2F%3E%3C%2Fsvg%3E\" data-srcset=\"https:\/\/ferrari-associati.com\/wp-content\/uploads\/2024\/07\/Immagine-11-06-24-14.43-8-scaled-1-200x267.jpg 200w, https:\/\/ferrari-associati.com\/wp-content\/uploads\/2024\/07\/Immagine-11-06-24-14.43-8-scaled-1-400x533.jpg 400w, https:\/\/ferrari-associati.com\/wp-content\/uploads\/2024\/07\/Immagine-11-06-24-14.43-8-scaled-1-600x800.jpg 600w, https:\/\/ferrari-associati.com\/wp-content\/uploads\/2024\/07\/Immagine-11-06-24-14.43-8-scaled-1-800x1067.jpg 800w, https:\/\/ferrari-associati.com\/wp-content\/uploads\/2024\/07\/Immagine-11-06-24-14.43-8-scaled-1-1200x1600.jpg 1200w, https:\/\/ferrari-associati.com\/wp-content\/uploads\/2024\/07\/Immagine-11-06-24-14.43-8-scaled-1.jpg 1920w\" data-sizes=\"auto\" data-orig-sizes=\"(max-width: 1024px) 100vw, (max-width: 640px) 100vw, 600px\" \/><\/span><\/div><\/div><\/div><div class=\"fusion-layout-column fusion_builder_column fusion-builder-column-13 fusion_builder_column_1_2 1_2 fusion-flex-column\" style=\"--awb-bg-size:cover;--awb-width-large:50%;--awb-margin-top-large:25px;--awb-spacing-right-large:3.84%;--awb-margin-bottom-large:25px;--awb-spacing-left-large:3.84%;--awb-width-medium:100%;--awb-order-medium:0;--awb-spacing-right-medium:1.92%;--awb-spacing-left-medium:1.92%;--awb-width-small:100%;--awb-order-small:0;--awb-spacing-right-small:1.92%;--awb-spacing-left-small:1.92%;\"><div class=\"fusion-column-wrapper fusion-column-has-shadow fusion-flex-justify-content-flex-start fusion-content-layout-column\"><div class=\"fusion-image-element \" style=\"--awb-caption-title-font-family:var(--h2_typography-font-family);--awb-caption-title-font-weight:var(--h2_typography-font-weight);--awb-caption-title-font-style:var(--h2_typography-font-style);--awb-caption-title-size:var(--h2_typography-font-size);--awb-caption-title-transform:var(--h2_typography-text-transform);--awb-caption-title-line-height:var(--h2_typography-line-height);--awb-caption-title-letter-spacing:var(--h2_typography-letter-spacing);\"><span class=\" fusion-imageframe imageframe-none imageframe-11 hover-type-none\"><img decoding=\"async\" width=\"1920\" height=\"2560\" title=\"Immagine 11-06-24 &#8211; 14.43 (10)\" src=\"https:\/\/ferrari-associati.com\/wp-content\/uploads\/2024\/06\/Immagine-11-06-24-14.43-10-scaled.jpg\" data-orig-src=\"https:\/\/ferrari-associati.com\/wp-content\/uploads\/2024\/06\/Immagine-11-06-24-14.43-10-scaled.jpg\" alt class=\"lazyload img-responsive wp-image-6466\" srcset=\"data:image\/svg+xml,%3Csvg%20xmlns%3D%27http%3A%2F%2Fwww.w3.org%2F2000%2Fsvg%27%20width%3D%271920%27%20height%3D%272560%27%20viewBox%3D%270%200%201920%202560%27%3E%3Crect%20width%3D%271920%27%20height%3D%272560%27%20fill-opacity%3D%220%22%2F%3E%3C%2Fsvg%3E\" data-srcset=\"https:\/\/ferrari-associati.com\/wp-content\/uploads\/2024\/06\/Immagine-11-06-24-14.43-10-200x267.jpg 200w, https:\/\/ferrari-associati.com\/wp-content\/uploads\/2024\/06\/Immagine-11-06-24-14.43-10-400x533.jpg 400w, https:\/\/ferrari-associati.com\/wp-content\/uploads\/2024\/06\/Immagine-11-06-24-14.43-10-600x800.jpg 600w, https:\/\/ferrari-associati.com\/wp-content\/uploads\/2024\/06\/Immagine-11-06-24-14.43-10-800x1067.jpg 800w, https:\/\/ferrari-associati.com\/wp-content\/uploads\/2024\/06\/Immagine-11-06-24-14.43-10-1200x1600.jpg 1200w, https:\/\/ferrari-associati.com\/wp-content\/uploads\/2024\/06\/Immagine-11-06-24-14.43-10-scaled.jpg 1920w\" data-sizes=\"auto\" data-orig-sizes=\"(max-width: 1024px) 100vw, (max-width: 640px) 100vw, 600px\" \/><\/span><\/div><\/div><\/div><\/div><\/div><div class=\"fusion-fullwidth fullwidth-box fusion-builder-row-5 fusion-flex-container has-pattern-background has-mask-background nonhundred-percent-fullwidth non-hundred-percent-height-scrolling\" style=\"--awb-border-radius-top-left:0px;--awb-border-radius-top-right:0px;--awb-border-radius-bottom-right:0px;--awb-border-radius-bottom-left:0px;--awb-padding-top:3%;--awb-flex-wrap:wrap;\" ><div class=\"fusion-builder-row fusion-row fusion-flex-align-items-flex-start fusion-flex-content-wrap\" style=\"max-width:1320.8px;margin-left: calc(-4% \/ 2 );margin-right: calc(-4% \/ 2 );\"><div class=\"fusion-layout-column fusion_builder_column fusion-builder-column-14 fusion_builder_column_1_1 1_1 fusion-flex-column\" style=\"--awb-bg-size:cover;--awb-width-large:100%;--awb-margin-top-large:25px;--awb-spacing-right-large:1.92%;--awb-margin-bottom-large:25px;--awb-spacing-left-large:1.92%;--awb-width-medium:100%;--awb-order-medium:0;--awb-spacing-right-medium:1.92%;--awb-spacing-left-medium:1.92%;--awb-width-small:100%;--awb-order-small:0;--awb-spacing-right-small:1.92%;--awb-spacing-left-small:1.92%;\"><div class=\"fusion-column-wrapper fusion-column-has-shadow fusion-flex-justify-content-flex-start fusion-content-layout-column\"><div class=\"fusion-title title fusion-title-4 fusion-sep-none fusion-title-text fusion-title-size-three\"><h3 class=\"fusion-title-heading title-heading-left fusion-responsive-typography-calculated\" style=\"font-family:&#039;Trebuchet MS&#039;, Helvetica, sans-serif;font-style:normal;font-weight:400;margin:0;text-transform:uppercase;--fontSize:28;line-height:1.32;\"><strong>OTROS PROYECTOS REALIZADOS<\/strong><\/h3><\/div><div class=\"fusion-image-carousel fusion-image-carousel-auto fusion-image-carousel-1 custom-carousel\"><div class=\"awb-carousel awb-swiper awb-swiper-carousel\" data-autoplay=\"yes\" data-columns=\"3\" data-itemmargin=\"13\" data-itemwidth=\"180\" data-touchscroll=\"no\" data-imagesize=\"auto\" style=\"--awb-columns:3;\"><div class=\"swiper-wrapper awb-image-carousel-wrapper fusion-flex-align-items-center\"><div class=\"swiper-slide\"><div class=\"fusion-carousel-item-wrapper\"><div class=\"fusion-image-wrapper hover-type-none\"><a href=\"https:\/\/ferrari-associati.com\/es\/proyectos-ejecutados\/compartimento-elevador-cilindrico-con-escalera-helicoidal\/\" target=\"_self\"><img decoding=\"async\" width=\"1181\" height=\"630\" src=\"https:\/\/ferrari-associati.com\/wp-content\/uploads\/2024\/06\/02-vano-cilindrico-1.jpg\" class=\"attachment-full size-full lazyload\" alt=\"\" srcset=\"data:image\/svg+xml,%3Csvg%20xmlns%3D%27http%3A%2F%2Fwww.w3.org%2F2000%2Fsvg%27%20width%3D%271181%27%20height%3D%27630%27%20viewBox%3D%270%200%201181%20630%27%3E%3Crect%20width%3D%271181%27%20height%3D%27630%27%20fill-opacity%3D%220%22%2F%3E%3C%2Fsvg%3E\" data-orig-src=\"https:\/\/ferrari-associati.com\/wp-content\/uploads\/2024\/06\/02-vano-cilindrico-1.jpg\" data-srcset=\"https:\/\/ferrari-associati.com\/wp-content\/uploads\/2024\/06\/02-vano-cilindrico-1-200x107.jpg 200w, https:\/\/ferrari-associati.com\/wp-content\/uploads\/2024\/06\/02-vano-cilindrico-1-400x213.jpg 400w, https:\/\/ferrari-associati.com\/wp-content\/uploads\/2024\/06\/02-vano-cilindrico-1-600x320.jpg 600w, https:\/\/ferrari-associati.com\/wp-content\/uploads\/2024\/06\/02-vano-cilindrico-1-800x427.jpg 800w, https:\/\/ferrari-associati.com\/wp-content\/uploads\/2024\/06\/02-vano-cilindrico-1.jpg 1181w\" data-sizes=\"auto\" \/><\/a><\/div><\/div><\/div><div class=\"swiper-slide\"><div class=\"fusion-carousel-item-wrapper\"><div class=\"fusion-image-wrapper hover-type-none\"><a href=\"https:\/\/ferrari-associati.com\/es\/proyectos-ejecutados\/huecos-de-ascensor-y-escaleras\/\" target=\"_self\"><img decoding=\"async\" width=\"1181\" height=\"630\" src=\"https:\/\/ferrari-associati.com\/wp-content\/uploads\/2024\/06\/04-soppalchi-e-scale-1.jpg\" class=\"attachment-full size-full lazyload\" alt=\"\" srcset=\"data:image\/svg+xml,%3Csvg%20xmlns%3D%27http%3A%2F%2Fwww.w3.org%2F2000%2Fsvg%27%20width%3D%271181%27%20height%3D%27630%27%20viewBox%3D%270%200%201181%20630%27%3E%3Crect%20width%3D%271181%27%20height%3D%27630%27%20fill-opacity%3D%220%22%2F%3E%3C%2Fsvg%3E\" data-orig-src=\"https:\/\/ferrari-associati.com\/wp-content\/uploads\/2024\/06\/04-soppalchi-e-scale-1.jpg\" data-srcset=\"https:\/\/ferrari-associati.com\/wp-content\/uploads\/2024\/06\/04-soppalchi-e-scale-1-200x107.jpg 200w, https:\/\/ferrari-associati.com\/wp-content\/uploads\/2024\/06\/04-soppalchi-e-scale-1-400x213.jpg 400w, https:\/\/ferrari-associati.com\/wp-content\/uploads\/2024\/06\/04-soppalchi-e-scale-1-600x320.jpg 600w, https:\/\/ferrari-associati.com\/wp-content\/uploads\/2024\/06\/04-soppalchi-e-scale-1-800x427.jpg 800w, https:\/\/ferrari-associati.com\/wp-content\/uploads\/2024\/06\/04-soppalchi-e-scale-1.jpg 1181w\" data-sizes=\"auto\" \/><\/a><\/div><\/div><\/div><div class=\"swiper-slide\"><div class=\"fusion-carousel-item-wrapper\"><div class=\"fusion-image-wrapper hover-type-none\"><a href=\"https:\/\/ferrari-associati.com\/es\/proyectos-ejecutados\/compartimento-elevador-de-acero-corten\/\" target=\"_self\"><img decoding=\"async\" width=\"1181\" height=\"630\" src=\"https:\/\/ferrari-associati.com\/wp-content\/uploads\/2024\/06\/05-corten-1.jpg\" class=\"attachment-full size-full lazyload\" alt=\"\" srcset=\"data:image\/svg+xml,%3Csvg%20xmlns%3D%27http%3A%2F%2Fwww.w3.org%2F2000%2Fsvg%27%20width%3D%271181%27%20height%3D%27630%27%20viewBox%3D%270%200%201181%20630%27%3E%3Crect%20width%3D%271181%27%20height%3D%27630%27%20fill-opacity%3D%220%22%2F%3E%3C%2Fsvg%3E\" data-orig-src=\"https:\/\/ferrari-associati.com\/wp-content\/uploads\/2024\/06\/05-corten-1.jpg\" data-srcset=\"https:\/\/ferrari-associati.com\/wp-content\/uploads\/2024\/06\/05-corten-1-200x107.jpg 200w, https:\/\/ferrari-associati.com\/wp-content\/uploads\/2024\/06\/05-corten-1-400x213.jpg 400w, https:\/\/ferrari-associati.com\/wp-content\/uploads\/2024\/06\/05-corten-1-600x320.jpg 600w, https:\/\/ferrari-associati.com\/wp-content\/uploads\/2024\/06\/05-corten-1-800x427.jpg 800w, https:\/\/ferrari-associati.com\/wp-content\/uploads\/2024\/06\/05-corten-1.jpg 1181w\" data-sizes=\"auto\" \/><\/a><\/div><\/div><\/div><div class=\"swiper-slide\"><div class=\"fusion-carousel-item-wrapper\"><div class=\"fusion-image-wrapper hover-type-none\"><a href=\"https:\/\/ferrari-associati.com\/es\/proyectos-ejecutados\/concepto-para-sala-de-exposiciones-en-milan\/\" target=\"_self\"><img decoding=\"async\" width=\"1181\" height=\"630\" src=\"https:\/\/ferrari-associati.com\/wp-content\/uploads\/2026\/01\/17-Style.png\" class=\"attachment-full size-full lazyload\" alt=\"\" srcset=\"data:image\/svg+xml,%3Csvg%20xmlns%3D%27http%3A%2F%2Fwww.w3.org%2F2000%2Fsvg%27%20width%3D%271181%27%20height%3D%27630%27%20viewBox%3D%270%200%201181%20630%27%3E%3Crect%20width%3D%271181%27%20height%3D%27630%27%20fill-opacity%3D%220%22%2F%3E%3C%2Fsvg%3E\" data-orig-src=\"https:\/\/ferrari-associati.com\/wp-content\/uploads\/2026\/01\/17-Style.png\" data-srcset=\"https:\/\/ferrari-associati.com\/wp-content\/uploads\/2026\/01\/17-Style-200x107.png 200w, https:\/\/ferrari-associati.com\/wp-content\/uploads\/2026\/01\/17-Style-400x213.png 400w, https:\/\/ferrari-associati.com\/wp-content\/uploads\/2026\/01\/17-Style-600x320.png 600w, https:\/\/ferrari-associati.com\/wp-content\/uploads\/2026\/01\/17-Style-800x427.png 800w, https:\/\/ferrari-associati.com\/wp-content\/uploads\/2026\/01\/17-Style.png 1181w\" data-sizes=\"auto\" \/><\/a><\/div><\/div><\/div><div class=\"swiper-slide\"><div class=\"fusion-carousel-item-wrapper\"><div class=\"fusion-image-wrapper hover-type-none\"><a href=\"https:\/\/ferrari-associati.com\/es\/proyectos-ejecutados\/compartimento-elevador-doble-con-preparacion-adicional\/\" target=\"_self\"><img decoding=\"async\" width=\"1181\" height=\"630\" src=\"https:\/\/ferrari-associati.com\/wp-content\/uploads\/2024\/06\/06-Duplex.jpg\" class=\"attachment-full size-full lazyload\" alt=\"\" srcset=\"data:image\/svg+xml,%3Csvg%20xmlns%3D%27http%3A%2F%2Fwww.w3.org%2F2000%2Fsvg%27%20width%3D%271181%27%20height%3D%27630%27%20viewBox%3D%270%200%201181%20630%27%3E%3Crect%20width%3D%271181%27%20height%3D%27630%27%20fill-opacity%3D%220%22%2F%3E%3C%2Fsvg%3E\" data-orig-src=\"https:\/\/ferrari-associati.com\/wp-content\/uploads\/2024\/06\/06-Duplex.jpg\" data-srcset=\"https:\/\/ferrari-associati.com\/wp-content\/uploads\/2024\/06\/06-Duplex-200x107.jpg 200w, https:\/\/ferrari-associati.com\/wp-content\/uploads\/2024\/06\/06-Duplex-400x213.jpg 400w, https:\/\/ferrari-associati.com\/wp-content\/uploads\/2024\/06\/06-Duplex-600x320.jpg 600w, https:\/\/ferrari-associati.com\/wp-content\/uploads\/2024\/06\/06-Duplex-800x427.jpg 800w, https:\/\/ferrari-associati.com\/wp-content\/uploads\/2024\/06\/06-Duplex.jpg 1181w\" data-sizes=\"auto\" \/><\/a><\/div><\/div><\/div><div class=\"swiper-slide\"><div class=\"fusion-carousel-item-wrapper\"><div class=\"fusion-image-wrapper hover-type-none\"><a href=\"https:\/\/ferrari-associati.com\/es\/proyectos-ejecutados\/compartimento-elevador-estilo-proyecto-con-pasarelas-integradas\/\" target=\"_self\"><img decoding=\"async\" width=\"1181\" height=\"630\" src=\"https:\/\/ferrari-associati.com\/wp-content\/uploads\/2024\/06\/07-Style.jpg\" class=\"attachment-full size-full lazyload\" alt=\"\" srcset=\"data:image\/svg+xml,%3Csvg%20xmlns%3D%27http%3A%2F%2Fwww.w3.org%2F2000%2Fsvg%27%20width%3D%271181%27%20height%3D%27630%27%20viewBox%3D%270%200%201181%20630%27%3E%3Crect%20width%3D%271181%27%20height%3D%27630%27%20fill-opacity%3D%220%22%2F%3E%3C%2Fsvg%3E\" data-orig-src=\"https:\/\/ferrari-associati.com\/wp-content\/uploads\/2024\/06\/07-Style.jpg\" data-srcset=\"https:\/\/ferrari-associati.com\/wp-content\/uploads\/2024\/06\/07-Style-200x107.jpg 200w, https:\/\/ferrari-associati.com\/wp-content\/uploads\/2024\/06\/07-Style-400x213.jpg 400w, https:\/\/ferrari-associati.com\/wp-content\/uploads\/2024\/06\/07-Style-600x320.jpg 600w, https:\/\/ferrari-associati.com\/wp-content\/uploads\/2024\/06\/07-Style-800x427.jpg 800w, https:\/\/ferrari-associati.com\/wp-content\/uploads\/2024\/06\/07-Style.jpg 1181w\" data-sizes=\"auto\" \/><\/a><\/div><\/div><\/div><div class=\"swiper-slide\"><div class=\"fusion-carousel-item-wrapper\"><div class=\"fusion-image-wrapper hover-type-none\"><a href=\"https:\/\/ferrari-associati.com\/es\/proyectos-ejecutados\/ascensor-vision-del-proyecto\/\" target=\"_self\"><img decoding=\"async\" width=\"1181\" height=\"630\" src=\"https:\/\/ferrari-associati.com\/wp-content\/uploads\/2024\/06\/08-vision.jpg\" class=\"attachment-full size-full lazyload\" alt=\"\" srcset=\"data:image\/svg+xml,%3Csvg%20xmlns%3D%27http%3A%2F%2Fwww.w3.org%2F2000%2Fsvg%27%20width%3D%271181%27%20height%3D%27630%27%20viewBox%3D%270%200%201181%20630%27%3E%3Crect%20width%3D%271181%27%20height%3D%27630%27%20fill-opacity%3D%220%22%2F%3E%3C%2Fsvg%3E\" data-orig-src=\"https:\/\/ferrari-associati.com\/wp-content\/uploads\/2024\/06\/08-vision.jpg\" data-srcset=\"https:\/\/ferrari-associati.com\/wp-content\/uploads\/2024\/06\/08-vision-200x107.jpg 200w, https:\/\/ferrari-associati.com\/wp-content\/uploads\/2024\/06\/08-vision-400x213.jpg 400w, https:\/\/ferrari-associati.com\/wp-content\/uploads\/2024\/06\/08-vision-600x320.jpg 600w, https:\/\/ferrari-associati.com\/wp-content\/uploads\/2024\/06\/08-vision-800x427.jpg 800w, https:\/\/ferrari-associati.com\/wp-content\/uploads\/2024\/06\/08-vision.jpg 1181w\" data-sizes=\"auto\" \/><\/a><\/div><\/div><\/div><div class=\"swiper-slide\"><div class=\"fusion-carousel-item-wrapper\"><div class=\"fusion-image-wrapper hover-type-none\"><a href=\"https:\/\/ferrari-associati.com\/es\/proyectos-ejecutados\/compartimento-para-estaciones\/\" target=\"_self\"><img decoding=\"async\" width=\"1181\" height=\"630\" src=\"https:\/\/ferrari-associati.com\/wp-content\/uploads\/2024\/06\/09-stazione.jpg\" class=\"attachment-full size-full lazyload\" alt=\"\" srcset=\"data:image\/svg+xml,%3Csvg%20xmlns%3D%27http%3A%2F%2Fwww.w3.org%2F2000%2Fsvg%27%20width%3D%271181%27%20height%3D%27630%27%20viewBox%3D%270%200%201181%20630%27%3E%3Crect%20width%3D%271181%27%20height%3D%27630%27%20fill-opacity%3D%220%22%2F%3E%3C%2Fsvg%3E\" data-orig-src=\"https:\/\/ferrari-associati.com\/wp-content\/uploads\/2024\/06\/09-stazione.jpg\" data-srcset=\"https:\/\/ferrari-associati.com\/wp-content\/uploads\/2024\/06\/09-stazione-200x107.jpg 200w, https:\/\/ferrari-associati.com\/wp-content\/uploads\/2024\/06\/09-stazione-400x213.jpg 400w, https:\/\/ferrari-associati.com\/wp-content\/uploads\/2024\/06\/09-stazione-600x320.jpg 600w, https:\/\/ferrari-associati.com\/wp-content\/uploads\/2024\/06\/09-stazione-800x427.jpg 800w, https:\/\/ferrari-associati.com\/wp-content\/uploads\/2024\/06\/09-stazione.jpg 1181w\" data-sizes=\"auto\" \/><\/a><\/div><\/div><\/div><div class=\"swiper-slide\"><div class=\"fusion-carousel-item-wrapper\"><div class=\"fusion-image-wrapper hover-type-none\"><a href=\"https:\/\/ferrari-associati.com\/es\/proyectos-ejecutados\/concepto-de-villa-privada-en-los-emiratos-arabes\/\" target=\"_self\"><img decoding=\"async\" width=\"1181\" height=\"630\" src=\"https:\/\/ferrari-associati.com\/wp-content\/uploads\/2026\/01\/16-Style.jpeg\" class=\"attachment-full size-full lazyload\" alt=\"\" srcset=\"data:image\/svg+xml,%3Csvg%20xmlns%3D%27http%3A%2F%2Fwww.w3.org%2F2000%2Fsvg%27%20width%3D%271181%27%20height%3D%27630%27%20viewBox%3D%270%200%201181%20630%27%3E%3Crect%20width%3D%271181%27%20height%3D%27630%27%20fill-opacity%3D%220%22%2F%3E%3C%2Fsvg%3E\" data-orig-src=\"https:\/\/ferrari-associati.com\/wp-content\/uploads\/2026\/01\/16-Style.jpeg\" data-srcset=\"https:\/\/ferrari-associati.com\/wp-content\/uploads\/2026\/01\/16-Style-200x107.jpeg 200w, https:\/\/ferrari-associati.com\/wp-content\/uploads\/2026\/01\/16-Style-400x213.jpeg 400w, https:\/\/ferrari-associati.com\/wp-content\/uploads\/2026\/01\/16-Style-600x320.jpeg 600w, https:\/\/ferrari-associati.com\/wp-content\/uploads\/2026\/01\/16-Style-800x427.jpeg 800w, https:\/\/ferrari-associati.com\/wp-content\/uploads\/2026\/01\/16-Style.jpeg 1181w\" data-sizes=\"auto\" \/><\/a><\/div><\/div><\/div><div class=\"swiper-slide\"><div class=\"fusion-carousel-item-wrapper\"><div class=\"fusion-image-wrapper hover-type-none\"><a href=\"https:\/\/ferrari-associati.com\/es\/proyectos-ejecutados\/hueco-de-ascensor-con-escalera-de-caracol\/\" target=\"_self\"><img decoding=\"async\" width=\"1181\" height=\"630\" src=\"https:\/\/ferrari-associati.com\/wp-content\/uploads\/2024\/06\/10-scala-elicoidale.jpg\" class=\"attachment-full size-full lazyload\" alt=\"\" srcset=\"data:image\/svg+xml,%3Csvg%20xmlns%3D%27http%3A%2F%2Fwww.w3.org%2F2000%2Fsvg%27%20width%3D%271181%27%20height%3D%27630%27%20viewBox%3D%270%200%201181%20630%27%3E%3Crect%20width%3D%271181%27%20height%3D%27630%27%20fill-opacity%3D%220%22%2F%3E%3C%2Fsvg%3E\" data-orig-src=\"https:\/\/ferrari-associati.com\/wp-content\/uploads\/2024\/06\/10-scala-elicoidale.jpg\" data-srcset=\"https:\/\/ferrari-associati.com\/wp-content\/uploads\/2024\/06\/10-scala-elicoidale-200x107.jpg 200w, https:\/\/ferrari-associati.com\/wp-content\/uploads\/2024\/06\/10-scala-elicoidale-400x213.jpg 400w, https:\/\/ferrari-associati.com\/wp-content\/uploads\/2024\/06\/10-scala-elicoidale-600x320.jpg 600w, https:\/\/ferrari-associati.com\/wp-content\/uploads\/2024\/06\/10-scala-elicoidale-800x427.jpg 800w, https:\/\/ferrari-associati.com\/wp-content\/uploads\/2024\/06\/10-scala-elicoidale.jpg 1181w\" data-sizes=\"auto\" \/><\/a><\/div><\/div><\/div><div class=\"swiper-slide\"><div class=\"fusion-carousel-item-wrapper\"><div class=\"fusion-image-wrapper hover-type-none\"><a href=\"https:\/\/ferrari-associati.com\/es\/proyectos-ejecutados\/compartimento-de-inicio-del-proyecto\/\" target=\"_self\"><img decoding=\"async\" width=\"1181\" height=\"630\" src=\"https:\/\/ferrari-associati.com\/wp-content\/uploads\/2024\/06\/11-Home-Passerella.jpg\" class=\"attachment-full size-full lazyload\" alt=\"\" srcset=\"data:image\/svg+xml,%3Csvg%20xmlns%3D%27http%3A%2F%2Fwww.w3.org%2F2000%2Fsvg%27%20width%3D%271181%27%20height%3D%27630%27%20viewBox%3D%270%200%201181%20630%27%3E%3Crect%20width%3D%271181%27%20height%3D%27630%27%20fill-opacity%3D%220%22%2F%3E%3C%2Fsvg%3E\" data-orig-src=\"https:\/\/ferrari-associati.com\/wp-content\/uploads\/2024\/06\/11-Home-Passerella.jpg\" data-srcset=\"https:\/\/ferrari-associati.com\/wp-content\/uploads\/2024\/06\/11-Home-Passerella-200x107.jpg 200w, https:\/\/ferrari-associati.com\/wp-content\/uploads\/2024\/06\/11-Home-Passerella-400x213.jpg 400w, https:\/\/ferrari-associati.com\/wp-content\/uploads\/2024\/06\/11-Home-Passerella-600x320.jpg 600w, https:\/\/ferrari-associati.com\/wp-content\/uploads\/2024\/06\/11-Home-Passerella-800x427.jpg 800w, https:\/\/ferrari-associati.com\/wp-content\/uploads\/2024\/06\/11-Home-Passerella.jpg 1181w\" data-sizes=\"auto\" \/><\/a><\/div><\/div><\/div><div class=\"swiper-slide\"><div class=\"fusion-carousel-item-wrapper\"><div class=\"fusion-image-wrapper hover-type-none\"><a href=\"https:\/\/ferrari-associati.com\/es\/proyectos-ejecutados\/compartimento-del-proyecto-elegancia\/\" target=\"_self\"><img decoding=\"async\" width=\"1181\" height=\"630\" src=\"https:\/\/ferrari-associati.com\/wp-content\/uploads\/2024\/06\/12-Elegane.jpg\" class=\"attachment-full size-full lazyload\" alt=\"\" srcset=\"data:image\/svg+xml,%3Csvg%20xmlns%3D%27http%3A%2F%2Fwww.w3.org%2F2000%2Fsvg%27%20width%3D%271181%27%20height%3D%27630%27%20viewBox%3D%270%200%201181%20630%27%3E%3Crect%20width%3D%271181%27%20height%3D%27630%27%20fill-opacity%3D%220%22%2F%3E%3C%2Fsvg%3E\" data-orig-src=\"https:\/\/ferrari-associati.com\/wp-content\/uploads\/2024\/06\/12-Elegane.jpg\" data-srcset=\"https:\/\/ferrari-associati.com\/wp-content\/uploads\/2024\/06\/12-Elegane-200x107.jpg 200w, https:\/\/ferrari-associati.com\/wp-content\/uploads\/2024\/06\/12-Elegane-400x213.jpg 400w, https:\/\/ferrari-associati.com\/wp-content\/uploads\/2024\/06\/12-Elegane-600x320.jpg 600w, https:\/\/ferrari-associati.com\/wp-content\/uploads\/2024\/06\/12-Elegane-800x427.jpg 800w, https:\/\/ferrari-associati.com\/wp-content\/uploads\/2024\/06\/12-Elegane.jpg 1181w\" data-sizes=\"auto\" \/><\/a><\/div><\/div><\/div><div class=\"swiper-slide\"><div class=\"fusion-carousel-item-wrapper\"><div class=\"fusion-image-wrapper hover-type-none\"><a href=\"https:\/\/ferrari-associati.com\/es\/proyectos-ejecutados\/proyecto-compartimento-extraplano\/\" target=\"_self\"><img decoding=\"async\" width=\"1181\" height=\"630\" src=\"https:\/\/ferrari-associati.com\/wp-content\/uploads\/2024\/06\/13-Extra-Slim.jpg\" class=\"attachment-full size-full lazyload\" alt=\"\" srcset=\"data:image\/svg+xml,%3Csvg%20xmlns%3D%27http%3A%2F%2Fwww.w3.org%2F2000%2Fsvg%27%20width%3D%271181%27%20height%3D%27630%27%20viewBox%3D%270%200%201181%20630%27%3E%3Crect%20width%3D%271181%27%20height%3D%27630%27%20fill-opacity%3D%220%22%2F%3E%3C%2Fsvg%3E\" data-orig-src=\"https:\/\/ferrari-associati.com\/wp-content\/uploads\/2024\/06\/13-Extra-Slim.jpg\" data-srcset=\"https:\/\/ferrari-associati.com\/wp-content\/uploads\/2024\/06\/13-Extra-Slim-200x107.jpg 200w, https:\/\/ferrari-associati.com\/wp-content\/uploads\/2024\/06\/13-Extra-Slim-400x213.jpg 400w, https:\/\/ferrari-associati.com\/wp-content\/uploads\/2024\/06\/13-Extra-Slim-600x320.jpg 600w, https:\/\/ferrari-associati.com\/wp-content\/uploads\/2024\/06\/13-Extra-Slim-800x427.jpg 800w, https:\/\/ferrari-associati.com\/wp-content\/uploads\/2024\/06\/13-Extra-Slim.jpg 1181w\" data-sizes=\"auto\" \/><\/a><\/div><\/div><\/div><div class=\"swiper-slide\"><div class=\"fusion-carousel-item-wrapper\"><div class=\"fusion-image-wrapper hover-type-none\"><a href=\"https:\/\/ferrari-associati.com\/es\/proyectos-ejecutados\/proyecto-compartimento-redondo\/\" target=\"_self\"><img decoding=\"async\" width=\"1181\" height=\"630\" src=\"https:\/\/ferrari-associati.com\/wp-content\/uploads\/2024\/07\/14-Round.jpg\" class=\"attachment-full size-full lazyload\" alt=\"\" srcset=\"data:image\/svg+xml,%3Csvg%20xmlns%3D%27http%3A%2F%2Fwww.w3.org%2F2000%2Fsvg%27%20width%3D%271181%27%20height%3D%27630%27%20viewBox%3D%270%200%201181%20630%27%3E%3Crect%20width%3D%271181%27%20height%3D%27630%27%20fill-opacity%3D%220%22%2F%3E%3C%2Fsvg%3E\" data-orig-src=\"https:\/\/ferrari-associati.com\/wp-content\/uploads\/2024\/07\/14-Round.jpg\" data-srcset=\"https:\/\/ferrari-associati.com\/wp-content\/uploads\/2024\/07\/14-Round-200x107.jpg 200w, https:\/\/ferrari-associati.com\/wp-content\/uploads\/2024\/07\/14-Round-400x213.jpg 400w, https:\/\/ferrari-associati.com\/wp-content\/uploads\/2024\/07\/14-Round-600x320.jpg 600w, https:\/\/ferrari-associati.com\/wp-content\/uploads\/2024\/07\/14-Round-800x427.jpg 800w, https:\/\/ferrari-associati.com\/wp-content\/uploads\/2024\/07\/14-Round.jpg 1181w\" data-sizes=\"auto\" \/><\/a><\/div><\/div><\/div><div class=\"swiper-slide\"><div class=\"fusion-carousel-item-wrapper\"><div class=\"fusion-image-wrapper hover-type-none\"><a href=\"https:\/\/ferrari-associati.com\/es\/proyectos-ejecutados\/compartimento-de-trabajo-del-proyecto-en-ejecucion-especial\/\" target=\"_self\"><img decoding=\"async\" width=\"1181\" height=\"630\" src=\"https:\/\/ferrari-associati.com\/wp-content\/uploads\/2024\/07\/15-Work.jpg\" class=\"attachment-full size-full lazyload\" alt=\"\" srcset=\"data:image\/svg+xml,%3Csvg%20xmlns%3D%27http%3A%2F%2Fwww.w3.org%2F2000%2Fsvg%27%20width%3D%271181%27%20height%3D%27630%27%20viewBox%3D%270%200%201181%20630%27%3E%3Crect%20width%3D%271181%27%20height%3D%27630%27%20fill-opacity%3D%220%22%2F%3E%3C%2Fsvg%3E\" data-orig-src=\"https:\/\/ferrari-associati.com\/wp-content\/uploads\/2024\/07\/15-Work.jpg\" data-srcset=\"https:\/\/ferrari-associati.com\/wp-content\/uploads\/2024\/07\/15-Work-200x107.jpg 200w, https:\/\/ferrari-associati.com\/wp-content\/uploads\/2024\/07\/15-Work-400x213.jpg 400w, https:\/\/ferrari-associati.com\/wp-content\/uploads\/2024\/07\/15-Work-600x320.jpg 600w, https:\/\/ferrari-associati.com\/wp-content\/uploads\/2024\/07\/15-Work-800x427.jpg 800w, https:\/\/ferrari-associati.com\/wp-content\/uploads\/2024\/07\/15-Work.jpg 1181w\" data-sizes=\"auto\" \/><\/a><\/div><\/div><\/div><div class=\"swiper-slide\"><div class=\"fusion-carousel-item-wrapper\"><div class=\"fusion-image-wrapper hover-type-none\"><a href=\"https:\/\/ferrari-associati.com\/es\/proyectos-ejecutados\/compartimento-elevador-de-gran-capacidad\/\" target=\"_self\"><img decoding=\"async\" width=\"1181\" height=\"630\" src=\"https:\/\/ferrari-associati.com\/wp-content\/uploads\/2024\/06\/01-elevata-portata-1.jpg\" class=\"attachment-full size-full lazyload\" alt=\"\" srcset=\"data:image\/svg+xml,%3Csvg%20xmlns%3D%27http%3A%2F%2Fwww.w3.org%2F2000%2Fsvg%27%20width%3D%271181%27%20height%3D%27630%27%20viewBox%3D%270%200%201181%20630%27%3E%3Crect%20width%3D%271181%27%20height%3D%27630%27%20fill-opacity%3D%220%22%2F%3E%3C%2Fsvg%3E\" data-orig-src=\"https:\/\/ferrari-associati.com\/wp-content\/uploads\/2024\/06\/01-elevata-portata-1.jpg\" data-srcset=\"https:\/\/ferrari-associati.com\/wp-content\/uploads\/2024\/06\/01-elevata-portata-1-200x107.jpg 200w, https:\/\/ferrari-associati.com\/wp-content\/uploads\/2024\/06\/01-elevata-portata-1-400x213.jpg 400w, https:\/\/ferrari-associati.com\/wp-content\/uploads\/2024\/06\/01-elevata-portata-1-600x320.jpg 600w, https:\/\/ferrari-associati.com\/wp-content\/uploads\/2024\/06\/01-elevata-portata-1-800x427.jpg 800w, https:\/\/ferrari-associati.com\/wp-content\/uploads\/2024\/06\/01-elevata-portata-1.jpg 1181w\" data-sizes=\"auto\" \/><\/a><\/div><\/div><\/div><\/div><div class=\"awb-swiper-button awb-swiper-button-prev\"><i class=\"awb-icon-angle-left\" aria-hidden=\"true\"><\/i><\/div><div class=\"awb-swiper-button awb-swiper-button-next\"><i class=\"awb-icon-angle-right\" aria-hidden=\"true\"><\/i><\/div><\/div><\/div><\/div><\/div><\/div><\/div><\/p>\n","protected":false},"excerpt":{"rendered":"","protected":false},"author":1,"featured_media":0,"parent":9928,"menu_order":0,"comment_status":"closed","ping_status":"closed","template":"100-width.php","meta":{"footnotes":""},"class_list":["post-10465","page","type-page","status-publish","hentry"],"yoast_head":"<!-- This site is optimized with the Yoast SEO plugin v26.6 - https:\/\/yoast.com\/wordpress\/plugins\/seo\/ -->\n<title>Compartimento de ascensor con pasarelas integradas - Ferrari e Associati<\/title>\n<meta name=\"robots\" content=\"index, follow, max-snippet:-1, max-image-preview:large, max-video-preview:-1\" \/>\n<link rel=\"canonical\" href=\"https:\/\/ferrari-associati.com\/es\/proyectos-ejecutados\/compartimento-de-ascensor-con-pasarelas-integradas\/\" \/>\n<meta property=\"og:locale\" content=\"es_ES\" \/>\n<meta property=\"og:type\" content=\"article\" \/>\n<meta property=\"og:title\" content=\"Compartimento de ascensor con pasarelas integradas - Ferrari e Associati\" \/>\n<meta property=\"og:url\" content=\"https:\/\/ferrari-associati.com\/es\/proyectos-ejecutados\/compartimento-de-ascensor-con-pasarelas-integradas\/\" \/>\n<meta property=\"og:site_name\" content=\"Ferrari e Associati\" \/>\n<meta property=\"article:modified_time\" content=\"2026-01-02T17:10:36+00:00\" \/>\n<meta name=\"twitter:card\" content=\"summary_large_image\" \/>\n<meta name=\"twitter:label1\" content=\"Tiempo de lectura\" \/>\n\t<meta name=\"twitter:data1\" content=\"40 minutos\" \/>\n<script type=\"application\/ld+json\" class=\"yoast-schema-graph\">{\"@context\":\"https:\/\/schema.org\",\"@graph\":[{\"@type\":\"WebPage\",\"@id\":\"https:\/\/ferrari-associati.com\/es\/proyectos-ejecutados\/compartimento-de-ascensor-con-pasarelas-integradas\/\",\"url\":\"https:\/\/ferrari-associati.com\/es\/proyectos-ejecutados\/compartimento-de-ascensor-con-pasarelas-integradas\/\",\"name\":\"Compartimento de ascensor con pasarelas integradas - Ferrari e Associati\",\"isPartOf\":{\"@id\":\"https:\/\/ferrari-associati.com\/es\/#website\"},\"datePublished\":\"2024-06-12T15:58:05+00:00\",\"dateModified\":\"2026-01-02T17:10:36+00:00\",\"breadcrumb\":{\"@id\":\"https:\/\/ferrari-associati.com\/es\/proyectos-ejecutados\/compartimento-de-ascensor-con-pasarelas-integradas\/#breadcrumb\"},\"inLanguage\":\"es\",\"potentialAction\":[{\"@type\":\"ReadAction\",\"target\":[\"https:\/\/ferrari-associati.com\/es\/proyectos-ejecutados\/compartimento-de-ascensor-con-pasarelas-integradas\/\"]}]},{\"@type\":\"BreadcrumbList\",\"@id\":\"https:\/\/ferrari-associati.com\/es\/proyectos-ejecutados\/compartimento-de-ascensor-con-pasarelas-integradas\/#breadcrumb\",\"itemListElement\":[{\"@type\":\"ListItem\",\"position\":1,\"name\":\"Home\",\"item\":\"https:\/\/ferrari-associati.com\/es\/pagina-de-inicio\/\"},{\"@type\":\"ListItem\",\"position\":2,\"name\":\"Proyectos ejecutados\",\"item\":\"https:\/\/ferrari-associati.com\/es\/proyectos-ejecutados\/\"},{\"@type\":\"ListItem\",\"position\":3,\"name\":\"Compartimento de ascensor con pasarelas integradas\"}]},{\"@type\":\"WebSite\",\"@id\":\"https:\/\/ferrari-associati.com\/es\/#website\",\"url\":\"https:\/\/ferrari-associati.com\/es\/\",\"name\":\"Ferrari e Associati\",\"description\":\"\",\"publisher\":{\"@id\":\"https:\/\/ferrari-associati.com\/es\/#organization\"},\"potentialAction\":[{\"@type\":\"SearchAction\",\"target\":{\"@type\":\"EntryPoint\",\"urlTemplate\":\"https:\/\/ferrari-associati.com\/es\/?s={search_term_string}\"},\"query-input\":{\"@type\":\"PropertyValueSpecification\",\"valueRequired\":true,\"valueName\":\"search_term_string\"}}],\"inLanguage\":\"es\"},{\"@type\":\"Organization\",\"@id\":\"https:\/\/ferrari-associati.com\/es\/#organization\",\"name\":\"Ferrari e Associati\",\"url\":\"https:\/\/ferrari-associati.com\/es\/\",\"logo\":{\"@type\":\"ImageObject\",\"inLanguage\":\"es\",\"@id\":\"https:\/\/ferrari-associati.com\/es\/#\/schema\/logo\/image\/\",\"url\":\"https:\/\/ferrari-associati.com\/wp-content\/uploads\/2024\/05\/00SimboloLogo-FerrariAssociati-sfondo-trasparente.png\",\"contentUrl\":\"https:\/\/ferrari-associati.com\/wp-content\/uploads\/2024\/05\/00SimboloLogo-FerrariAssociati-sfondo-trasparente.png\",\"width\":855,\"height\":1124,\"caption\":\"Ferrari e Associati\"},\"image\":{\"@id\":\"https:\/\/ferrari-associati.com\/es\/#\/schema\/logo\/image\/\"}}]}<\/script>\n<!-- \/ Yoast SEO plugin. -->","yoast_head_json":{"title":"Compartimento de ascensor con pasarelas integradas - Ferrari e Associati","robots":{"index":"index","follow":"follow","max-snippet":"max-snippet:-1","max-image-preview":"max-image-preview:large","max-video-preview":"max-video-preview:-1"},"canonical":"https:\/\/ferrari-associati.com\/es\/proyectos-ejecutados\/compartimento-de-ascensor-con-pasarelas-integradas\/","og_locale":"es_ES","og_type":"article","og_title":"Compartimento de ascensor con pasarelas integradas - Ferrari e Associati","og_url":"https:\/\/ferrari-associati.com\/es\/proyectos-ejecutados\/compartimento-de-ascensor-con-pasarelas-integradas\/","og_site_name":"Ferrari e Associati","article_modified_time":"2026-01-02T17:10:36+00:00","twitter_card":"summary_large_image","twitter_misc":{"Tiempo de lectura":"40 minutos"},"schema":{"@context":"https:\/\/schema.org","@graph":[{"@type":"WebPage","@id":"https:\/\/ferrari-associati.com\/es\/proyectos-ejecutados\/compartimento-de-ascensor-con-pasarelas-integradas\/","url":"https:\/\/ferrari-associati.com\/es\/proyectos-ejecutados\/compartimento-de-ascensor-con-pasarelas-integradas\/","name":"Compartimento de ascensor con pasarelas integradas - Ferrari e Associati","isPartOf":{"@id":"https:\/\/ferrari-associati.com\/es\/#website"},"datePublished":"2024-06-12T15:58:05+00:00","dateModified":"2026-01-02T17:10:36+00:00","breadcrumb":{"@id":"https:\/\/ferrari-associati.com\/es\/proyectos-ejecutados\/compartimento-de-ascensor-con-pasarelas-integradas\/#breadcrumb"},"inLanguage":"es","potentialAction":[{"@type":"ReadAction","target":["https:\/\/ferrari-associati.com\/es\/proyectos-ejecutados\/compartimento-de-ascensor-con-pasarelas-integradas\/"]}]},{"@type":"BreadcrumbList","@id":"https:\/\/ferrari-associati.com\/es\/proyectos-ejecutados\/compartimento-de-ascensor-con-pasarelas-integradas\/#breadcrumb","itemListElement":[{"@type":"ListItem","position":1,"name":"Home","item":"https:\/\/ferrari-associati.com\/es\/pagina-de-inicio\/"},{"@type":"ListItem","position":2,"name":"Proyectos ejecutados","item":"https:\/\/ferrari-associati.com\/es\/proyectos-ejecutados\/"},{"@type":"ListItem","position":3,"name":"Compartimento de ascensor con pasarelas integradas"}]},{"@type":"WebSite","@id":"https:\/\/ferrari-associati.com\/es\/#website","url":"https:\/\/ferrari-associati.com\/es\/","name":"Ferrari e Associati","description":"","publisher":{"@id":"https:\/\/ferrari-associati.com\/es\/#organization"},"potentialAction":[{"@type":"SearchAction","target":{"@type":"EntryPoint","urlTemplate":"https:\/\/ferrari-associati.com\/es\/?s={search_term_string}"},"query-input":{"@type":"PropertyValueSpecification","valueRequired":true,"valueName":"search_term_string"}}],"inLanguage":"es"},{"@type":"Organization","@id":"https:\/\/ferrari-associati.com\/es\/#organization","name":"Ferrari e Associati","url":"https:\/\/ferrari-associati.com\/es\/","logo":{"@type":"ImageObject","inLanguage":"es","@id":"https:\/\/ferrari-associati.com\/es\/#\/schema\/logo\/image\/","url":"https:\/\/ferrari-associati.com\/wp-content\/uploads\/2024\/05\/00SimboloLogo-FerrariAssociati-sfondo-trasparente.png","contentUrl":"https:\/\/ferrari-associati.com\/wp-content\/uploads\/2024\/05\/00SimboloLogo-FerrariAssociati-sfondo-trasparente.png","width":855,"height":1124,"caption":"Ferrari e Associati"},"image":{"@id":"https:\/\/ferrari-associati.com\/es\/#\/schema\/logo\/image\/"}}]}},"_links":{"self":[{"href":"https:\/\/ferrari-associati.com\/es\/wp-json\/wp\/v2\/pages\/10465","targetHints":{"allow":["GET"]}}],"collection":[{"href":"https:\/\/ferrari-associati.com\/es\/wp-json\/wp\/v2\/pages"}],"about":[{"href":"https:\/\/ferrari-associati.com\/es\/wp-json\/wp\/v2\/types\/page"}],"author":[{"embeddable":true,"href":"https:\/\/ferrari-associati.com\/es\/wp-json\/wp\/v2\/users\/1"}],"replies":[{"embeddable":true,"href":"https:\/\/ferrari-associati.com\/es\/wp-json\/wp\/v2\/comments?post=10465"}],"version-history":[{"count":7,"href":"https:\/\/ferrari-associati.com\/es\/wp-json\/wp\/v2\/pages\/10465\/revisions"}],"predecessor-version":[{"id":14832,"href":"https:\/\/ferrari-associati.com\/es\/wp-json\/wp\/v2\/pages\/10465\/revisions\/14832"}],"up":[{"embeddable":true,"href":"https:\/\/ferrari-associati.com\/es\/wp-json\/wp\/v2\/pages\/9928"}],"wp:attachment":[{"href":"https:\/\/ferrari-associati.com\/es\/wp-json\/wp\/v2\/media?parent=10465"}],"curies":[{"name":"wp","href":"https:\/\/api.w.org\/{rel}","templated":true}]}}