{"id":10290,"date":"2024-06-13T10:41:53","date_gmt":"2024-06-13T08:41:53","guid":{"rendered":"https:\/\/sviluppo.ferrari-associati.com\/wp\/cortenstahl-aufzugskabine\/"},"modified":"2026-01-02T19:10:58","modified_gmt":"2026-01-02T17:10:58","slug":"cortenstahl-aufzugskabine","status":"publish","type":"page","link":"https:\/\/ferrari-associati.com\/de\/durchgefuehrte-projekte\/cortenstahl-aufzugskabine\/","title":{"rendered":"Aufzugsschacht aus Cortenstahl"},"content":{"rendered":"<p><div class=\"fusion-fullwidth fullwidth-box fusion-builder-row-1 fusion-flex-container has-mask-background moving-background nonhundred-percent-fullwidth hundred-percent-height hundred-percent-height-center-content non-hundred-percent-height-scrolling\" style=\"--awb-border-radius-top-left:0px;--awb-border-radius-top-right:0px;--awb-border-radius-bottom-right:0px;--awb-border-radius-bottom-left:0px;--awb-padding-top:0px;--awb-padding-bottom:0px;--awb-padding-top-medium:80px;--awb-padding-bottom-medium:80px;--awb-padding-top-small:30px;--awb-padding-bottom-small:30px;--awb-background-color:var(--awb-color7);--awb-flex-wrap:wrap;\" ><div class=\"fusion-builder-row fusion-row fusion-flex-align-items-center fusion-flex-align-content-center fusion-flex-content-wrap\" style=\"max-width:1320.8px;margin-left: calc(-4% \/ 2 );margin-right: calc(-4% \/ 2 );\"><div class=\"fusion-layout-column fusion_builder_column fusion-builder-column-0 fusion_builder_column_1_1 1_1 fusion-flex-column\" style=\"--awb-bg-size:cover;--awb-width-large:100%;--awb-margin-top-large:25px;--awb-spacing-right-large:1.92%;--awb-margin-bottom-large:25px;--awb-spacing-left-large:1.92%;--awb-width-medium:100%;--awb-order-medium:0;--awb-spacing-right-medium:1.92%;--awb-spacing-left-medium:1.92%;--awb-width-small:100%;--awb-order-small:0;--awb-spacing-right-small:1.92%;--awb-spacing-left-small:1.92%;\"><div class=\"fusion-column-wrapper fusion-column-has-shadow fusion-flex-justify-content-flex-start fusion-content-layout-column\"><div class=\"fusion-title title fusion-title-1 fusion-sep-none fusion-title-center fusion-title-text fusion-title-size-one\" style=\"--awb-text-color:var(--awb-color1);--awb-margin-bottom-small:24px;--awb-font-size:55px;\"><h1 class=\"fusion-title-heading title-heading-center fusion-responsive-typography-calculated\" style=\"font-family:&#039;Trebuchet MS&#039;, Helvetica, sans-serif;font-style:normal;font-weight:400;margin:0;font-size:1em;text-transform:uppercase;--fontSize:55;line-height:var(--awb-typography1-line-height);text-shadow:2px 2px 4px rgba(0,0,0,0.5);\">Aufzugsschacht aus Cortenstahl<\/h1><\/div><div class=\"fusion-title title fusion-title-2 fusion-sep-none fusion-title-center fusion-title-text fusion-title-size-two\" style=\"--awb-text-color:var(--awb-color1);--awb-margin-bottom:72px;--awb-margin-bottom-small:24px;--awb-font-size:40px;\"><h2 class=\"fusion-title-heading title-heading-center fusion-responsive-typography-calculated\" style=\"font-family:&#039;Trebuchet MS&#039;, Helvetica, sans-serif;font-style:normal;font-weight:400;margin:0;font-size:1em;text-transform:uppercase;--fontSize:40;line-height:1.26;text-shadow:2px 2px 4px rgba(0,0,0,0.5);\">Project Classic in Sonderausf\u00fchrung<\/h2><\/div><\/div><\/div><\/div><\/div><div class=\"fusion-fullwidth fullwidth-box fusion-builder-row-2 fusion-flex-container has-pattern-background has-mask-background nonhundred-percent-fullwidth non-hundred-percent-height-scrolling\" style=\"--awb-border-radius-top-left:0px;--awb-border-radius-top-right:0px;--awb-border-radius-bottom-right:0px;--awb-border-radius-bottom-left:0px;--awb-padding-top:3%;--awb-flex-wrap:wrap;\" ><div class=\"fusion-builder-row fusion-row fusion-flex-align-items-center fusion-flex-content-wrap\" style=\"max-width:1320.8px;margin-left: calc(-4% \/ 2 );margin-right: calc(-4% \/ 2 );\"><div class=\"fusion-layout-column fusion_builder_column fusion-builder-column-1 fusion_builder_column_1_1 1_1 fusion-flex-column\" style=\"--awb-bg-size:cover;--awb-width-large:100%;--awb-margin-top-large:25px;--awb-spacing-right-large:1.92%;--awb-margin-bottom-large:25px;--awb-spacing-left-large:1.92%;--awb-width-medium:100%;--awb-order-medium:0;--awb-spacing-right-medium:1.92%;--awb-spacing-left-medium:1.92%;--awb-width-small:100%;--awb-order-small:0;--awb-spacing-right-small:1.92%;--awb-spacing-left-small:1.92%;\"><div class=\"fusion-column-wrapper fusion-column-has-shadow fusion-flex-justify-content-flex-start fusion-content-layout-column\"><div class=\"fusion-title title fusion-title-3 fusion-sep-none fusion-title-center fusion-title-text fusion-title-size-three\"><h3 class=\"fusion-title-heading title-heading-center fusion-responsive-typography-calculated\" style=\"font-family:&#039;Trebuchet MS&#039;, Helvetica, sans-serif;font-style:normal;font-weight:400;margin:0;text-transform:uppercase;--fontSize:28;line-height:1.32;\"><strong><b>Aufzugsschacht aus Cortenstahl<\/b><\/strong><\/h3><\/div><div class=\"fusion-text fusion-text-1\" style=\"--awb-content-alignment:center;\"><p>\u200dStandort<strong>:<\/strong> Sassari<strong>Status:<\/strong> Fertiggestellt<strong>Produkt:<\/strong> Project Classic in Sonderausf\u00fchrung<\/p>\n<\/div><div class=\"fusion-text fusion-text-2\" style=\"--awb-content-alignment:center;--awb-margin-top:10px;\"><p>In der Stadt Sassari, in der N\u00e4he des Hauptplatzes, haben wir unter der Leitung eines renommierten Architekturb\u00fcros einen speziellen Aufzug aus Cortenstahl und halbtransparentem wei\u00dfem Glas gebaut sowie einen weiteren Aufzug, ebenfalls aus Cortenstahl, verschlossen. Das Ziel war es, sich harmonisch in das historische Geb\u00e4ude zu integrieren.<br \/>Wir haben den Rahmen einer Project Classic-Struktur verwendet, der mit verzinktem Blech ausgef\u00fcllt wurde, um die Wasserdichtigkeit zu gew\u00e4hrleisten, und eine \u00dcberformung aus Cortenstahl und wei\u00dfem Glas angebracht. F\u00fcr den oberen Landebereich haben wir au\u00dferdem einen wettergesch\u00fctzten Bereich integriert, der mit Klarglas gepuffert ist. Alle Materialien wurden mit numerisch gesteuerten Maschinen bearbeitet und eingebaut, bevor der Rost ein fortgeschrittenes Stadium erreichte. Die N\u00e4he zum Meer beg\u00fcnstigte eine schnelle und gleichm\u00e4\u00dfige Aush\u00e4rtung der Rostpatina.<br \/>Das Ergebnis, sowohl funktional als auch \u00e4sthetisch, f\u00fcgt sich hervorragend in seine Umgebung ein.<\/p>\n<\/div><\/div><\/div><div class=\"fusion-layout-column fusion_builder_column fusion-builder-column-2 fusion_builder_column_1_1 1_1 fusion-flex-column\" style=\"--awb-bg-size:cover;--awb-width-large:100%;--awb-margin-top-large:25px;--awb-spacing-right-large:1.92%;--awb-margin-bottom-large:25px;--awb-spacing-left-large:1.92%;--awb-width-medium:100%;--awb-order-medium:0;--awb-spacing-right-medium:1.92%;--awb-spacing-left-medium:1.92%;--awb-width-small:100%;--awb-order-small:0;--awb-spacing-right-small:1.92%;--awb-spacing-left-small:1.92%;\"><div class=\"fusion-column-wrapper fusion-column-has-shadow fusion-flex-justify-content-flex-start fusion-content-layout-column\"><div class=\"fusion-image-element \" style=\"--awb-caption-title-font-family:var(--h2_typography-font-family);--awb-caption-title-font-weight:var(--h2_typography-font-weight);--awb-caption-title-font-style:var(--h2_typography-font-style);--awb-caption-title-size:var(--h2_typography-font-size);--awb-caption-title-transform:var(--h2_typography-text-transform);--awb-caption-title-line-height:var(--h2_typography-line-height);--awb-caption-title-letter-spacing:var(--h2_typography-letter-spacing);\"><span class=\" fusion-imageframe imageframe-none imageframe-1 hover-type-none\"><img decoding=\"async\" width=\"2362\" height=\"1668\" title=\"01 Tecnici3\" src=\"https:\/\/ferrari-associati.com\/wp-content\/uploads\/2024\/06\/01-Tecnici3-2.jpg\" data-orig-src=\"https:\/\/ferrari-associati.com\/wp-content\/uploads\/2024\/06\/01-Tecnici3-2.jpg\" alt class=\"lazyload img-responsive wp-image-7007\" srcset=\"data:image\/svg+xml,%3Csvg%20xmlns%3D%27http%3A%2F%2Fwww.w3.org%2F2000%2Fsvg%27%20width%3D%272362%27%20height%3D%271668%27%20viewBox%3D%270%200%202362%201668%27%3E%3Crect%20width%3D%272362%27%20height%3D%271668%27%20fill-opacity%3D%220%22%2F%3E%3C%2Fsvg%3E\" data-srcset=\"https:\/\/ferrari-associati.com\/wp-content\/uploads\/2024\/06\/01-Tecnici3-2-200x141.jpg 200w, https:\/\/ferrari-associati.com\/wp-content\/uploads\/2024\/06\/01-Tecnici3-2-400x282.jpg 400w, https:\/\/ferrari-associati.com\/wp-content\/uploads\/2024\/06\/01-Tecnici3-2-600x424.jpg 600w, https:\/\/ferrari-associati.com\/wp-content\/uploads\/2024\/06\/01-Tecnici3-2-800x565.jpg 800w, https:\/\/ferrari-associati.com\/wp-content\/uploads\/2024\/06\/01-Tecnici3-2-1200x847.jpg 1200w, https:\/\/ferrari-associati.com\/wp-content\/uploads\/2024\/06\/01-Tecnici3-2.jpg 2362w\" data-sizes=\"auto\" data-orig-sizes=\"(max-width: 1024px) 100vw, (max-width: 640px) 100vw, 2362px\" \/><\/span><\/div><\/div><\/div><div class=\"fusion-layout-column fusion_builder_column fusion-builder-column-3 fusion_builder_column_1_2 1_2 fusion-flex-column\" style=\"--awb-bg-size:cover;--awb-width-large:50%;--awb-margin-top-large:25px;--awb-spacing-right-large:3.84%;--awb-margin-bottom-large:25px;--awb-spacing-left-large:3.84%;--awb-width-medium:100%;--awb-order-medium:0;--awb-spacing-right-medium:1.92%;--awb-spacing-left-medium:1.92%;--awb-width-small:100%;--awb-order-small:0;--awb-spacing-right-small:1.92%;--awb-spacing-left-small:1.92%;\"><div class=\"fusion-column-wrapper fusion-column-has-shadow fusion-flex-justify-content-flex-start fusion-content-layout-column\"><div class=\"fusion-image-element \" style=\"--awb-caption-title-font-family:var(--h2_typography-font-family);--awb-caption-title-font-weight:var(--h2_typography-font-weight);--awb-caption-title-font-style:var(--h2_typography-font-style);--awb-caption-title-size:var(--h2_typography-font-size);--awb-caption-title-transform:var(--h2_typography-text-transform);--awb-caption-title-line-height:var(--h2_typography-line-height);--awb-caption-title-letter-spacing:var(--h2_typography-letter-spacing);\"><span class=\" fusion-imageframe imageframe-none imageframe-2 hover-type-none\"><img decoding=\"async\" width=\"2362\" height=\"1668\" title=\"01 Tecnici5\" src=\"https:\/\/ferrari-associati.com\/wp-content\/uploads\/2024\/06\/01-Tecnici5.jpg\" data-orig-src=\"https:\/\/ferrari-associati.com\/wp-content\/uploads\/2024\/06\/01-Tecnici5.jpg\" alt class=\"lazyload img-responsive wp-image-7017\" srcset=\"data:image\/svg+xml,%3Csvg%20xmlns%3D%27http%3A%2F%2Fwww.w3.org%2F2000%2Fsvg%27%20width%3D%272362%27%20height%3D%271668%27%20viewBox%3D%270%200%202362%201668%27%3E%3Crect%20width%3D%272362%27%20height%3D%271668%27%20fill-opacity%3D%220%22%2F%3E%3C%2Fsvg%3E\" data-srcset=\"https:\/\/ferrari-associati.com\/wp-content\/uploads\/2024\/06\/01-Tecnici5-200x141.jpg 200w, https:\/\/ferrari-associati.com\/wp-content\/uploads\/2024\/06\/01-Tecnici5-400x282.jpg 400w, https:\/\/ferrari-associati.com\/wp-content\/uploads\/2024\/06\/01-Tecnici5-600x424.jpg 600w, https:\/\/ferrari-associati.com\/wp-content\/uploads\/2024\/06\/01-Tecnici5-800x565.jpg 800w, https:\/\/ferrari-associati.com\/wp-content\/uploads\/2024\/06\/01-Tecnici5-1200x847.jpg 1200w, https:\/\/ferrari-associati.com\/wp-content\/uploads\/2024\/06\/01-Tecnici5.jpg 2362w\" data-sizes=\"auto\" data-orig-sizes=\"(max-width: 1024px) 100vw, (max-width: 640px) 100vw, 600px\" \/><\/span><\/div><\/div><\/div><div class=\"fusion-layout-column fusion_builder_column fusion-builder-column-4 fusion_builder_column_1_2 1_2 fusion-flex-column\" style=\"--awb-bg-size:cover;--awb-width-large:50%;--awb-margin-top-large:25px;--awb-spacing-right-large:3.84%;--awb-margin-bottom-large:25px;--awb-spacing-left-large:3.84%;--awb-width-medium:100%;--awb-order-medium:0;--awb-spacing-right-medium:1.92%;--awb-spacing-left-medium:1.92%;--awb-width-small:100%;--awb-order-small:0;--awb-spacing-right-small:1.92%;--awb-spacing-left-small:1.92%;\"><div class=\"fusion-column-wrapper fusion-column-has-shadow fusion-flex-justify-content-flex-start fusion-content-layout-column\"><div class=\"fusion-image-element \" style=\"--awb-caption-title-font-family:var(--h2_typography-font-family);--awb-caption-title-font-weight:var(--h2_typography-font-weight);--awb-caption-title-font-style:var(--h2_typography-font-style);--awb-caption-title-size:var(--h2_typography-font-size);--awb-caption-title-transform:var(--h2_typography-text-transform);--awb-caption-title-line-height:var(--h2_typography-line-height);--awb-caption-title-letter-spacing:var(--h2_typography-letter-spacing);\"><span class=\" fusion-imageframe imageframe-none imageframe-3 hover-type-none\"><img decoding=\"async\" width=\"2362\" height=\"1668\" title=\"01 Tecnici2\" src=\"https:\/\/ferrari-associati.com\/wp-content\/uploads\/2024\/06\/01-Tecnici2-2.jpg\" data-orig-src=\"https:\/\/ferrari-associati.com\/wp-content\/uploads\/2024\/06\/01-Tecnici2-2.jpg\" alt class=\"lazyload img-responsive wp-image-7012\" srcset=\"data:image\/svg+xml,%3Csvg%20xmlns%3D%27http%3A%2F%2Fwww.w3.org%2F2000%2Fsvg%27%20width%3D%272362%27%20height%3D%271668%27%20viewBox%3D%270%200%202362%201668%27%3E%3Crect%20width%3D%272362%27%20height%3D%271668%27%20fill-opacity%3D%220%22%2F%3E%3C%2Fsvg%3E\" data-srcset=\"https:\/\/ferrari-associati.com\/wp-content\/uploads\/2024\/06\/01-Tecnici2-2-200x141.jpg 200w, https:\/\/ferrari-associati.com\/wp-content\/uploads\/2024\/06\/01-Tecnici2-2-400x282.jpg 400w, https:\/\/ferrari-associati.com\/wp-content\/uploads\/2024\/06\/01-Tecnici2-2-600x424.jpg 600w, https:\/\/ferrari-associati.com\/wp-content\/uploads\/2024\/06\/01-Tecnici2-2-800x565.jpg 800w, https:\/\/ferrari-associati.com\/wp-content\/uploads\/2024\/06\/01-Tecnici2-2-1200x847.jpg 1200w, https:\/\/ferrari-associati.com\/wp-content\/uploads\/2024\/06\/01-Tecnici2-2.jpg 2362w\" data-sizes=\"auto\" data-orig-sizes=\"(max-width: 1024px) 100vw, (max-width: 640px) 100vw, 600px\" \/><\/span><\/div><\/div><\/div><div class=\"fusion-layout-column fusion_builder_column fusion-builder-column-5 fusion_builder_column_1_1 1_1 fusion-flex-column\" style=\"--awb-bg-size:cover;--awb-width-large:100%;--awb-margin-top-large:25px;--awb-spacing-right-large:1.92%;--awb-margin-bottom-large:25px;--awb-spacing-left-large:1.92%;--awb-width-medium:100%;--awb-order-medium:0;--awb-spacing-right-medium:1.92%;--awb-spacing-left-medium:1.92%;--awb-width-small:100%;--awb-order-small:0;--awb-spacing-right-small:1.92%;--awb-spacing-left-small:1.92%;\"><div class=\"fusion-column-wrapper fusion-column-has-shadow fusion-flex-justify-content-flex-start fusion-content-layout-column\"><div class=\"fusion-image-element \" style=\"--awb-caption-title-font-family:var(--h2_typography-font-family);--awb-caption-title-font-weight:var(--h2_typography-font-weight);--awb-caption-title-font-style:var(--h2_typography-font-style);--awb-caption-title-size:var(--h2_typography-font-size);--awb-caption-title-transform:var(--h2_typography-text-transform);--awb-caption-title-line-height:var(--h2_typography-line-height);--awb-caption-title-letter-spacing:var(--h2_typography-letter-spacing);\"><span class=\" fusion-imageframe imageframe-none imageframe-4 hover-type-none\"><img decoding=\"async\" width=\"3319\" height=\"413\" title=\"0 Corten\" src=\"https:\/\/ferrari-associati.com\/wp-content\/uploads\/2024\/06\/0-Corten.png\" data-orig-src=\"https:\/\/ferrari-associati.com\/wp-content\/uploads\/2024\/06\/0-Corten.png\" alt class=\"lazyload img-responsive wp-image-7002\" srcset=\"data:image\/svg+xml,%3Csvg%20xmlns%3D%27http%3A%2F%2Fwww.w3.org%2F2000%2Fsvg%27%20width%3D%273319%27%20height%3D%27413%27%20viewBox%3D%270%200%203319%20413%27%3E%3Crect%20width%3D%273319%27%20height%3D%27413%27%20fill-opacity%3D%220%22%2F%3E%3C%2Fsvg%3E\" data-srcset=\"https:\/\/ferrari-associati.com\/wp-content\/uploads\/2024\/06\/0-Corten-200x25.png 200w, https:\/\/ferrari-associati.com\/wp-content\/uploads\/2024\/06\/0-Corten-400x50.png 400w, https:\/\/ferrari-associati.com\/wp-content\/uploads\/2024\/06\/0-Corten-600x75.png 600w, https:\/\/ferrari-associati.com\/wp-content\/uploads\/2024\/06\/0-Corten-800x100.png 800w, https:\/\/ferrari-associati.com\/wp-content\/uploads\/2024\/06\/0-Corten-1200x149.png 1200w, https:\/\/ferrari-associati.com\/wp-content\/uploads\/2024\/06\/0-Corten.png 3319w\" data-sizes=\"auto\" data-orig-sizes=\"(max-width: 1024px) 100vw, (max-width: 640px) 100vw, 3319px\" \/><\/span><\/div><\/div><\/div><div class=\"fusion-layout-column fusion_builder_column fusion-builder-column-6 fusion_builder_column_1_1 1_1 fusion-flex-column\" style=\"--awb-bg-size:cover;--awb-width-large:100%;--awb-margin-top-large:25px;--awb-spacing-right-large:1.92%;--awb-margin-bottom-large:25px;--awb-spacing-left-large:1.92%;--awb-width-medium:100%;--awb-order-medium:0;--awb-spacing-right-medium:1.92%;--awb-spacing-left-medium:1.92%;--awb-width-small:100%;--awb-order-small:0;--awb-spacing-right-small:1.92%;--awb-spacing-left-small:1.92%;\"><div class=\"fusion-column-wrapper fusion-column-has-shadow fusion-flex-justify-content-flex-start fusion-content-layout-column\"><div class=\"accordian fusion-accordian\" style=\"--awb-border-size:1px;--awb-icon-size:16px;--awb-content-font-size:var(--awb-typography4-font-size);--awb-icon-alignment:left;--awb-hover-color:var(--awb-color2);--awb-border-color:var(--awb-color3);--awb-background-color:var(--awb-color1);--awb-divider-color:var(--awb-color3);--awb-divider-hover-color:var(--awb-color3);--awb-icon-color:var(--awb-color1);--awb-title-color:var(--awb-color8);--awb-content-color:var(--awb-custom_color_1);--awb-icon-box-color:var(--awb-color8);--awb-toggle-hover-accent-color:rgba(79,146,168,0.99);--awb-title-font-family:&#039;Trebuchet MS&#039;, Helvetica, sans-serif;--awb-title-font-weight:var(--awb-typography1);--awb-title-font-style:normal;--awb-title-font-size:16px;--awb-title-line-height:1.34;--awb-content-font-family:&#039;Trebuchet MS&#039;, Helvetica, sans-serif;--awb-content-font-style:normal;--awb-content-font-weight:400;\"><div class=\"panel-group fusion-toggle-icon-boxed\" id=\"accordion-10290-1\"><div class=\"fusion-panel panel-default panel-61aa89181dc94d4f7 fusion-toggle-no-divider fusion-toggle-boxed-mode\"><div class=\"panel-heading\"><h4 class=\"panel-title toggle\" id=\"toggle_61aa89181dc94d4f7\"><a aria-expanded=\"false\" aria-controls=\"61aa89181dc94d4f7\" role=\"button\" data-toggle=\"collapse\" data-parent=\"#accordion-10290-1\" data-target=\"#61aa89181dc94d4f7\" href=\"#61aa89181dc94d4f7\"><span class=\"fusion-toggle-icon-wrapper\" aria-hidden=\"true\"><i class=\"fa-fusion-box active-icon awb-icon-minus\" aria-hidden=\"true\"><\/i><i class=\"fa-fusion-box inactive-icon awb-icon-plus\" aria-hidden=\"true\"><\/i><\/span><span class=\"fusion-toggle-heading\">Kollaboration und Design<\/span><\/a><\/h4><\/div><div id=\"61aa89181dc94d4f7\" class=\"panel-collapse collapse \" aria-labelledby=\"toggle_61aa89181dc94d4f7\"><div class=\"panel-body toggle-content fusion-clearfix\">\n<p>Unser Unternehmen wurde mit der Realisierung dieses ehrgeizigen Projekts beauftragt. Schon beim ersten Treffen mit den Architekten wurde uns klar, wie wichtig eine integrierte L\u00f6sung ist, die mit dem prestigetr\u00e4chtigen Geb\u00e4ude im Zentrum von Sassari harmoniert. In enger Zusammenarbeit mit dem beauftragten Architekturb\u00fcro haben wir einen ma\u00dfgeschneiderten Vorentwurf erstellt, der die Besonderheiten der Materialien und ihrer Anordnung hervorhebt.<\/p>\n<p>Der Aufzug musste in der Lage sein, Personen effizient zwischen den verschiedenen Etagen des historischen Geb\u00e4udes zu bef\u00f6rdern und dabei die Vorschriften f\u00fcr \u00f6ffentliche Geb\u00e4ude zu erf\u00fcllen. Au\u00dferdem musste er eine Haltestelle auf der Terrasse im obersten Stockwerk bieten, die vor dem Wetter gesch\u00fctzt sein musste. Die gr\u00f6\u00dfte Herausforderung bestand darin, die \u00c4sthetik mit dem historischen Geb\u00e4ude und der allgemeinen Architektur des Viertels in Einklang zu bringen und dabei Materialien zu verwenden, die einen bewohnten Look annehmen k\u00f6nnen, wie z.B. Cortenstahl. Nach einer Reihe von technischen und \u00e4sthetischen Bewertungen haben wir einen Entwurf entwickelt, bei dem der Standardrahmen einer Project Classic-Struktur mit einer funktionalen Verkleidung aus verzinktem Blech verwendet wurde, um die Wasserdichtigkeit zu gew\u00e4hrleisten, sowie eine \u00dcberformung aus Cortenstahl und wei\u00dfem Glas f\u00fcr \u00e4sthetische Zwecke.<\/p>\n<\/div><\/div><\/div><div class=\"fusion-panel panel-default panel-713ae7d5ddd2b6963 fusion-toggle-no-divider fusion-toggle-boxed-mode\"><div class=\"panel-heading\"><h4 class=\"panel-title toggle\" id=\"toggle_713ae7d5ddd2b6963\"><a aria-expanded=\"false\" aria-controls=\"713ae7d5ddd2b6963\" role=\"button\" data-toggle=\"collapse\" data-parent=\"#accordion-10290-1\" data-target=\"#713ae7d5ddd2b6963\" href=\"#713ae7d5ddd2b6963\"><span class=\"fusion-toggle-icon-wrapper\" aria-hidden=\"true\"><i class=\"fa-fusion-box active-icon awb-icon-minus\" aria-hidden=\"true\"><\/i><i class=\"fa-fusion-box inactive-icon awb-icon-plus\" aria-hidden=\"true\"><\/i><\/span><span class=\"fusion-toggle-heading\">Realisierung und Montage<\/span><\/a><\/h4><\/div><div id=\"713ae7d5ddd2b6963\" class=\"panel-collapse collapse \" aria-labelledby=\"toggle_713ae7d5ddd2b6963\"><div class=\"panel-body toggle-content fusion-clearfix\">\n<p>Der Entwurfsprozess erforderte eine enge Zusammenarbeit, wobei 3D-Zeichnungen und Renderings vorgelegt wurden, um die Standorte zu simulieren und die Integration von Farben und zus\u00e4tzlichen Volumen zu bewerten. Jeder Aspekt wurde sorgf\u00e4ltig studiert, um die festgelegte stilistische Wahl zu respektieren. Dabei wurde versucht, alle funktionalen Elemente, die das Design beeintr\u00e4chtigt h\u00e4tten, zu verbergen und nur die unverwechselbaren und koordinierten Elemente zu behalten, die die Umgebung bereichern w\u00fcrden.<\/p>\n<\/div><\/div><\/div><div class=\"fusion-panel panel-default panel-eba6c72e510830c76 fusion-toggle-no-divider fusion-toggle-boxed-mode\"><div class=\"panel-heading\"><h4 class=\"panel-title toggle\" id=\"toggle_eba6c72e510830c76\"><a aria-expanded=\"false\" aria-controls=\"eba6c72e510830c76\" role=\"button\" data-toggle=\"collapse\" data-parent=\"#accordion-10290-1\" data-target=\"#eba6c72e510830c76\" href=\"#eba6c72e510830c76\"><span class=\"fusion-toggle-icon-wrapper\" aria-hidden=\"true\"><i class=\"fa-fusion-box active-icon awb-icon-minus\" aria-hidden=\"true\"><\/i><i class=\"fa-fusion-box inactive-icon awb-icon-plus\" aria-hidden=\"true\"><\/i><\/span><span class=\"fusion-toggle-heading\">Projekt-Komplexit\u00e4t<\/span><\/a><\/h4><\/div><div id=\"eba6c72e510830c76\" class=\"panel-collapse collapse \" aria-labelledby=\"toggle_eba6c72e510830c76\"><div class=\"panel-body toggle-content fusion-clearfix\">\n<p>Die Komplexit\u00e4t des Projekts lag in der Integration von Strukturen und Materialien mit einem wertvollen historischen Geb\u00e4ude. Durch die Verwendung von Cortenstahl konnten wir eine Reihe von Volumina schaffen, die perfekt zusammenpassen und die \u00e4sthetische Qualit\u00e4t erh\u00f6hen. Bei den funktionalen Unterbauten haben wir dagegen verzinkte Blechverkleidungen verwendet, um die Wasserdichtigkeit des Aufzugsschachts zu gew\u00e4hrleisten.<\/p>\n<\/div><\/div><\/div><div class=\"fusion-panel panel-default panel-29ef9f77650ff22af fusion-toggle-no-divider fusion-toggle-boxed-mode\"><div class=\"panel-heading\"><h4 class=\"panel-title toggle\" id=\"toggle_29ef9f77650ff22af\"><a aria-expanded=\"false\" aria-controls=\"29ef9f77650ff22af\" role=\"button\" data-toggle=\"collapse\" data-parent=\"#accordion-10290-1\" data-target=\"#29ef9f77650ff22af\" href=\"#29ef9f77650ff22af\"><span class=\"fusion-toggle-icon-wrapper\" aria-hidden=\"true\"><i class=\"fa-fusion-box active-icon awb-icon-minus\" aria-hidden=\"true\"><\/i><i class=\"fa-fusion-box inactive-icon awb-icon-plus\" aria-hidden=\"true\"><\/i><\/span><span class=\"fusion-toggle-heading\">Installation vor Ort<\/span><\/a><\/h4><\/div><div id=\"29ef9f77650ff22af\" class=\"panel-collapse collapse \" aria-labelledby=\"toggle_29ef9f77650ff22af\"><div class=\"panel-body toggle-content fusion-clearfix\">\n<p>Die Installation der Strukturen begann mit der Verlegung der St\u00fctzstrukturen und der \u00dcberpr\u00fcfung der Ausrichtungen. Die tragenden Komponenten wurden mit Hilfe von Ger\u00fcsten und Hebezeugen transportiert und vor Ort montiert. Pr\u00e4zision war unerl\u00e4sslich, um die perfekte Integration all dieser Strukturen in die umgebende Architektur zu gew\u00e4hrleisten. Um die Zug\u00e4nglichkeit und den Schutz vor den Elementen weiter zu verbessern, wurde ein oberer, wettergesch\u00fctzter und mit Klarglas ausgef\u00fcllter Landebereich integriert. Zum Zeitpunkt der Installation war der Cortenstahl noch nicht ausgereift, so dass dem Erscheinungsbild das charakteristische Aussehen der Oberfl\u00e4chenrostpatina fehlte.<\/p>\n<\/div><\/div><\/div><div class=\"fusion-panel panel-default panel-e4053f2490334e81f fusion-toggle-no-divider fusion-toggle-boxed-mode\"><div class=\"panel-heading\"><h4 class=\"panel-title toggle\" id=\"toggle_e4053f2490334e81f\"><a aria-expanded=\"false\" aria-controls=\"e4053f2490334e81f\" role=\"button\" data-toggle=\"collapse\" data-parent=\"#accordion-10290-1\" data-target=\"#e4053f2490334e81f\" href=\"#e4053f2490334e81f\"><span class=\"fusion-toggle-icon-wrapper\" aria-hidden=\"true\"><i class=\"fa-fusion-box active-icon awb-icon-minus\" aria-hidden=\"true\"><\/i><i class=\"fa-fusion-box inactive-icon awb-icon-plus\" aria-hidden=\"true\"><\/i><\/span><span class=\"fusion-toggle-heading\">Endg\u00fcltiges Ergebnis<\/span><\/a><\/h4><\/div><div id=\"e4053f2490334e81f\" class=\"panel-collapse collapse \" aria-labelledby=\"toggle_e4053f2490334e81f\"><div class=\"panel-body toggle-content fusion-clearfix\">\n<p>Die N\u00e4he zum Meer beg\u00fcnstigte eine schnelle und gleichm\u00e4\u00dfige Aush\u00e4rtung der Rostpatina auf dem Cortenstahl, was dem Aufzug ein unverwechselbares und harmonisches Aussehen verleiht. Durch die Renovierung wurde die Umgebung sehr einladend und funktionell, die betriebliche Effizienz und der architektonische Kontext wurden verbessert. Die Umsetzung erf\u00fcllte nicht nur die technischen Anforderungen, sondern verlieh dem Ganzen durch die richtige Integration einen Hauch von Raffinesse.<\/p>\n<p>Dieses Projekt hat gezeigt, dass wir in der Lage sind, ma\u00dfgeschneiderte L\u00f6sungen zu realisieren, einschlie\u00dflich des Einsatzes spezieller Materialien und Verfahren, die den spezifischen Bed\u00fcrfnissen unserer Kunden entsprechen und gleichzeitig die \u00c4sthetik und das historische Umfeld respektieren, in dem wir t\u00e4tig sind.<\/p>\n<\/div><\/div><\/div><\/div><\/div><\/div><\/div><\/div><\/div><div class=\"fusion-fullwidth fullwidth-box fusion-builder-row-3 fusion-flex-container has-pattern-background has-mask-background nonhundred-percent-fullwidth non-hundred-percent-height-scrolling\" style=\"--awb-border-radius-top-left:0px;--awb-border-radius-top-right:0px;--awb-border-radius-bottom-right:0px;--awb-border-radius-bottom-left:0px;--awb-background-color:var(--awb-color8);--awb-flex-wrap:wrap;\" ><div class=\"fusion-builder-row fusion-row fusion-flex-align-items-flex-start fusion-flex-content-wrap\" style=\"max-width:1320.8px;margin-left: calc(-4% \/ 2 );margin-right: calc(-4% \/ 2 );\"><div class=\"fusion-layout-column fusion_builder_column fusion-builder-column-7 fusion_builder_column_1_1 1_1 fusion-flex-column\" style=\"--awb-bg-size:cover;--awb-width-large:100%;--awb-margin-top-large:25px;--awb-spacing-right-large:1.92%;--awb-margin-bottom-large:25px;--awb-spacing-left-large:1.92%;--awb-width-medium:100%;--awb-order-medium:0;--awb-spacing-right-medium:1.92%;--awb-spacing-left-medium:1.92%;--awb-width-small:100%;--awb-order-small:0;--awb-spacing-right-small:1.92%;--awb-spacing-left-small:1.92%;\"><div class=\"fusion-column-wrapper fusion-column-has-shadow fusion-flex-justify-content-flex-start fusion-content-layout-column\"><div class=\"fusion-image-element \" style=\"text-align:center;--awb-caption-title-font-family:var(--h2_typography-font-family);--awb-caption-title-font-weight:var(--h2_typography-font-weight);--awb-caption-title-font-style:var(--h2_typography-font-style);--awb-caption-title-size:var(--h2_typography-font-size);--awb-caption-title-transform:var(--h2_typography-text-transform);--awb-caption-title-line-height:var(--h2_typography-line-height);--awb-caption-title-letter-spacing:var(--h2_typography-letter-spacing);\"><span class=\" fusion-imageframe imageframe-none imageframe-5 hover-type-none\"><img decoding=\"async\" width=\"1920\" height=\"2560\" title=\"Immagine 11-06-24 &#8211; 14.44 (1)\" src=\"https:\/\/ferrari-associati.com\/wp-content\/uploads\/2024\/06\/Immagine-11-06-24-14.44-1-scaled.jpg\" data-orig-src=\"https:\/\/ferrari-associati.com\/wp-content\/uploads\/2024\/06\/Immagine-11-06-24-14.44-1-scaled.jpg\" alt class=\"lazyload img-responsive wp-image-7715\" srcset=\"data:image\/svg+xml,%3Csvg%20xmlns%3D%27http%3A%2F%2Fwww.w3.org%2F2000%2Fsvg%27%20width%3D%271920%27%20height%3D%272560%27%20viewBox%3D%270%200%201920%202560%27%3E%3Crect%20width%3D%271920%27%20height%3D%272560%27%20fill-opacity%3D%220%22%2F%3E%3C%2Fsvg%3E\" data-srcset=\"https:\/\/ferrari-associati.com\/wp-content\/uploads\/2024\/06\/Immagine-11-06-24-14.44-1-200x267.jpg 200w, https:\/\/ferrari-associati.com\/wp-content\/uploads\/2024\/06\/Immagine-11-06-24-14.44-1-400x533.jpg 400w, https:\/\/ferrari-associati.com\/wp-content\/uploads\/2024\/06\/Immagine-11-06-24-14.44-1-600x800.jpg 600w, https:\/\/ferrari-associati.com\/wp-content\/uploads\/2024\/06\/Immagine-11-06-24-14.44-1-800x1067.jpg 800w, https:\/\/ferrari-associati.com\/wp-content\/uploads\/2024\/06\/Immagine-11-06-24-14.44-1-1200x1600.jpg 1200w, https:\/\/ferrari-associati.com\/wp-content\/uploads\/2024\/06\/Immagine-11-06-24-14.44-1-scaled.jpg 1920w\" data-sizes=\"auto\" data-orig-sizes=\"(max-width: 1024px) 100vw, (max-width: 640px) 100vw, 1920px\" \/><\/span><\/div><\/div><\/div><\/div><\/div><div class=\"fusion-fullwidth fullwidth-box fusion-builder-row-4 fusion-flex-container has-pattern-background has-mask-background nonhundred-percent-fullwidth non-hundred-percent-height-scrolling\" style=\"--awb-border-radius-top-left:0px;--awb-border-radius-top-right:0px;--awb-border-radius-bottom-right:0px;--awb-border-radius-bottom-left:0px;--awb-flex-wrap:wrap;\" ><div class=\"fusion-builder-row fusion-row fusion-flex-align-items-flex-start fusion-flex-content-wrap\" style=\"max-width:1320.8px;margin-left: calc(-4% \/ 2 );margin-right: calc(-4% \/ 2 );\"><div class=\"fusion-layout-column fusion_builder_column fusion-builder-column-8 fusion_builder_column_1_1 1_1 fusion-flex-column\" style=\"--awb-bg-size:cover;--awb-width-large:100%;--awb-margin-top-large:25px;--awb-spacing-right-large:1.92%;--awb-margin-bottom-large:25px;--awb-spacing-left-large:1.92%;--awb-width-medium:100%;--awb-order-medium:0;--awb-spacing-right-medium:1.92%;--awb-spacing-left-medium:1.92%;--awb-width-small:100%;--awb-order-small:0;--awb-spacing-right-small:1.92%;--awb-spacing-left-small:1.92%;\"><div class=\"fusion-column-wrapper fusion-column-has-shadow fusion-flex-justify-content-flex-start fusion-content-layout-column\"><div class=\"fusion-image-element \" style=\"--awb-caption-title-font-family:var(--h2_typography-font-family);--awb-caption-title-font-weight:var(--h2_typography-font-weight);--awb-caption-title-font-style:var(--h2_typography-font-style);--awb-caption-title-size:var(--h2_typography-font-size);--awb-caption-title-transform:var(--h2_typography-text-transform);--awb-caption-title-line-height:var(--h2_typography-line-height);--awb-caption-title-letter-spacing:var(--h2_typography-letter-spacing);\"><span class=\" fusion-imageframe imageframe-none imageframe-6 hover-type-none\"><img decoding=\"async\" width=\"2407\" height=\"1809\" title=\"Immagine 11-06-24 &#8211; 14.44 (4)\" src=\"https:\/\/ferrari-associati.com\/wp-content\/uploads\/2024\/06\/Immagine-11-06-24-14.44-4.jpg\" data-orig-src=\"https:\/\/ferrari-associati.com\/wp-content\/uploads\/2024\/06\/Immagine-11-06-24-14.44-4.jpg\" alt class=\"lazyload img-responsive wp-image-6580\" srcset=\"data:image\/svg+xml,%3Csvg%20xmlns%3D%27http%3A%2F%2Fwww.w3.org%2F2000%2Fsvg%27%20width%3D%272407%27%20height%3D%271809%27%20viewBox%3D%270%200%202407%201809%27%3E%3Crect%20width%3D%272407%27%20height%3D%271809%27%20fill-opacity%3D%220%22%2F%3E%3C%2Fsvg%3E\" data-srcset=\"https:\/\/ferrari-associati.com\/wp-content\/uploads\/2024\/06\/Immagine-11-06-24-14.44-4-200x150.jpg 200w, https:\/\/ferrari-associati.com\/wp-content\/uploads\/2024\/06\/Immagine-11-06-24-14.44-4-400x301.jpg 400w, https:\/\/ferrari-associati.com\/wp-content\/uploads\/2024\/06\/Immagine-11-06-24-14.44-4-600x451.jpg 600w, https:\/\/ferrari-associati.com\/wp-content\/uploads\/2024\/06\/Immagine-11-06-24-14.44-4-800x601.jpg 800w, https:\/\/ferrari-associati.com\/wp-content\/uploads\/2024\/06\/Immagine-11-06-24-14.44-4-1200x902.jpg 1200w, https:\/\/ferrari-associati.com\/wp-content\/uploads\/2024\/06\/Immagine-11-06-24-14.44-4.jpg 2407w\" data-sizes=\"auto\" data-orig-sizes=\"(max-width: 1024px) 100vw, (max-width: 640px) 100vw, 2407px\" \/><\/span><\/div><\/div><\/div><div class=\"fusion-layout-column fusion_builder_column fusion-builder-column-9 fusion_builder_column_1_2 1_2 fusion-flex-column\" style=\"--awb-bg-size:cover;--awb-width-large:50%;--awb-margin-top-large:25px;--awb-spacing-right-large:3.84%;--awb-margin-bottom-large:25px;--awb-spacing-left-large:3.84%;--awb-width-medium:100%;--awb-order-medium:0;--awb-spacing-right-medium:1.92%;--awb-spacing-left-medium:1.92%;--awb-width-small:100%;--awb-order-small:0;--awb-spacing-right-small:1.92%;--awb-spacing-left-small:1.92%;\"><div class=\"fusion-column-wrapper fusion-column-has-shadow fusion-flex-justify-content-flex-start fusion-content-layout-column\"><div class=\"fusion-image-element \" style=\"--awb-caption-title-font-family:var(--h2_typography-font-family);--awb-caption-title-font-weight:var(--h2_typography-font-weight);--awb-caption-title-font-style:var(--h2_typography-font-style);--awb-caption-title-size:var(--h2_typography-font-size);--awb-caption-title-transform:var(--h2_typography-text-transform);--awb-caption-title-line-height:var(--h2_typography-line-height);--awb-caption-title-letter-spacing:var(--h2_typography-letter-spacing);\"><span class=\" fusion-imageframe imageframe-none imageframe-7 hover-type-none\"><img decoding=\"async\" width=\"1536\" height=\"2048\" title=\"Immagine 11-06-24 &#8211; 14.44 (2)\" src=\"https:\/\/ferrari-associati.com\/wp-content\/uploads\/2024\/06\/Immagine-11-06-24-14.44-2.jpg\" data-orig-src=\"https:\/\/ferrari-associati.com\/wp-content\/uploads\/2024\/06\/Immagine-11-06-24-14.44-2.jpg\" alt class=\"lazyload img-responsive wp-image-6590\" srcset=\"data:image\/svg+xml,%3Csvg%20xmlns%3D%27http%3A%2F%2Fwww.w3.org%2F2000%2Fsvg%27%20width%3D%271536%27%20height%3D%272048%27%20viewBox%3D%270%200%201536%202048%27%3E%3Crect%20width%3D%271536%27%20height%3D%272048%27%20fill-opacity%3D%220%22%2F%3E%3C%2Fsvg%3E\" data-srcset=\"https:\/\/ferrari-associati.com\/wp-content\/uploads\/2024\/06\/Immagine-11-06-24-14.44-2-200x267.jpg 200w, https:\/\/ferrari-associati.com\/wp-content\/uploads\/2024\/06\/Immagine-11-06-24-14.44-2-400x533.jpg 400w, https:\/\/ferrari-associati.com\/wp-content\/uploads\/2024\/06\/Immagine-11-06-24-14.44-2-600x800.jpg 600w, https:\/\/ferrari-associati.com\/wp-content\/uploads\/2024\/06\/Immagine-11-06-24-14.44-2-800x1067.jpg 800w, https:\/\/ferrari-associati.com\/wp-content\/uploads\/2024\/06\/Immagine-11-06-24-14.44-2-1200x1600.jpg 1200w, https:\/\/ferrari-associati.com\/wp-content\/uploads\/2024\/06\/Immagine-11-06-24-14.44-2.jpg 1536w\" data-sizes=\"auto\" data-orig-sizes=\"(max-width: 1024px) 100vw, (max-width: 640px) 100vw, 600px\" \/><\/span><\/div><\/div><\/div><div class=\"fusion-layout-column fusion_builder_column fusion-builder-column-10 fusion_builder_column_1_2 1_2 fusion-flex-column\" style=\"--awb-bg-size:cover;--awb-width-large:50%;--awb-margin-top-large:25px;--awb-spacing-right-large:3.84%;--awb-margin-bottom-large:25px;--awb-spacing-left-large:3.84%;--awb-width-medium:100%;--awb-order-medium:0;--awb-spacing-right-medium:1.92%;--awb-spacing-left-medium:1.92%;--awb-width-small:100%;--awb-order-small:0;--awb-spacing-right-small:1.92%;--awb-spacing-left-small:1.92%;\"><div class=\"fusion-column-wrapper fusion-column-has-shadow fusion-flex-justify-content-flex-start fusion-content-layout-column\"><div class=\"fusion-image-element \" style=\"--awb-caption-title-font-family:var(--h2_typography-font-family);--awb-caption-title-font-weight:var(--h2_typography-font-weight);--awb-caption-title-font-style:var(--h2_typography-font-style);--awb-caption-title-size:var(--h2_typography-font-size);--awb-caption-title-transform:var(--h2_typography-text-transform);--awb-caption-title-line-height:var(--h2_typography-line-height);--awb-caption-title-letter-spacing:var(--h2_typography-letter-spacing);\"><span class=\" fusion-imageframe imageframe-none imageframe-8 hover-type-none\"><img decoding=\"async\" width=\"1920\" height=\"2560\" title=\"IMG_0528\" src=\"https:\/\/ferrari-associati.com\/wp-content\/uploads\/2024\/07\/IMG_0528-scaled.jpg\" data-orig-src=\"https:\/\/ferrari-associati.com\/wp-content\/uploads\/2024\/07\/IMG_0528-scaled.jpg\" alt class=\"lazyload img-responsive wp-image-9274\" srcset=\"data:image\/svg+xml,%3Csvg%20xmlns%3D%27http%3A%2F%2Fwww.w3.org%2F2000%2Fsvg%27%20width%3D%271920%27%20height%3D%272560%27%20viewBox%3D%270%200%201920%202560%27%3E%3Crect%20width%3D%271920%27%20height%3D%272560%27%20fill-opacity%3D%220%22%2F%3E%3C%2Fsvg%3E\" data-srcset=\"https:\/\/ferrari-associati.com\/wp-content\/uploads\/2024\/07\/IMG_0528-200x267.jpg 200w, https:\/\/ferrari-associati.com\/wp-content\/uploads\/2024\/07\/IMG_0528-400x533.jpg 400w, https:\/\/ferrari-associati.com\/wp-content\/uploads\/2024\/07\/IMG_0528-600x800.jpg 600w, https:\/\/ferrari-associati.com\/wp-content\/uploads\/2024\/07\/IMG_0528-800x1067.jpg 800w, https:\/\/ferrari-associati.com\/wp-content\/uploads\/2024\/07\/IMG_0528-1200x1600.jpg 1200w, https:\/\/ferrari-associati.com\/wp-content\/uploads\/2024\/07\/IMG_0528-scaled.jpg 1920w\" data-sizes=\"auto\" data-orig-sizes=\"(max-width: 1024px) 100vw, (max-width: 640px) 100vw, 600px\" \/><\/span><\/div><\/div><\/div><div class=\"fusion-layout-column fusion_builder_column fusion-builder-column-11 fusion_builder_column_1_1 1_1 fusion-flex-column\" style=\"--awb-bg-size:cover;--awb-width-large:100%;--awb-margin-top-large:25px;--awb-spacing-right-large:1.92%;--awb-margin-bottom-large:25px;--awb-spacing-left-large:1.92%;--awb-width-medium:100%;--awb-order-medium:0;--awb-spacing-right-medium:1.92%;--awb-spacing-left-medium:1.92%;--awb-width-small:100%;--awb-order-small:0;--awb-spacing-right-small:1.92%;--awb-spacing-left-small:1.92%;\"><div class=\"fusion-column-wrapper fusion-column-has-shadow fusion-flex-justify-content-flex-start fusion-content-layout-column\"><div class=\"fusion-image-element \" style=\"--awb-caption-title-font-family:var(--h2_typography-font-family);--awb-caption-title-font-weight:var(--h2_typography-font-weight);--awb-caption-title-font-style:var(--h2_typography-font-style);--awb-caption-title-size:var(--h2_typography-font-size);--awb-caption-title-transform:var(--h2_typography-text-transform);--awb-caption-title-line-height:var(--h2_typography-line-height);--awb-caption-title-letter-spacing:var(--h2_typography-letter-spacing);\"><span class=\" fusion-imageframe imageframe-none imageframe-9 hover-type-none\"><img decoding=\"async\" width=\"2001\" height=\"1500\" title=\"IMG_0526\" src=\"https:\/\/ferrari-associati.com\/wp-content\/uploads\/2024\/07\/IMG_0526.jpg\" data-orig-src=\"https:\/\/ferrari-associati.com\/wp-content\/uploads\/2024\/07\/IMG_0526.jpg\" alt class=\"lazyload img-responsive wp-image-9402\" srcset=\"data:image\/svg+xml,%3Csvg%20xmlns%3D%27http%3A%2F%2Fwww.w3.org%2F2000%2Fsvg%27%20width%3D%272001%27%20height%3D%271500%27%20viewBox%3D%270%200%202001%201500%27%3E%3Crect%20width%3D%272001%27%20height%3D%271500%27%20fill-opacity%3D%220%22%2F%3E%3C%2Fsvg%3E\" data-srcset=\"https:\/\/ferrari-associati.com\/wp-content\/uploads\/2024\/07\/IMG_0526-200x150.jpg 200w, https:\/\/ferrari-associati.com\/wp-content\/uploads\/2024\/07\/IMG_0526-400x300.jpg 400w, https:\/\/ferrari-associati.com\/wp-content\/uploads\/2024\/07\/IMG_0526-600x450.jpg 600w, https:\/\/ferrari-associati.com\/wp-content\/uploads\/2024\/07\/IMG_0526-800x600.jpg 800w, https:\/\/ferrari-associati.com\/wp-content\/uploads\/2024\/07\/IMG_0526-1200x900.jpg 1200w, https:\/\/ferrari-associati.com\/wp-content\/uploads\/2024\/07\/IMG_0526.jpg 2001w\" data-sizes=\"auto\" data-orig-sizes=\"(max-width: 1024px) 100vw, (max-width: 640px) 100vw, 2001px\" \/><\/span><\/div><\/div><\/div><div class=\"fusion-layout-column fusion_builder_column fusion-builder-column-12 fusion_builder_column_1_2 1_2 fusion-flex-column\" style=\"--awb-bg-size:cover;--awb-width-large:50%;--awb-margin-top-large:25px;--awb-spacing-right-large:3.84%;--awb-margin-bottom-large:25px;--awb-spacing-left-large:3.84%;--awb-width-medium:100%;--awb-order-medium:0;--awb-spacing-right-medium:1.92%;--awb-spacing-left-medium:1.92%;--awb-width-small:100%;--awb-order-small:0;--awb-spacing-right-small:1.92%;--awb-spacing-left-small:1.92%;\"><div class=\"fusion-column-wrapper fusion-column-has-shadow fusion-flex-justify-content-flex-start fusion-content-layout-column\"><div class=\"fusion-image-element \" style=\"--awb-caption-title-font-family:var(--h2_typography-font-family);--awb-caption-title-font-weight:var(--h2_typography-font-weight);--awb-caption-title-font-style:var(--h2_typography-font-style);--awb-caption-title-size:var(--h2_typography-font-size);--awb-caption-title-transform:var(--h2_typography-text-transform);--awb-caption-title-line-height:var(--h2_typography-line-height);--awb-caption-title-letter-spacing:var(--h2_typography-letter-spacing);\"><span class=\" fusion-imageframe imageframe-none imageframe-10 hover-type-none\"><img decoding=\"async\" width=\"1920\" height=\"2560\" title=\"IMG_0133\" src=\"https:\/\/ferrari-associati.com\/wp-content\/uploads\/2024\/07\/IMG_0133-scaled.jpg\" data-orig-src=\"https:\/\/ferrari-associati.com\/wp-content\/uploads\/2024\/07\/IMG_0133-scaled.jpg\" alt class=\"lazyload img-responsive wp-image-9279\" srcset=\"data:image\/svg+xml,%3Csvg%20xmlns%3D%27http%3A%2F%2Fwww.w3.org%2F2000%2Fsvg%27%20width%3D%271920%27%20height%3D%272560%27%20viewBox%3D%270%200%201920%202560%27%3E%3Crect%20width%3D%271920%27%20height%3D%272560%27%20fill-opacity%3D%220%22%2F%3E%3C%2Fsvg%3E\" data-srcset=\"https:\/\/ferrari-associati.com\/wp-content\/uploads\/2024\/07\/IMG_0133-200x267.jpg 200w, https:\/\/ferrari-associati.com\/wp-content\/uploads\/2024\/07\/IMG_0133-400x533.jpg 400w, https:\/\/ferrari-associati.com\/wp-content\/uploads\/2024\/07\/IMG_0133-600x800.jpg 600w, https:\/\/ferrari-associati.com\/wp-content\/uploads\/2024\/07\/IMG_0133-800x1067.jpg 800w, https:\/\/ferrari-associati.com\/wp-content\/uploads\/2024\/07\/IMG_0133-1200x1600.jpg 1200w, https:\/\/ferrari-associati.com\/wp-content\/uploads\/2024\/07\/IMG_0133-scaled.jpg 1920w\" data-sizes=\"auto\" data-orig-sizes=\"(max-width: 1024px) 100vw, (max-width: 640px) 100vw, 600px\" \/><\/span><\/div><\/div><\/div><div class=\"fusion-layout-column fusion_builder_column fusion-builder-column-13 fusion_builder_column_1_2 1_2 fusion-flex-column\" style=\"--awb-bg-size:cover;--awb-width-large:50%;--awb-margin-top-large:25px;--awb-spacing-right-large:3.84%;--awb-margin-bottom-large:25px;--awb-spacing-left-large:3.84%;--awb-width-medium:100%;--awb-order-medium:0;--awb-spacing-right-medium:1.92%;--awb-spacing-left-medium:1.92%;--awb-width-small:100%;--awb-order-small:0;--awb-spacing-right-small:1.92%;--awb-spacing-left-small:1.92%;\"><div class=\"fusion-column-wrapper fusion-column-has-shadow fusion-flex-justify-content-flex-start fusion-content-layout-column\"><div class=\"fusion-image-element \" style=\"--awb-caption-title-font-family:var(--h2_typography-font-family);--awb-caption-title-font-weight:var(--h2_typography-font-weight);--awb-caption-title-font-style:var(--h2_typography-font-style);--awb-caption-title-size:var(--h2_typography-font-size);--awb-caption-title-transform:var(--h2_typography-text-transform);--awb-caption-title-line-height:var(--h2_typography-line-height);--awb-caption-title-letter-spacing:var(--h2_typography-letter-spacing);\"><span class=\" fusion-imageframe imageframe-none imageframe-11 hover-type-none\"><img decoding=\"async\" width=\"1920\" height=\"2560\" title=\"Progetto senza titolo (10)\" src=\"https:\/\/ferrari-associati.com\/wp-content\/uploads\/2024\/07\/Progetto-senza-titolo-10.jpg\" data-orig-src=\"https:\/\/ferrari-associati.com\/wp-content\/uploads\/2024\/07\/Progetto-senza-titolo-10.jpg\" alt class=\"lazyload img-responsive wp-image-9701\" srcset=\"data:image\/svg+xml,%3Csvg%20xmlns%3D%27http%3A%2F%2Fwww.w3.org%2F2000%2Fsvg%27%20width%3D%271920%27%20height%3D%272560%27%20viewBox%3D%270%200%201920%202560%27%3E%3Crect%20width%3D%271920%27%20height%3D%272560%27%20fill-opacity%3D%220%22%2F%3E%3C%2Fsvg%3E\" data-srcset=\"https:\/\/ferrari-associati.com\/wp-content\/uploads\/2024\/07\/Progetto-senza-titolo-10-200x267.jpg 200w, https:\/\/ferrari-associati.com\/wp-content\/uploads\/2024\/07\/Progetto-senza-titolo-10-400x533.jpg 400w, https:\/\/ferrari-associati.com\/wp-content\/uploads\/2024\/07\/Progetto-senza-titolo-10-600x800.jpg 600w, https:\/\/ferrari-associati.com\/wp-content\/uploads\/2024\/07\/Progetto-senza-titolo-10-800x1067.jpg 800w, https:\/\/ferrari-associati.com\/wp-content\/uploads\/2024\/07\/Progetto-senza-titolo-10-1200x1600.jpg 1200w, https:\/\/ferrari-associati.com\/wp-content\/uploads\/2024\/07\/Progetto-senza-titolo-10.jpg 1920w\" data-sizes=\"auto\" data-orig-sizes=\"(max-width: 1024px) 100vw, (max-width: 640px) 100vw, 600px\" \/><\/span><\/div><\/div><\/div><\/div><\/div><div class=\"fusion-fullwidth fullwidth-box fusion-builder-row-5 fusion-flex-container has-pattern-background has-mask-background nonhundred-percent-fullwidth non-hundred-percent-height-scrolling\" style=\"--awb-border-radius-top-left:0px;--awb-border-radius-top-right:0px;--awb-border-radius-bottom-right:0px;--awb-border-radius-bottom-left:0px;--awb-padding-top:3%;--awb-flex-wrap:wrap;\" ><div class=\"fusion-builder-row fusion-row fusion-flex-align-items-flex-start fusion-flex-content-wrap\" style=\"max-width:1320.8px;margin-left: calc(-4% \/ 2 );margin-right: calc(-4% \/ 2 );\"><div class=\"fusion-layout-column fusion_builder_column fusion-builder-column-14 fusion_builder_column_1_1 1_1 fusion-flex-column\" style=\"--awb-bg-size:cover;--awb-width-large:100%;--awb-margin-top-large:25px;--awb-spacing-right-large:1.92%;--awb-margin-bottom-large:25px;--awb-spacing-left-large:1.92%;--awb-width-medium:100%;--awb-order-medium:0;--awb-spacing-right-medium:1.92%;--awb-spacing-left-medium:1.92%;--awb-width-small:100%;--awb-order-small:0;--awb-spacing-right-small:1.92%;--awb-spacing-left-small:1.92%;\"><div class=\"fusion-column-wrapper fusion-column-has-shadow fusion-flex-justify-content-flex-start fusion-content-layout-column\"><div class=\"fusion-title title fusion-title-4 fusion-sep-none fusion-title-text fusion-title-size-three\"><h3 class=\"fusion-title-heading title-heading-left fusion-responsive-typography-calculated\" style=\"font-family:&#039;Trebuchet MS&#039;, Helvetica, sans-serif;font-style:normal;font-weight:400;margin:0;text-transform:uppercase;--fontSize:28;line-height:1.32;\"><strong>ANDERE DURCHGEF\u00dcHRTE PROJEKTE<\/strong><\/h3><\/div><div class=\"fusion-image-carousel fusion-image-carousel-auto fusion-image-carousel-1 custom-carousel\"><div class=\"awb-carousel awb-swiper awb-swiper-carousel\" data-autoplay=\"yes\" data-columns=\"3\" data-itemmargin=\"13\" data-itemwidth=\"180\" data-touchscroll=\"no\" data-imagesize=\"auto\" style=\"--awb-columns:3;\"><div class=\"swiper-wrapper awb-image-carousel-wrapper fusion-flex-align-items-center\"><div class=\"swiper-slide\"><div class=\"fusion-carousel-item-wrapper\"><div class=\"fusion-image-wrapper hover-type-none\"><a href=\"https:\/\/ferrari-associati.com\/de\/durchgefuehrte-projekte\/aufzugsschacht-mit-wendeltreppe\/\" target=\"_self\"><img decoding=\"async\" width=\"1181\" height=\"630\" src=\"https:\/\/ferrari-associati.com\/wp-content\/uploads\/2024\/06\/10-scala-elicoidale.jpg\" class=\"attachment-full size-full lazyload\" alt=\"\" srcset=\"data:image\/svg+xml,%3Csvg%20xmlns%3D%27http%3A%2F%2Fwww.w3.org%2F2000%2Fsvg%27%20width%3D%271181%27%20height%3D%27630%27%20viewBox%3D%270%200%201181%20630%27%3E%3Crect%20width%3D%271181%27%20height%3D%27630%27%20fill-opacity%3D%220%22%2F%3E%3C%2Fsvg%3E\" data-orig-src=\"https:\/\/ferrari-associati.com\/wp-content\/uploads\/2024\/06\/10-scala-elicoidale.jpg\" data-srcset=\"https:\/\/ferrari-associati.com\/wp-content\/uploads\/2024\/06\/10-scala-elicoidale-200x107.jpg 200w, https:\/\/ferrari-associati.com\/wp-content\/uploads\/2024\/06\/10-scala-elicoidale-400x213.jpg 400w, https:\/\/ferrari-associati.com\/wp-content\/uploads\/2024\/06\/10-scala-elicoidale-600x320.jpg 600w, https:\/\/ferrari-associati.com\/wp-content\/uploads\/2024\/06\/10-scala-elicoidale-800x427.jpg 800w, https:\/\/ferrari-associati.com\/wp-content\/uploads\/2024\/06\/10-scala-elicoidale.jpg 1181w\" data-sizes=\"auto\" \/><\/a><\/div><\/div><\/div><div class=\"swiper-slide\"><div class=\"fusion-carousel-item-wrapper\"><div class=\"fusion-image-wrapper hover-type-none\"><a href=\"https:\/\/ferrari-associati.com\/de\/durchgefuehrte-projekte\/projekt-heimatfach\/\" target=\"_self\"><img decoding=\"async\" width=\"1181\" height=\"630\" src=\"https:\/\/ferrari-associati.com\/wp-content\/uploads\/2024\/06\/11-Home-Passerella.jpg\" class=\"attachment-full size-full lazyload\" alt=\"\" srcset=\"data:image\/svg+xml,%3Csvg%20xmlns%3D%27http%3A%2F%2Fwww.w3.org%2F2000%2Fsvg%27%20width%3D%271181%27%20height%3D%27630%27%20viewBox%3D%270%200%201181%20630%27%3E%3Crect%20width%3D%271181%27%20height%3D%27630%27%20fill-opacity%3D%220%22%2F%3E%3C%2Fsvg%3E\" data-orig-src=\"https:\/\/ferrari-associati.com\/wp-content\/uploads\/2024\/06\/11-Home-Passerella.jpg\" data-srcset=\"https:\/\/ferrari-associati.com\/wp-content\/uploads\/2024\/06\/11-Home-Passerella-200x107.jpg 200w, https:\/\/ferrari-associati.com\/wp-content\/uploads\/2024\/06\/11-Home-Passerella-400x213.jpg 400w, https:\/\/ferrari-associati.com\/wp-content\/uploads\/2024\/06\/11-Home-Passerella-600x320.jpg 600w, https:\/\/ferrari-associati.com\/wp-content\/uploads\/2024\/06\/11-Home-Passerella-800x427.jpg 800w, https:\/\/ferrari-associati.com\/wp-content\/uploads\/2024\/06\/11-Home-Passerella.jpg 1181w\" data-sizes=\"auto\" \/><\/a><\/div><\/div><\/div><div class=\"swiper-slide\"><div class=\"fusion-carousel-item-wrapper\"><div class=\"fusion-image-wrapper hover-type-none\"><a href=\"https:\/\/ferrari-associati.com\/de\/durchgefuehrte-projekte\/projekt-eleganz-fach\/\" target=\"_self\"><img decoding=\"async\" width=\"1181\" height=\"630\" src=\"https:\/\/ferrari-associati.com\/wp-content\/uploads\/2024\/06\/12-Elegane.jpg\" class=\"attachment-full size-full lazyload\" alt=\"\" srcset=\"data:image\/svg+xml,%3Csvg%20xmlns%3D%27http%3A%2F%2Fwww.w3.org%2F2000%2Fsvg%27%20width%3D%271181%27%20height%3D%27630%27%20viewBox%3D%270%200%201181%20630%27%3E%3Crect%20width%3D%271181%27%20height%3D%27630%27%20fill-opacity%3D%220%22%2F%3E%3C%2Fsvg%3E\" data-orig-src=\"https:\/\/ferrari-associati.com\/wp-content\/uploads\/2024\/06\/12-Elegane.jpg\" data-srcset=\"https:\/\/ferrari-associati.com\/wp-content\/uploads\/2024\/06\/12-Elegane-200x107.jpg 200w, https:\/\/ferrari-associati.com\/wp-content\/uploads\/2024\/06\/12-Elegane-400x213.jpg 400w, https:\/\/ferrari-associati.com\/wp-content\/uploads\/2024\/06\/12-Elegane-600x320.jpg 600w, https:\/\/ferrari-associati.com\/wp-content\/uploads\/2024\/06\/12-Elegane-800x427.jpg 800w, https:\/\/ferrari-associati.com\/wp-content\/uploads\/2024\/06\/12-Elegane.jpg 1181w\" data-sizes=\"auto\" \/><\/a><\/div><\/div><\/div><div class=\"swiper-slide\"><div class=\"fusion-carousel-item-wrapper\"><div class=\"fusion-image-wrapper hover-type-none\"><a href=\"https:\/\/ferrari-associati.com\/de\/durchgefuehrte-projekte\/projekt-extra-slim-fach\/\" target=\"_self\"><img decoding=\"async\" width=\"1181\" height=\"630\" src=\"https:\/\/ferrari-associati.com\/wp-content\/uploads\/2024\/06\/13-Extra-Slim.jpg\" class=\"attachment-full size-full lazyload\" alt=\"\" srcset=\"data:image\/svg+xml,%3Csvg%20xmlns%3D%27http%3A%2F%2Fwww.w3.org%2F2000%2Fsvg%27%20width%3D%271181%27%20height%3D%27630%27%20viewBox%3D%270%200%201181%20630%27%3E%3Crect%20width%3D%271181%27%20height%3D%27630%27%20fill-opacity%3D%220%22%2F%3E%3C%2Fsvg%3E\" data-orig-src=\"https:\/\/ferrari-associati.com\/wp-content\/uploads\/2024\/06\/13-Extra-Slim.jpg\" data-srcset=\"https:\/\/ferrari-associati.com\/wp-content\/uploads\/2024\/06\/13-Extra-Slim-200x107.jpg 200w, https:\/\/ferrari-associati.com\/wp-content\/uploads\/2024\/06\/13-Extra-Slim-400x213.jpg 400w, https:\/\/ferrari-associati.com\/wp-content\/uploads\/2024\/06\/13-Extra-Slim-600x320.jpg 600w, https:\/\/ferrari-associati.com\/wp-content\/uploads\/2024\/06\/13-Extra-Slim-800x427.jpg 800w, https:\/\/ferrari-associati.com\/wp-content\/uploads\/2024\/06\/13-Extra-Slim.jpg 1181w\" data-sizes=\"auto\" \/><\/a><\/div><\/div><\/div><div class=\"swiper-slide\"><div class=\"fusion-carousel-item-wrapper\"><div class=\"fusion-image-wrapper hover-type-none\"><a href=\"https:\/\/ferrari-associati.com\/de\/durchgefuehrte-projekte\/projekt-rundes-fach\/\" target=\"_self\"><img decoding=\"async\" width=\"1181\" height=\"630\" src=\"https:\/\/ferrari-associati.com\/wp-content\/uploads\/2024\/07\/14-Round.jpg\" class=\"attachment-full size-full lazyload\" alt=\"\" srcset=\"data:image\/svg+xml,%3Csvg%20xmlns%3D%27http%3A%2F%2Fwww.w3.org%2F2000%2Fsvg%27%20width%3D%271181%27%20height%3D%27630%27%20viewBox%3D%270%200%201181%20630%27%3E%3Crect%20width%3D%271181%27%20height%3D%27630%27%20fill-opacity%3D%220%22%2F%3E%3C%2Fsvg%3E\" data-orig-src=\"https:\/\/ferrari-associati.com\/wp-content\/uploads\/2024\/07\/14-Round.jpg\" data-srcset=\"https:\/\/ferrari-associati.com\/wp-content\/uploads\/2024\/07\/14-Round-200x107.jpg 200w, https:\/\/ferrari-associati.com\/wp-content\/uploads\/2024\/07\/14-Round-400x213.jpg 400w, https:\/\/ferrari-associati.com\/wp-content\/uploads\/2024\/07\/14-Round-600x320.jpg 600w, https:\/\/ferrari-associati.com\/wp-content\/uploads\/2024\/07\/14-Round-800x427.jpg 800w, https:\/\/ferrari-associati.com\/wp-content\/uploads\/2024\/07\/14-Round.jpg 1181w\" data-sizes=\"auto\" \/><\/a><\/div><\/div><\/div><div class=\"swiper-slide\"><div class=\"fusion-carousel-item-wrapper\"><div class=\"fusion-image-wrapper hover-type-none\"><a href=\"https:\/\/ferrari-associati.com\/de\/durchgefuehrte-projekte\/projektarbeitskompartiment-in-besonderer-ausfuehrung\/\" target=\"_self\"><img decoding=\"async\" width=\"1181\" height=\"630\" src=\"https:\/\/ferrari-associati.com\/wp-content\/uploads\/2024\/07\/15-Work.jpg\" class=\"attachment-full size-full lazyload\" alt=\"\" srcset=\"data:image\/svg+xml,%3Csvg%20xmlns%3D%27http%3A%2F%2Fwww.w3.org%2F2000%2Fsvg%27%20width%3D%271181%27%20height%3D%27630%27%20viewBox%3D%270%200%201181%20630%27%3E%3Crect%20width%3D%271181%27%20height%3D%27630%27%20fill-opacity%3D%220%22%2F%3E%3C%2Fsvg%3E\" data-orig-src=\"https:\/\/ferrari-associati.com\/wp-content\/uploads\/2024\/07\/15-Work.jpg\" data-srcset=\"https:\/\/ferrari-associati.com\/wp-content\/uploads\/2024\/07\/15-Work-200x107.jpg 200w, https:\/\/ferrari-associati.com\/wp-content\/uploads\/2024\/07\/15-Work-400x213.jpg 400w, https:\/\/ferrari-associati.com\/wp-content\/uploads\/2024\/07\/15-Work-600x320.jpg 600w, https:\/\/ferrari-associati.com\/wp-content\/uploads\/2024\/07\/15-Work-800x427.jpg 800w, https:\/\/ferrari-associati.com\/wp-content\/uploads\/2024\/07\/15-Work.jpg 1181w\" data-sizes=\"auto\" \/><\/a><\/div><\/div><\/div><div class=\"swiper-slide\"><div class=\"fusion-carousel-item-wrapper\"><div class=\"fusion-image-wrapper hover-type-none\"><a href=\"https:\/\/ferrari-associati.com\/de\/durchgefuehrte-projekte\/aufzugsfach-mit-hoher-kapazitaet\/\" target=\"_self\"><img decoding=\"async\" width=\"1181\" height=\"630\" src=\"https:\/\/ferrari-associati.com\/wp-content\/uploads\/2024\/06\/01-elevata-portata-1.jpg\" class=\"attachment-full size-full lazyload\" alt=\"\" srcset=\"data:image\/svg+xml,%3Csvg%20xmlns%3D%27http%3A%2F%2Fwww.w3.org%2F2000%2Fsvg%27%20width%3D%271181%27%20height%3D%27630%27%20viewBox%3D%270%200%201181%20630%27%3E%3Crect%20width%3D%271181%27%20height%3D%27630%27%20fill-opacity%3D%220%22%2F%3E%3C%2Fsvg%3E\" data-orig-src=\"https:\/\/ferrari-associati.com\/wp-content\/uploads\/2024\/06\/01-elevata-portata-1.jpg\" data-srcset=\"https:\/\/ferrari-associati.com\/wp-content\/uploads\/2024\/06\/01-elevata-portata-1-200x107.jpg 200w, https:\/\/ferrari-associati.com\/wp-content\/uploads\/2024\/06\/01-elevata-portata-1-400x213.jpg 400w, https:\/\/ferrari-associati.com\/wp-content\/uploads\/2024\/06\/01-elevata-portata-1-600x320.jpg 600w, https:\/\/ferrari-associati.com\/wp-content\/uploads\/2024\/06\/01-elevata-portata-1-800x427.jpg 800w, https:\/\/ferrari-associati.com\/wp-content\/uploads\/2024\/06\/01-elevata-portata-1.jpg 1181w\" data-sizes=\"auto\" \/><\/a><\/div><\/div><\/div><div class=\"swiper-slide\"><div class=\"fusion-carousel-item-wrapper\"><div class=\"fusion-image-wrapper hover-type-none\"><a href=\"https:\/\/ferrari-associati.com\/de\/durchgefuehrte-projekte\/zylindrisches-liftabteil-mit-wendeltreppe\/\" target=\"_self\"><img decoding=\"async\" width=\"1181\" height=\"630\" src=\"https:\/\/ferrari-associati.com\/wp-content\/uploads\/2024\/06\/02-vano-cilindrico-1.jpg\" class=\"attachment-full size-full lazyload\" alt=\"\" srcset=\"data:image\/svg+xml,%3Csvg%20xmlns%3D%27http%3A%2F%2Fwww.w3.org%2F2000%2Fsvg%27%20width%3D%271181%27%20height%3D%27630%27%20viewBox%3D%270%200%201181%20630%27%3E%3Crect%20width%3D%271181%27%20height%3D%27630%27%20fill-opacity%3D%220%22%2F%3E%3C%2Fsvg%3E\" data-orig-src=\"https:\/\/ferrari-associati.com\/wp-content\/uploads\/2024\/06\/02-vano-cilindrico-1.jpg\" data-srcset=\"https:\/\/ferrari-associati.com\/wp-content\/uploads\/2024\/06\/02-vano-cilindrico-1-200x107.jpg 200w, https:\/\/ferrari-associati.com\/wp-content\/uploads\/2024\/06\/02-vano-cilindrico-1-400x213.jpg 400w, https:\/\/ferrari-associati.com\/wp-content\/uploads\/2024\/06\/02-vano-cilindrico-1-600x320.jpg 600w, https:\/\/ferrari-associati.com\/wp-content\/uploads\/2024\/06\/02-vano-cilindrico-1-800x427.jpg 800w, https:\/\/ferrari-associati.com\/wp-content\/uploads\/2024\/06\/02-vano-cilindrico-1.jpg 1181w\" data-sizes=\"auto\" \/><\/a><\/div><\/div><\/div><div class=\"swiper-slide\"><div class=\"fusion-carousel-item-wrapper\"><div class=\"fusion-image-wrapper hover-type-none\"><a href=\"https:\/\/ferrari-associati.com\/de\/durchgefuehrte-projekte\/aufzugskabine-mit-integrierten-laufstegen\/\" target=\"_self\"><img decoding=\"async\" width=\"1181\" height=\"630\" src=\"https:\/\/ferrari-associati.com\/wp-content\/uploads\/2024\/06\/03-Classic-Passerelle-1.jpg\" class=\"attachment-full size-full lazyload\" alt=\"\" srcset=\"data:image\/svg+xml,%3Csvg%20xmlns%3D%27http%3A%2F%2Fwww.w3.org%2F2000%2Fsvg%27%20width%3D%271181%27%20height%3D%27630%27%20viewBox%3D%270%200%201181%20630%27%3E%3Crect%20width%3D%271181%27%20height%3D%27630%27%20fill-opacity%3D%220%22%2F%3E%3C%2Fsvg%3E\" data-orig-src=\"https:\/\/ferrari-associati.com\/wp-content\/uploads\/2024\/06\/03-Classic-Passerelle-1.jpg\" data-srcset=\"https:\/\/ferrari-associati.com\/wp-content\/uploads\/2024\/06\/03-Classic-Passerelle-1-200x107.jpg 200w, https:\/\/ferrari-associati.com\/wp-content\/uploads\/2024\/06\/03-Classic-Passerelle-1-400x213.jpg 400w, https:\/\/ferrari-associati.com\/wp-content\/uploads\/2024\/06\/03-Classic-Passerelle-1-600x320.jpg 600w, https:\/\/ferrari-associati.com\/wp-content\/uploads\/2024\/06\/03-Classic-Passerelle-1-800x427.jpg 800w, https:\/\/ferrari-associati.com\/wp-content\/uploads\/2024\/06\/03-Classic-Passerelle-1.jpg 1181w\" data-sizes=\"auto\" \/><\/a><\/div><\/div><\/div><div class=\"swiper-slide\"><div class=\"fusion-carousel-item-wrapper\"><div class=\"fusion-image-wrapper hover-type-none\"><a href=\"https:\/\/ferrari-associati.com\/de\/durchgefuehrte-projekte\/aufzugsschaechte-und-treppen\/\" target=\"_self\"><img decoding=\"async\" width=\"1181\" height=\"630\" src=\"https:\/\/ferrari-associati.com\/wp-content\/uploads\/2024\/06\/04-soppalchi-e-scale-1.jpg\" class=\"attachment-full size-full lazyload\" alt=\"\" srcset=\"data:image\/svg+xml,%3Csvg%20xmlns%3D%27http%3A%2F%2Fwww.w3.org%2F2000%2Fsvg%27%20width%3D%271181%27%20height%3D%27630%27%20viewBox%3D%270%200%201181%20630%27%3E%3Crect%20width%3D%271181%27%20height%3D%27630%27%20fill-opacity%3D%220%22%2F%3E%3C%2Fsvg%3E\" data-orig-src=\"https:\/\/ferrari-associati.com\/wp-content\/uploads\/2024\/06\/04-soppalchi-e-scale-1.jpg\" data-srcset=\"https:\/\/ferrari-associati.com\/wp-content\/uploads\/2024\/06\/04-soppalchi-e-scale-1-200x107.jpg 200w, https:\/\/ferrari-associati.com\/wp-content\/uploads\/2024\/06\/04-soppalchi-e-scale-1-400x213.jpg 400w, https:\/\/ferrari-associati.com\/wp-content\/uploads\/2024\/06\/04-soppalchi-e-scale-1-600x320.jpg 600w, https:\/\/ferrari-associati.com\/wp-content\/uploads\/2024\/06\/04-soppalchi-e-scale-1-800x427.jpg 800w, https:\/\/ferrari-associati.com\/wp-content\/uploads\/2024\/06\/04-soppalchi-e-scale-1.jpg 1181w\" data-sizes=\"auto\" \/><\/a><\/div><\/div><\/div><div class=\"swiper-slide\"><div class=\"fusion-carousel-item-wrapper\"><div class=\"fusion-image-wrapper hover-type-none\"><a href=\"https:\/\/ferrari-associati.com\/de\/durchgefuehrte-projekte\/konzept-fuer-showroom-in-mailand\/\" target=\"_self\"><img decoding=\"async\" width=\"1181\" height=\"630\" src=\"https:\/\/ferrari-associati.com\/wp-content\/uploads\/2026\/01\/17-Style.png\" class=\"attachment-full size-full lazyload\" alt=\"\" srcset=\"data:image\/svg+xml,%3Csvg%20xmlns%3D%27http%3A%2F%2Fwww.w3.org%2F2000%2Fsvg%27%20width%3D%271181%27%20height%3D%27630%27%20viewBox%3D%270%200%201181%20630%27%3E%3Crect%20width%3D%271181%27%20height%3D%27630%27%20fill-opacity%3D%220%22%2F%3E%3C%2Fsvg%3E\" data-orig-src=\"https:\/\/ferrari-associati.com\/wp-content\/uploads\/2026\/01\/17-Style.png\" data-srcset=\"https:\/\/ferrari-associati.com\/wp-content\/uploads\/2026\/01\/17-Style-200x107.png 200w, https:\/\/ferrari-associati.com\/wp-content\/uploads\/2026\/01\/17-Style-400x213.png 400w, https:\/\/ferrari-associati.com\/wp-content\/uploads\/2026\/01\/17-Style-600x320.png 600w, https:\/\/ferrari-associati.com\/wp-content\/uploads\/2026\/01\/17-Style-800x427.png 800w, https:\/\/ferrari-associati.com\/wp-content\/uploads\/2026\/01\/17-Style.png 1181w\" data-sizes=\"auto\" \/><\/a><\/div><\/div><\/div><div class=\"swiper-slide\"><div class=\"fusion-carousel-item-wrapper\"><div class=\"fusion-image-wrapper hover-type-none\"><a href=\"https:\/\/ferrari-associati.com\/de\/durchgefuehrte-projekte\/duplex-liftabteil-mit-zusaetzlicher-vorbereitung\/\" target=\"_self\"><img decoding=\"async\" width=\"1181\" height=\"630\" src=\"https:\/\/ferrari-associati.com\/wp-content\/uploads\/2024\/06\/06-Duplex.jpg\" class=\"attachment-full size-full lazyload\" alt=\"\" srcset=\"data:image\/svg+xml,%3Csvg%20xmlns%3D%27http%3A%2F%2Fwww.w3.org%2F2000%2Fsvg%27%20width%3D%271181%27%20height%3D%27630%27%20viewBox%3D%270%200%201181%20630%27%3E%3Crect%20width%3D%271181%27%20height%3D%27630%27%20fill-opacity%3D%220%22%2F%3E%3C%2Fsvg%3E\" data-orig-src=\"https:\/\/ferrari-associati.com\/wp-content\/uploads\/2024\/06\/06-Duplex.jpg\" data-srcset=\"https:\/\/ferrari-associati.com\/wp-content\/uploads\/2024\/06\/06-Duplex-200x107.jpg 200w, https:\/\/ferrari-associati.com\/wp-content\/uploads\/2024\/06\/06-Duplex-400x213.jpg 400w, https:\/\/ferrari-associati.com\/wp-content\/uploads\/2024\/06\/06-Duplex-600x320.jpg 600w, https:\/\/ferrari-associati.com\/wp-content\/uploads\/2024\/06\/06-Duplex-800x427.jpg 800w, https:\/\/ferrari-associati.com\/wp-content\/uploads\/2024\/06\/06-Duplex.jpg 1181w\" data-sizes=\"auto\" \/><\/a><\/div><\/div><\/div><div class=\"swiper-slide\"><div class=\"fusion-carousel-item-wrapper\"><div class=\"fusion-image-wrapper hover-type-none\"><a href=\"https:\/\/ferrari-associati.com\/de\/durchgefuehrte-projekte\/projektartiges-liftabteil-mit-integrierten-laufstegen\/\" target=\"_self\"><img decoding=\"async\" width=\"1181\" height=\"630\" src=\"https:\/\/ferrari-associati.com\/wp-content\/uploads\/2024\/06\/07-Style.jpg\" class=\"attachment-full size-full lazyload\" alt=\"\" srcset=\"data:image\/svg+xml,%3Csvg%20xmlns%3D%27http%3A%2F%2Fwww.w3.org%2F2000%2Fsvg%27%20width%3D%271181%27%20height%3D%27630%27%20viewBox%3D%270%200%201181%20630%27%3E%3Crect%20width%3D%271181%27%20height%3D%27630%27%20fill-opacity%3D%220%22%2F%3E%3C%2Fsvg%3E\" data-orig-src=\"https:\/\/ferrari-associati.com\/wp-content\/uploads\/2024\/06\/07-Style.jpg\" data-srcset=\"https:\/\/ferrari-associati.com\/wp-content\/uploads\/2024\/06\/07-Style-200x107.jpg 200w, https:\/\/ferrari-associati.com\/wp-content\/uploads\/2024\/06\/07-Style-400x213.jpg 400w, https:\/\/ferrari-associati.com\/wp-content\/uploads\/2024\/06\/07-Style-600x320.jpg 600w, https:\/\/ferrari-associati.com\/wp-content\/uploads\/2024\/06\/07-Style-800x427.jpg 800w, https:\/\/ferrari-associati.com\/wp-content\/uploads\/2024\/06\/07-Style.jpg 1181w\" data-sizes=\"auto\" \/><\/a><\/div><\/div><\/div><div class=\"swiper-slide\"><div class=\"fusion-carousel-item-wrapper\"><div class=\"fusion-image-wrapper hover-type-none\"><a href=\"https:\/\/ferrari-associati.com\/de\/durchgefuehrte-projekte\/aufzugsschacht-projekt-vision\/\" target=\"_self\"><img decoding=\"async\" width=\"1181\" height=\"630\" src=\"https:\/\/ferrari-associati.com\/wp-content\/uploads\/2024\/06\/08-vision.jpg\" class=\"attachment-full size-full lazyload\" alt=\"\" srcset=\"data:image\/svg+xml,%3Csvg%20xmlns%3D%27http%3A%2F%2Fwww.w3.org%2F2000%2Fsvg%27%20width%3D%271181%27%20height%3D%27630%27%20viewBox%3D%270%200%201181%20630%27%3E%3Crect%20width%3D%271181%27%20height%3D%27630%27%20fill-opacity%3D%220%22%2F%3E%3C%2Fsvg%3E\" data-orig-src=\"https:\/\/ferrari-associati.com\/wp-content\/uploads\/2024\/06\/08-vision.jpg\" data-srcset=\"https:\/\/ferrari-associati.com\/wp-content\/uploads\/2024\/06\/08-vision-200x107.jpg 200w, https:\/\/ferrari-associati.com\/wp-content\/uploads\/2024\/06\/08-vision-400x213.jpg 400w, https:\/\/ferrari-associati.com\/wp-content\/uploads\/2024\/06\/08-vision-600x320.jpg 600w, https:\/\/ferrari-associati.com\/wp-content\/uploads\/2024\/06\/08-vision-800x427.jpg 800w, https:\/\/ferrari-associati.com\/wp-content\/uploads\/2024\/06\/08-vision.jpg 1181w\" data-sizes=\"auto\" \/><\/a><\/div><\/div><\/div><div class=\"swiper-slide\"><div class=\"fusion-carousel-item-wrapper\"><div class=\"fusion-image-wrapper hover-type-none\"><a href=\"https:\/\/ferrari-associati.com\/de\/durchgefuehrte-projekte\/abteil-fuer-stationen\/\" target=\"_self\"><img decoding=\"async\" width=\"1181\" height=\"630\" src=\"https:\/\/ferrari-associati.com\/wp-content\/uploads\/2024\/06\/09-stazione.jpg\" class=\"attachment-full size-full lazyload\" alt=\"\" srcset=\"data:image\/svg+xml,%3Csvg%20xmlns%3D%27http%3A%2F%2Fwww.w3.org%2F2000%2Fsvg%27%20width%3D%271181%27%20height%3D%27630%27%20viewBox%3D%270%200%201181%20630%27%3E%3Crect%20width%3D%271181%27%20height%3D%27630%27%20fill-opacity%3D%220%22%2F%3E%3C%2Fsvg%3E\" data-orig-src=\"https:\/\/ferrari-associati.com\/wp-content\/uploads\/2024\/06\/09-stazione.jpg\" data-srcset=\"https:\/\/ferrari-associati.com\/wp-content\/uploads\/2024\/06\/09-stazione-200x107.jpg 200w, https:\/\/ferrari-associati.com\/wp-content\/uploads\/2024\/06\/09-stazione-400x213.jpg 400w, https:\/\/ferrari-associati.com\/wp-content\/uploads\/2024\/06\/09-stazione-600x320.jpg 600w, https:\/\/ferrari-associati.com\/wp-content\/uploads\/2024\/06\/09-stazione-800x427.jpg 800w, https:\/\/ferrari-associati.com\/wp-content\/uploads\/2024\/06\/09-stazione.jpg 1181w\" data-sizes=\"auto\" \/><\/a><\/div><\/div><\/div><div class=\"swiper-slide\"><div class=\"fusion-carousel-item-wrapper\"><div class=\"fusion-image-wrapper hover-type-none\"><a href=\"https:\/\/ferrari-associati.com\/de\/durchgefuehrte-projekte\/konzept-fuer-private-villa-in-den-arabischen-emiraten\/\" target=\"_self\"><img decoding=\"async\" width=\"1181\" height=\"630\" src=\"https:\/\/ferrari-associati.com\/wp-content\/uploads\/2026\/01\/16-Style.jpeg\" class=\"attachment-full size-full lazyload\" alt=\"\" srcset=\"data:image\/svg+xml,%3Csvg%20xmlns%3D%27http%3A%2F%2Fwww.w3.org%2F2000%2Fsvg%27%20width%3D%271181%27%20height%3D%27630%27%20viewBox%3D%270%200%201181%20630%27%3E%3Crect%20width%3D%271181%27%20height%3D%27630%27%20fill-opacity%3D%220%22%2F%3E%3C%2Fsvg%3E\" data-orig-src=\"https:\/\/ferrari-associati.com\/wp-content\/uploads\/2026\/01\/16-Style.jpeg\" data-srcset=\"https:\/\/ferrari-associati.com\/wp-content\/uploads\/2026\/01\/16-Style-200x107.jpeg 200w, https:\/\/ferrari-associati.com\/wp-content\/uploads\/2026\/01\/16-Style-400x213.jpeg 400w, https:\/\/ferrari-associati.com\/wp-content\/uploads\/2026\/01\/16-Style-600x320.jpeg 600w, https:\/\/ferrari-associati.com\/wp-content\/uploads\/2026\/01\/16-Style-800x427.jpeg 800w, https:\/\/ferrari-associati.com\/wp-content\/uploads\/2026\/01\/16-Style.jpeg 1181w\" data-sizes=\"auto\" \/><\/a><\/div><\/div><\/div><\/div><div class=\"awb-swiper-button awb-swiper-button-prev\"><i class=\"awb-icon-angle-left\" aria-hidden=\"true\"><\/i><\/div><div class=\"awb-swiper-button awb-swiper-button-next\"><i class=\"awb-icon-angle-right\" aria-hidden=\"true\"><\/i><\/div><\/div><\/div><\/div><\/div><\/div><\/div><\/p>\n","protected":false},"excerpt":{"rendered":"","protected":false},"author":1,"featured_media":0,"parent":10509,"menu_order":0,"comment_status":"closed","ping_status":"closed","template":"100-width.php","meta":{"footnotes":""},"class_list":["post-10290","page","type-page","status-publish","hentry"],"yoast_head":"<!-- This site is optimized with the Yoast SEO plugin v26.6 - https:\/\/yoast.com\/wordpress\/plugins\/seo\/ -->\n<title>Aufzugsschacht aus Cortenstahl - Ferrari e Associati<\/title>\n<meta name=\"robots\" content=\"index, follow, max-snippet:-1, max-image-preview:large, max-video-preview:-1\" \/>\n<link rel=\"canonical\" href=\"https:\/\/ferrari-associati.com\/de\/durchgefuehrte-projekte\/cortenstahl-aufzugskabine\/\" \/>\n<meta property=\"og:locale\" content=\"de_DE\" \/>\n<meta property=\"og:type\" content=\"article\" \/>\n<meta property=\"og:title\" content=\"Aufzugsschacht aus Cortenstahl - Ferrari e Associati\" \/>\n<meta property=\"og:url\" content=\"https:\/\/ferrari-associati.com\/de\/durchgefuehrte-projekte\/cortenstahl-aufzugskabine\/\" \/>\n<meta property=\"og:site_name\" content=\"Ferrari e Associati\" \/>\n<meta property=\"article:modified_time\" content=\"2026-01-02T17:10:58+00:00\" \/>\n<meta name=\"twitter:card\" content=\"summary_large_image\" \/>\n<meta name=\"twitter:label1\" content=\"Gesch\u00e4tzte Lesezeit\" \/>\n\t<meta name=\"twitter:data1\" content=\"40\u00a0Minuten\" \/>\n<script type=\"application\/ld+json\" class=\"yoast-schema-graph\">{\"@context\":\"https:\/\/schema.org\",\"@graph\":[{\"@type\":\"WebPage\",\"@id\":\"https:\/\/ferrari-associati.com\/de\/durchgefuehrte-projekte\/cortenstahl-aufzugskabine\/\",\"url\":\"https:\/\/ferrari-associati.com\/de\/durchgefuehrte-projekte\/cortenstahl-aufzugskabine\/\",\"name\":\"Aufzugsschacht aus Cortenstahl - Ferrari e Associati\",\"isPartOf\":{\"@id\":\"https:\/\/ferrari-associati.com\/de\/#website\"},\"datePublished\":\"2024-06-13T08:41:53+00:00\",\"dateModified\":\"2026-01-02T17:10:58+00:00\",\"breadcrumb\":{\"@id\":\"https:\/\/ferrari-associati.com\/de\/durchgefuehrte-projekte\/cortenstahl-aufzugskabine\/#breadcrumb\"},\"inLanguage\":\"de\",\"potentialAction\":[{\"@type\":\"ReadAction\",\"target\":[\"https:\/\/ferrari-associati.com\/de\/durchgefuehrte-projekte\/cortenstahl-aufzugskabine\/\"]}]},{\"@type\":\"BreadcrumbList\",\"@id\":\"https:\/\/ferrari-associati.com\/de\/durchgefuehrte-projekte\/cortenstahl-aufzugskabine\/#breadcrumb\",\"itemListElement\":[{\"@type\":\"ListItem\",\"position\":1,\"name\":\"Home\",\"item\":\"https:\/\/ferrari-associati.com\/de\/homepage\/\"},{\"@type\":\"ListItem\",\"position\":2,\"name\":\"Durchgef\u00fchrte Projekte\",\"item\":\"https:\/\/ferrari-associati.com\/de\/durchgefuehrte-projekte\/\"},{\"@type\":\"ListItem\",\"position\":3,\"name\":\"Aufzugsschacht aus Cortenstahl\"}]},{\"@type\":\"WebSite\",\"@id\":\"https:\/\/ferrari-associati.com\/de\/#website\",\"url\":\"https:\/\/ferrari-associati.com\/de\/\",\"name\":\"Ferrari e Associati\",\"description\":\"\",\"publisher\":{\"@id\":\"https:\/\/ferrari-associati.com\/de\/#organization\"},\"potentialAction\":[{\"@type\":\"SearchAction\",\"target\":{\"@type\":\"EntryPoint\",\"urlTemplate\":\"https:\/\/ferrari-associati.com\/de\/?s={search_term_string}\"},\"query-input\":{\"@type\":\"PropertyValueSpecification\",\"valueRequired\":true,\"valueName\":\"search_term_string\"}}],\"inLanguage\":\"de\"},{\"@type\":\"Organization\",\"@id\":\"https:\/\/ferrari-associati.com\/de\/#organization\",\"name\":\"Ferrari e Associati\",\"url\":\"https:\/\/ferrari-associati.com\/de\/\",\"logo\":{\"@type\":\"ImageObject\",\"inLanguage\":\"de\",\"@id\":\"https:\/\/ferrari-associati.com\/de\/#\/schema\/logo\/image\/\",\"url\":\"https:\/\/ferrari-associati.com\/wp-content\/uploads\/2024\/05\/00SimboloLogo-FerrariAssociati-sfondo-trasparente.png\",\"contentUrl\":\"https:\/\/ferrari-associati.com\/wp-content\/uploads\/2024\/05\/00SimboloLogo-FerrariAssociati-sfondo-trasparente.png\",\"width\":855,\"height\":1124,\"caption\":\"Ferrari e Associati\"},\"image\":{\"@id\":\"https:\/\/ferrari-associati.com\/de\/#\/schema\/logo\/image\/\"}}]}<\/script>\n<!-- \/ Yoast SEO plugin. -->","yoast_head_json":{"title":"Aufzugsschacht aus Cortenstahl - Ferrari e Associati","robots":{"index":"index","follow":"follow","max-snippet":"max-snippet:-1","max-image-preview":"max-image-preview:large","max-video-preview":"max-video-preview:-1"},"canonical":"https:\/\/ferrari-associati.com\/de\/durchgefuehrte-projekte\/cortenstahl-aufzugskabine\/","og_locale":"de_DE","og_type":"article","og_title":"Aufzugsschacht aus Cortenstahl - Ferrari e Associati","og_url":"https:\/\/ferrari-associati.com\/de\/durchgefuehrte-projekte\/cortenstahl-aufzugskabine\/","og_site_name":"Ferrari e Associati","article_modified_time":"2026-01-02T17:10:58+00:00","twitter_card":"summary_large_image","twitter_misc":{"Gesch\u00e4tzte Lesezeit":"40\u00a0Minuten"},"schema":{"@context":"https:\/\/schema.org","@graph":[{"@type":"WebPage","@id":"https:\/\/ferrari-associati.com\/de\/durchgefuehrte-projekte\/cortenstahl-aufzugskabine\/","url":"https:\/\/ferrari-associati.com\/de\/durchgefuehrte-projekte\/cortenstahl-aufzugskabine\/","name":"Aufzugsschacht aus Cortenstahl - Ferrari e Associati","isPartOf":{"@id":"https:\/\/ferrari-associati.com\/de\/#website"},"datePublished":"2024-06-13T08:41:53+00:00","dateModified":"2026-01-02T17:10:58+00:00","breadcrumb":{"@id":"https:\/\/ferrari-associati.com\/de\/durchgefuehrte-projekte\/cortenstahl-aufzugskabine\/#breadcrumb"},"inLanguage":"de","potentialAction":[{"@type":"ReadAction","target":["https:\/\/ferrari-associati.com\/de\/durchgefuehrte-projekte\/cortenstahl-aufzugskabine\/"]}]},{"@type":"BreadcrumbList","@id":"https:\/\/ferrari-associati.com\/de\/durchgefuehrte-projekte\/cortenstahl-aufzugskabine\/#breadcrumb","itemListElement":[{"@type":"ListItem","position":1,"name":"Home","item":"https:\/\/ferrari-associati.com\/de\/homepage\/"},{"@type":"ListItem","position":2,"name":"Durchgef\u00fchrte Projekte","item":"https:\/\/ferrari-associati.com\/de\/durchgefuehrte-projekte\/"},{"@type":"ListItem","position":3,"name":"Aufzugsschacht aus Cortenstahl"}]},{"@type":"WebSite","@id":"https:\/\/ferrari-associati.com\/de\/#website","url":"https:\/\/ferrari-associati.com\/de\/","name":"Ferrari e Associati","description":"","publisher":{"@id":"https:\/\/ferrari-associati.com\/de\/#organization"},"potentialAction":[{"@type":"SearchAction","target":{"@type":"EntryPoint","urlTemplate":"https:\/\/ferrari-associati.com\/de\/?s={search_term_string}"},"query-input":{"@type":"PropertyValueSpecification","valueRequired":true,"valueName":"search_term_string"}}],"inLanguage":"de"},{"@type":"Organization","@id":"https:\/\/ferrari-associati.com\/de\/#organization","name":"Ferrari e Associati","url":"https:\/\/ferrari-associati.com\/de\/","logo":{"@type":"ImageObject","inLanguage":"de","@id":"https:\/\/ferrari-associati.com\/de\/#\/schema\/logo\/image\/","url":"https:\/\/ferrari-associati.com\/wp-content\/uploads\/2024\/05\/00SimboloLogo-FerrariAssociati-sfondo-trasparente.png","contentUrl":"https:\/\/ferrari-associati.com\/wp-content\/uploads\/2024\/05\/00SimboloLogo-FerrariAssociati-sfondo-trasparente.png","width":855,"height":1124,"caption":"Ferrari e Associati"},"image":{"@id":"https:\/\/ferrari-associati.com\/de\/#\/schema\/logo\/image\/"}}]}},"_links":{"self":[{"href":"https:\/\/ferrari-associati.com\/de\/wp-json\/wp\/v2\/pages\/10290","targetHints":{"allow":["GET"]}}],"collection":[{"href":"https:\/\/ferrari-associati.com\/de\/wp-json\/wp\/v2\/pages"}],"about":[{"href":"https:\/\/ferrari-associati.com\/de\/wp-json\/wp\/v2\/types\/page"}],"author":[{"embeddable":true,"href":"https:\/\/ferrari-associati.com\/de\/wp-json\/wp\/v2\/users\/1"}],"replies":[{"embeddable":true,"href":"https:\/\/ferrari-associati.com\/de\/wp-json\/wp\/v2\/comments?post=10290"}],"version-history":[{"count":14,"href":"https:\/\/ferrari-associati.com\/de\/wp-json\/wp\/v2\/pages\/10290\/revisions"}],"predecessor-version":[{"id":14884,"href":"https:\/\/ferrari-associati.com\/de\/wp-json\/wp\/v2\/pages\/10290\/revisions\/14884"}],"up":[{"embeddable":true,"href":"https:\/\/ferrari-associati.com\/de\/wp-json\/wp\/v2\/pages\/10509"}],"wp:attachment":[{"href":"https:\/\/ferrari-associati.com\/de\/wp-json\/wp\/v2\/media?parent=10290"}],"curies":[{"name":"wp","href":"https:\/\/api.w.org\/{rel}","templated":true}]}}